{"id":3837,"date":"2023-10-13T09:43:24","date_gmt":"2023-10-13T07:43:24","guid":{"rendered":"https:\/\/wp2.ihk-nuernberg.de\/ihk-gastrowelt\/?page_id=3837"},"modified":"2023-10-17T12:40:19","modified_gmt":"2023-10-17T10:40:19","slug":"weiterbildungen","status":"publish","type":"page","link":"https:\/\/wp2.ihk-nuernberg.de\/ihk-gastrowelt\/weiterbildungen\/","title":{"rendered":"Weiterbildungen"},"content":{"rendered":"<p><div class=\"fusion-fullwidth fullwidth-box fusion-builder-row-1 fusion-flex-container has-pattern-background has-mask-background nonhundred-percent-fullwidth non-hundred-percent-height-scrolling\" style=\"--awb-border-radius-top-left:0px;--awb-border-radius-top-right:0px;--awb-border-radius-bottom-right:0px;--awb-border-radius-bottom-left:0px;--awb-flex-wrap:wrap;\" ><div class=\"fusion-builder-row fusion-row fusion-flex-align-items-flex-start fusion-flex-content-wrap\" style=\"max-width:1248px;margin-left: calc(-4% \/ 2 );margin-right: calc(-4% \/ 2 );\"><div class=\"fusion-layout-column fusion_builder_column fusion-builder-column-0 fusion_builder_column_1_1 1_1 fusion-flex-column\" style=\"--awb-bg-size:cover;--awb-width-large:100%;--awb-margin-top-large:0px;--awb-spacing-right-large:1.92%;--awb-margin-bottom-large:20px;--awb-spacing-left-large:1.92%;--awb-width-medium:100%;--awb-order-medium:0;--awb-spacing-right-medium:1.92%;--awb-spacing-left-medium:1.92%;--awb-width-small:100%;--awb-order-small:0;--awb-spacing-right-small:1.92%;--awb-spacing-left-small:1.92%;\"><div class=\"fusion-column-wrapper fusion-column-has-shadow fusion-flex-justify-content-flex-start fusion-content-layout-column\"><div class=\"fusion-title title fusion-title-1 fusion-sep-none fusion-title-text fusion-title-size-two\" style=\"--awb-margin-top-small:10px;--awb-margin-right-small:0px;--awb-margin-bottom-small:10px;--awb-margin-left-small:0px;\"><h2 class=\"fusion-title-heading title-heading-left\" style=\"margin:0;\">Weiterbildungen<\/h2><\/div><\/div><\/div><div class=\"fusion-layout-column fusion_builder_column fusion-builder-column-1 fusion_builder_column_3_5 3_5 fusion-flex-column\" style=\"--awb-bg-size:cover;--awb-width-large:60%;--awb-margin-top-large:0px;--awb-spacing-right-large:3.2%;--awb-margin-bottom-large:20px;--awb-spacing-left-large:3.2%;--awb-width-medium:60%;--awb-order-medium:0;--awb-spacing-right-medium:3.2%;--awb-spacing-left-medium:3.2%;--awb-width-small:100%;--awb-order-small:0;--awb-spacing-right-small:1.92%;--awb-spacing-left-small:1.92%;\"><div class=\"fusion-column-wrapper fusion-column-has-shadow fusion-flex-justify-content-flex-start fusion-content-layout-column\"><div class=\"fusion-text fusion-text-1\"><p><strong>Weiterbildung zahlt sich aus!<\/strong><\/p>\n<p>Arbeitnehmer erh\u00f6hen ihre Berufschancen, Unternehmen k\u00f6nnen auf qualifizierte Fachkr\u00e4fte z\u00e4hlen. Das kommt unserer sch\u00f6nen Region zugute. Deshalb unterst\u00fctzt die IHK-Gastrowelt Sie aktiv in Ihren Weiterbildungsabsichten. Finden Sie direkt hier in der Gastrowelt die Weiterbildung oder das vertiefende Seminar, was zu Ihnen passt!<\/p>\n<\/div><\/div><\/div><div class=\"fusion-layout-column fusion_builder_column fusion-builder-column-2 fusion_builder_column_2_5 2_5 fusion-flex-column\" style=\"--awb-bg-size:cover;--awb-width-large:40%;--awb-margin-top-large:0px;--awb-spacing-right-large:4.8%;--awb-margin-bottom-large:20px;--awb-spacing-left-large:4.8%;--awb-width-medium:40%;--awb-order-medium:0;--awb-spacing-right-medium:4.8%;--awb-spacing-left-medium:4.8%;--awb-width-small:100%;--awb-order-small:0;--awb-spacing-right-small:1.92%;--awb-spacing-left-small:1.92%;\"><div class=\"fusion-column-wrapper fusion-column-has-shadow fusion-flex-justify-content-flex-start fusion-content-layout-column\"><div class=\"fusion-image-element sm-text-align-center\" style=\"text-align:right;--awb-margin-bottom:30px;--awb-caption-title-font-family:var(--h2_typography-font-family);--awb-caption-title-font-weight:var(--h2_typography-font-weight);--awb-caption-title-font-style:var(--h2_typography-font-style);--awb-caption-title-size:var(--h2_typography-font-size);--awb-caption-title-transform:var(--h2_typography-text-transform);--awb-caption-title-line-height:var(--h2_typography-line-height);--awb-caption-title-letter-spacing:var(--h2_typography-letter-spacing);\"><span class=\" fusion-imageframe imageframe-none imageframe-1 hover-type-none\" style=\"border-radius:9px;\"><img decoding=\"async\" width=\"300\" height=\"190\" src=\"http:\/\/wp2.ihk-nuernberg.de\/ihk-gastrowelt\/wp-content\/uploads\/sites\/20\/2023\/05\/GettyImages-dorian2013-1134453208-300x190.jpg\" alt class=\"img-responsive wp-image-3338\" srcset=\"https:\/\/wp2.ihk-nuernberg.de\/ihk-gastrowelt\/wp-content\/uploads\/sites\/20\/2023\/05\/GettyImages-dorian2013-1134453208-200x126.jpg 200w, https:\/\/wp2.ihk-nuernberg.de\/ihk-gastrowelt\/wp-content\/uploads\/sites\/20\/2023\/05\/GettyImages-dorian2013-1134453208-400x253.jpg 400w, https:\/\/wp2.ihk-nuernberg.de\/ihk-gastrowelt\/wp-content\/uploads\/sites\/20\/2023\/05\/GettyImages-dorian2013-1134453208-600x379.jpg 600w, https:\/\/wp2.ihk-nuernberg.de\/ihk-gastrowelt\/wp-content\/uploads\/sites\/20\/2023\/05\/GettyImages-dorian2013-1134453208-800x506.jpg 800w, https:\/\/wp2.ihk-nuernberg.de\/ihk-gastrowelt\/wp-content\/uploads\/sites\/20\/2023\/05\/GettyImages-dorian2013-1134453208-1200x759.jpg 1200w, https:\/\/wp2.ihk-nuernberg.de\/ihk-gastrowelt\/wp-content\/uploads\/sites\/20\/2023\/05\/GettyImages-dorian2013-1134453208-scaled.jpg 2560w\" sizes=\"(max-width: 640px) 100vw, 600px\" \/><\/span><\/div><\/div><\/div><\/div><\/div><div class=\"fusion-fullwidth fullwidth-box fusion-builder-row-2 fusion-flex-container has-pattern-background has-mask-background nonhundred-percent-fullwidth non-hundred-percent-height-scrolling weiterbildungsboxen\" style=\"--awb-border-radius-top-left:0px;--awb-border-radius-top-right:0px;--awb-border-radius-bottom-right:0px;--awb-border-radius-bottom-left:0px;--awb-flex-wrap:wrap;\" ><div class=\"fusion-builder-row fusion-row fusion-flex-align-items-flex-start fusion-flex-content-wrap\" style=\"max-width:1248px;margin-left: calc(-4% \/ 2 );margin-right: calc(-4% \/ 2 );\"><div class=\"fusion-layout-column fusion_builder_column fusion-builder-column-3 fusion_builder_column_1_1 1_1 fusion-flex-column\" style=\"--awb-padding-top:10px;--awb-padding-right:10px;--awb-padding-bottom:10px;--awb-padding-left:10px;--awb-overflow:hidden;--awb-bg-size:cover;--awb-border-color:#b1b3b4;--awb-border-top:1px;--awb-border-right:1px;--awb-border-bottom:1px;--awb-border-left:1px;--awb-border-style:solid;--awb-border-radius:9px 9px 9px 9px;--awb-width-large:100%;--awb-margin-top-large:0px;--awb-spacing-right-large:1.92%;--awb-margin-bottom-large:20px;--awb-spacing-left-large:1.92%;--awb-width-medium:100%;--awb-order-medium:0;--awb-spacing-right-medium:1.92%;--awb-spacing-left-medium:1.92%;--awb-width-small:100%;--awb-order-small:0;--awb-spacing-right-small:1.92%;--awb-spacing-left-small:1.92%;\"><div class=\"fusion-column-wrapper fusion-column-has-shadow fusion-flex-justify-content-center fusion-content-layout-column\"><div class=\"fusion-title title fusion-title-2 fusion-sep-none fusion-title-text fusion-title-size-three\" style=\"--awb-margin-top-small:10px;--awb-margin-right-small:0px;--awb-margin-bottom-small:10px;--awb-margin-left-small:0px;\"><h3 class=\"fusion-title-heading title-heading-left\" style=\"margin:0;\">Basiswissen in der Gastronomie \u2013 K\u00fcche<\/h3><\/div><div class=\"fusion-text fusion-text-2\"><p>Schulung f\u00fcr angehende Mitarbeiter*innen in der K\u00fcche. Wie lagere ich Lebensmittel fachgerecht, welche Hygieneregeln muss ich beachten und wie arbeite ich sicher mit dem K\u00fcchenmesser? In diesem eint\u00e4gigen Seminar vermitteln wir wichtige Grundkenntnisse f\u00fcr den erfolgreichen Quereinstieg in die Gastronomie.<\/p>\n<\/div><div ><a class=\"fusion-button button-flat fusion-button-default-size button-custom fusion-button-default button-1 fusion-button-default-span fusion-button-default-type\" style=\"--button_accent_color:#ffffff;--button_accent_hover_color:var(--awb-color1);--button_border_hover_color:var(--awb-color1);--button_gradient_top_color:#009ed4;--button_gradient_bottom_color:#009ed4;--button_gradient_top_color_hover:#003366;--button_gradient_bottom_color_hover:#003366;\" target=\"_blank\" rel=\"noopener noreferrer\" href=\"https:\/\/www.ihk-akademie-mittelfranken.de\/w\/5105\"><span class=\"fusion-button-text awb-button__text awb-button__text--default\">Weitere Informationen<\/span><\/a><\/div><\/div><\/div><div class=\"fusion-layout-column fusion_builder_column fusion-builder-column-4 fusion_builder_column_1_1 1_1 fusion-flex-column\" style=\"--awb-padding-top:10px;--awb-padding-right:10px;--awb-padding-bottom:10px;--awb-padding-left:10px;--awb-overflow:hidden;--awb-bg-size:cover;--awb-border-color:#b1b3b4;--awb-border-top:1px;--awb-border-right:1px;--awb-border-bottom:1px;--awb-border-left:1px;--awb-border-style:solid;--awb-border-radius:9px 9px 9px 9px;--awb-width-large:100%;--awb-margin-top-large:0px;--awb-spacing-right-large:1.92%;--awb-margin-bottom-large:20px;--awb-spacing-left-large:1.92%;--awb-width-medium:100%;--awb-order-medium:0;--awb-spacing-right-medium:1.92%;--awb-spacing-left-medium:1.92%;--awb-width-small:100%;--awb-order-small:0;--awb-spacing-right-small:1.92%;--awb-spacing-left-small:1.92%;\"><div class=\"fusion-column-wrapper fusion-column-has-shadow fusion-flex-justify-content-center fusion-content-layout-column\"><div class=\"fusion-title title fusion-title-3 fusion-sep-none fusion-title-text fusion-title-size-three\" style=\"--awb-margin-top-small:10px;--awb-margin-right-small:0px;--awb-margin-bottom-small:10px;--awb-margin-left-small:0px;\"><h3 class=\"fusion-title-heading title-heading-left\" style=\"margin:0;\">Basiswissen in der Gastronomie \u2013 Service<\/h3><\/div><div class=\"fusion-text fusion-text-3\"><p>Schulung f\u00fcr angehende Mitarbeiter*innen in der Gastronomie. In diesem Seminar vermitteln wir Ihnen wichtige Grundregeln f\u00fcr das Arbeiten im Service, den Umgang mit Ihren G\u00e4sten und wie Sie auch schwierige Situationen meistern k\u00f6nnen!<\/p>\n<\/div><div ><a class=\"fusion-button button-flat fusion-button-default-size button-custom fusion-button-default button-2 fusion-button-default-span fusion-button-default-type\" style=\"--button_accent_color:#ffffff;--button_accent_hover_color:var(--awb-color1);--button_border_hover_color:var(--awb-color1);--button_gradient_top_color:#009ed4;--button_gradient_bottom_color:#009ed4;--button_gradient_top_color_hover:#003366;--button_gradient_bottom_color_hover:#003366;\" target=\"_blank\" rel=\"noopener noreferrer\" href=\"https:\/\/www.ihk-akademie-mittelfranken.de\/w\/5104\"><span class=\"fusion-button-text awb-button__text awb-button__text--default\">Weitere Informationen<\/span><\/a><\/div><\/div><\/div><div class=\"fusion-layout-column fusion_builder_column fusion-builder-column-5 fusion_builder_column_1_1 1_1 fusion-flex-column\" style=\"--awb-padding-top:10px;--awb-padding-right:10px;--awb-padding-bottom:10px;--awb-padding-left:10px;--awb-overflow:hidden;--awb-bg-size:cover;--awb-border-color:#b1b3b4;--awb-border-top:1px;--awb-border-right:1px;--awb-border-bottom:1px;--awb-border-left:1px;--awb-border-style:solid;--awb-border-radius:9px 9px 9px 9px;--awb-width-large:100%;--awb-margin-top-large:0px;--awb-spacing-right-large:1.92%;--awb-margin-bottom-large:20px;--awb-spacing-left-large:1.92%;--awb-width-medium:100%;--awb-order-medium:0;--awb-spacing-right-medium:1.92%;--awb-spacing-left-medium:1.92%;--awb-width-small:100%;--awb-order-small:0;--awb-spacing-right-small:1.92%;--awb-spacing-left-small:1.92%;\"><div class=\"fusion-column-wrapper fusion-column-has-shadow fusion-flex-justify-content-center fusion-content-layout-column\"><div class=\"fusion-title title fusion-title-4 fusion-sep-none fusion-title-text fusion-title-size-three\" style=\"--awb-margin-top-small:10px;--awb-margin-right-small:0px;--awb-margin-bottom-small:10px;--awb-margin-left-small:0px;\"><h3 class=\"fusion-title-heading title-heading-left\" style=\"margin:0;\">Basiswissen in der Gastronomie \u2013 Deutsch als Fremdsprache<\/h3><\/div><div class=\"fusion-text fusion-text-4\"><p>Wer in der Gastronomie arbeitet wei\u00df: Die Kommunikation mit dem Gast und mit den Kollegen sind das A und O. Dabei ist es nicht nur wichtig, die deutsche Sprache zu beherrschen, sondern auch &#8222;die Sprache des Gastes&#8220; zu sprechen, damit er\/sie zufrieden nach Hause geht. In unserem Tagesseminar besch\u00e4ftigen wir uns mit typischen kommunikativen Situationen aus dem Berufsalltag in der Gastronomie.<\/p>\n<\/div><div ><a class=\"fusion-button button-flat fusion-button-default-size button-custom fusion-button-default button-3 fusion-button-default-span fusion-button-default-type\" style=\"--button_accent_color:#ffffff;--button_accent_hover_color:var(--awb-color1);--button_border_hover_color:var(--awb-color1);--button_gradient_top_color:#009ed4;--button_gradient_bottom_color:#009ed4;--button_gradient_top_color_hover:#003366;--button_gradient_bottom_color_hover:#003366;\" target=\"_blank\" rel=\"noopener noreferrer\" href=\"https:\/\/www.ihk-akademie-mittelfranken.de\/w\/5107\"><span class=\"fusion-button-text awb-button__text awb-button__text--default\">Weitere Informationen<\/span><\/a><\/div><\/div><\/div><div class=\"fusion-layout-column fusion_builder_column fusion-builder-column-6 fusion_builder_column_1_1 1_1 fusion-flex-column\" style=\"--awb-padding-top:10px;--awb-padding-right:10px;--awb-padding-bottom:10px;--awb-padding-left:10px;--awb-overflow:hidden;--awb-bg-size:cover;--awb-border-color:#b1b3b4;--awb-border-top:1px;--awb-border-right:1px;--awb-border-bottom:1px;--awb-border-left:1px;--awb-border-style:solid;--awb-border-radius:9px 9px 9px 9px;--awb-width-large:100%;--awb-margin-top-large:0px;--awb-spacing-right-large:1.92%;--awb-margin-bottom-large:20px;--awb-spacing-left-large:1.92%;--awb-width-medium:100%;--awb-order-medium:0;--awb-spacing-right-medium:1.92%;--awb-spacing-left-medium:1.92%;--awb-width-small:100%;--awb-order-small:0;--awb-spacing-right-small:1.92%;--awb-spacing-left-small:1.92%;\"><div class=\"fusion-column-wrapper fusion-column-has-shadow fusion-flex-justify-content-center fusion-content-layout-column\"><div class=\"fusion-title title fusion-title-5 fusion-sep-none fusion-title-text fusion-title-size-three\" style=\"--awb-margin-top-small:10px;--awb-margin-right-small:0px;--awb-margin-bottom-small:10px;--awb-margin-left-small:0px;\"><h3 class=\"fusion-title-heading title-heading-left\" style=\"margin:0;\">Kalkulation in der Gastronomie &#8211; Grundlagen<\/h3><\/div><div class=\"fusion-text fusion-text-5\"><p>Die korrekte Preiskal\u00adku\u00adla\u00adti\u00adon von Speisen und Getr\u00e4nken ist ein wesentli\u00adcher Bestandteil der Wirtschaft\u00adlich\u00adkeit in der Gastronomie. Doch welche Kosten verbergen sich hinter dem Gemeinkos\u00adten\u00adzu\u00adschlag und wie wird dieser \u00fcberhaupt ermittelt? Wie wird das Speisenan\u00adge\u00adbot rechneri\u00adsch richtig kalkuliert? In diesem Seminar erkennen Sie die Wichtigkeit der Kalkulation von Speisen und Getr\u00e4nken sowie von Men\u00fcs!<\/p>\n<\/div><div ><a class=\"fusion-button button-flat fusion-button-default-size button-custom fusion-button-default button-4 fusion-button-default-span fusion-button-default-type\" style=\"--button_accent_color:#ffffff;--button_accent_hover_color:var(--awb-color1);--button_border_hover_color:var(--awb-color1);--button_gradient_top_color:#009ed4;--button_gradient_bottom_color:#009ed4;--button_gradient_top_color_hover:#003366;--button_gradient_bottom_color_hover:#003366;\" target=\"_blank\" rel=\"noopener noreferrer\" href=\"https:\/\/www.ihk-akademie-mittelfranken.de\/w\/5102\"><span class=\"fusion-button-text awb-button__text awb-button__text--default\">Weitere Informationen<\/span><\/a><\/div><\/div><\/div><div class=\"fusion-layout-column fusion_builder_column fusion-builder-column-7 fusion_builder_column_1_1 1_1 fusion-flex-column\" style=\"--awb-padding-top:10px;--awb-padding-right:10px;--awb-padding-bottom:10px;--awb-padding-left:10px;--awb-overflow:hidden;--awb-bg-size:cover;--awb-border-color:#b1b3b4;--awb-border-top:1px;--awb-border-right:1px;--awb-border-bottom:1px;--awb-border-left:1px;--awb-border-style:solid;--awb-border-radius:9px 9px 9px 9px;--awb-width-large:100%;--awb-margin-top-large:0px;--awb-spacing-right-large:1.92%;--awb-margin-bottom-large:20px;--awb-spacing-left-large:1.92%;--awb-width-medium:100%;--awb-order-medium:0;--awb-spacing-right-medium:1.92%;--awb-spacing-left-medium:1.92%;--awb-width-small:100%;--awb-order-small:0;--awb-spacing-right-small:1.92%;--awb-spacing-left-small:1.92%;\"><div class=\"fusion-column-wrapper fusion-column-has-shadow fusion-flex-justify-content-center fusion-content-layout-column\"><div class=\"fusion-title title fusion-title-6 fusion-sep-none fusion-title-text fusion-title-size-three\" style=\"--awb-margin-top-small:10px;--awb-margin-right-small:0px;--awb-margin-bottom-small:10px;--awb-margin-left-small:0px;\"><h3 class=\"fusion-title-heading title-heading-left\" style=\"margin:0;\">\u00dcberbetriebliche Ausbildung \u2013 Koch\/K\u00f6chin<\/h3><\/div><div class=\"fusion-text fusion-text-6\"><p>Auszubildende werden bei ihrer Vorbereitung auf die praktischen F\u00e4cher der Abschlusspr\u00fcfung zielgerichtet unterst\u00fctzt. Kenntnisse zu den wichtigsten Themen der Pr\u00fcfungsf\u00e4cher werden anhand konkreter Aufgabenstellungen gefestigt und vertieft.<\/p>\n<\/div><div ><a class=\"fusion-button button-flat fusion-button-default-size button-custom fusion-button-default button-5 fusion-button-default-span fusion-button-default-type\" style=\"--button_accent_color:#ffffff;--button_accent_hover_color:var(--awb-color1);--button_border_hover_color:var(--awb-color1);--button_gradient_top_color:#009ed4;--button_gradient_bottom_color:#009ed4;--button_gradient_top_color_hover:#003366;--button_gradient_bottom_color_hover:#003366;\" target=\"_blank\" rel=\"noopener noreferrer\" href=\"https:\/\/www.ihk-akademie-mittelfranken.de\/w\/5205\"><span class=\"fusion-button-text awb-button__text awb-button__text--default\">Weitere Informationen<\/span><\/a><\/div><\/div><\/div><div class=\"fusion-layout-column fusion_builder_column fusion-builder-column-8 fusion_builder_column_1_1 1_1 fusion-flex-column\" style=\"--awb-padding-top:10px;--awb-padding-right:10px;--awb-padding-bottom:10px;--awb-padding-left:10px;--awb-overflow:hidden;--awb-bg-size:cover;--awb-border-color:#b1b3b4;--awb-border-top:1px;--awb-border-right:1px;--awb-border-bottom:1px;--awb-border-left:1px;--awb-border-style:solid;--awb-border-radius:9px 9px 9px 9px;--awb-width-large:100%;--awb-margin-top-large:0px;--awb-spacing-right-large:1.92%;--awb-margin-bottom-large:20px;--awb-spacing-left-large:1.92%;--awb-width-medium:100%;--awb-order-medium:0;--awb-spacing-right-medium:1.92%;--awb-spacing-left-medium:1.92%;--awb-width-small:100%;--awb-order-small:0;--awb-spacing-right-small:1.92%;--awb-spacing-left-small:1.92%;\"><div class=\"fusion-column-wrapper fusion-column-has-shadow fusion-flex-justify-content-center fusion-content-layout-column\"><div class=\"fusion-title title fusion-title-7 fusion-sep-none fusion-title-text fusion-title-size-three\" style=\"--awb-margin-top-small:10px;--awb-margin-right-small:0px;--awb-margin-bottom-small:10px;--awb-margin-left-small:0px;\"><h3 class=\"fusion-title-heading title-heading-left\" style=\"margin:0;\">Pr\u00fcfungsvorbereitung K\u00fcchenmeister\/in<\/h3><\/div><div class=\"fusion-text fusion-text-7\"><p>Die Pr\u00fcfungsvorbereitung f\u00fcr angehende K\u00fcchenmeisterinnen und K\u00fcchenmeister ist ein wichtiger Schritt, um erfolgreich die Abschlusspr\u00fcfung zu bestehen. Das Seminar umfasst eine praktische Pr\u00fcfungssimulation unter Wettkampfbedingungen. Ein professionelles Pr\u00fcfungsvorbereitungsseminar kann dabei helfen, die Pr\u00fcfungsangst zu reduzieren und die Erfolgschancen zu erh\u00f6hen.<\/p>\n<\/div><div ><a class=\"fusion-button button-flat fusion-button-default-size button-custom fusion-button-default button-6 fusion-button-default-span fusion-button-default-type\" style=\"--button_accent_color:#ffffff;--button_accent_hover_color:var(--awb-color1);--button_border_hover_color:var(--awb-color1);--button_gradient_top_color:#009ed4;--button_gradient_bottom_color:#009ed4;--button_gradient_top_color_hover:#003366;--button_gradient_bottom_color_hover:#003366;\" target=\"_blank\" rel=\"noopener noreferrer\" href=\"https:\/\/www.ihk-akademie-mittelfranken.de\/w\/5205\"><span class=\"fusion-button-text awb-button__text awb-button__text--default\">Weitere Informationen<\/span><\/a><\/div><\/div><\/div><div class=\"fusion-layout-column fusion_builder_column fusion-builder-column-9 fusion_builder_column_1_1 1_1 fusion-flex-column\" style=\"--awb-padding-top:10px;--awb-padding-right:10px;--awb-padding-bottom:10px;--awb-padding-left:10px;--awb-overflow:hidden;--awb-bg-size:cover;--awb-border-color:#b1b3b4;--awb-border-top:1px;--awb-border-right:1px;--awb-border-bottom:1px;--awb-border-left:1px;--awb-border-style:solid;--awb-border-radius:9px 9px 9px 9px;--awb-width-large:100%;--awb-margin-top-large:0px;--awb-spacing-right-large:1.92%;--awb-margin-bottom-large:20px;--awb-spacing-left-large:1.92%;--awb-width-medium:100%;--awb-order-medium:0;--awb-spacing-right-medium:1.92%;--awb-spacing-left-medium:1.92%;--awb-width-small:100%;--awb-order-small:0;--awb-spacing-right-small:1.92%;--awb-spacing-left-small:1.92%;\"><div class=\"fusion-column-wrapper fusion-column-has-shadow fusion-flex-justify-content-center fusion-content-layout-column\"><div class=\"fusion-title title fusion-title-8 fusion-sep-none fusion-title-text fusion-title-size-three\" style=\"--awb-margin-top-small:10px;--awb-margin-right-small:0px;--awb-margin-bottom-small:10px;--awb-margin-left-small:0px;\"><h3 class=\"fusion-title-heading title-heading-left\" style=\"margin:0;\">\u00dcberbetriebliche Ausbildung \u2013 Hotel- und Restaurant\u00adfachleute<\/h3><\/div><div class=\"fusion-text fusion-text-8\"><p>Auszubildende werden bei ihrer Vorbereitung auf die praktischen F\u00e4cher der Abschlusspr\u00fcfung zielgerichtet unterst\u00fctzt. Kenntnisse zu den wichtigsten Themen der Pr\u00fcfungsf\u00e4cher werden anhand konkreter Aufgabenstellungen gefestigt und vertieft.<\/p>\n<\/div><div ><a class=\"fusion-button button-flat fusion-button-default-size button-custom fusion-button-default button-7 fusion-button-default-span fusion-button-default-type\" style=\"--button_accent_color:#ffffff;--button_accent_hover_color:var(--awb-color1);--button_border_hover_color:var(--awb-color1);--button_gradient_top_color:#009ed4;--button_gradient_bottom_color:#009ed4;--button_gradient_top_color_hover:#003366;--button_gradient_bottom_color_hover:#003366;\" target=\"_blank\" rel=\"noopener noreferrer\" href=\"https:\/\/www.ihk-akademie-mittelfranken.de\/w\/5209\"><span class=\"fusion-button-text awb-button__text awb-button__text--default\">Weitere Informationen<\/span><\/a><\/div><\/div><\/div><div class=\"fusion-layout-column fusion_builder_column fusion-builder-column-10 fusion_builder_column_1_1 1_1 fusion-flex-column\" style=\"--awb-padding-top:10px;--awb-padding-right:10px;--awb-padding-bottom:10px;--awb-padding-left:10px;--awb-overflow:hidden;--awb-bg-size:cover;--awb-border-color:#b1b3b4;--awb-border-top:1px;--awb-border-right:1px;--awb-border-bottom:1px;--awb-border-left:1px;--awb-border-style:solid;--awb-border-radius:9px 9px 9px 9px;--awb-width-large:100%;--awb-margin-top-large:0px;--awb-spacing-right-large:1.92%;--awb-margin-bottom-large:20px;--awb-spacing-left-large:1.92%;--awb-width-medium:100%;--awb-order-medium:0;--awb-spacing-right-medium:1.92%;--awb-spacing-left-medium:1.92%;--awb-width-small:100%;--awb-order-small:0;--awb-spacing-right-small:1.92%;--awb-spacing-left-small:1.92%;\"><div class=\"fusion-column-wrapper fusion-column-has-shadow fusion-flex-justify-content-center fusion-content-layout-column\"><div class=\"fusion-title title fusion-title-9 fusion-sep-none fusion-title-text fusion-title-size-three\" style=\"--awb-margin-top-small:10px;--awb-margin-right-small:0px;--awb-margin-bottom-small:10px;--awb-margin-left-small:0px;\"><h3 class=\"fusion-title-heading title-heading-left\" style=\"margin:0;\">Hygienemanagement f\u00fcr Housekeeping\/Wellness\/Spa<\/h3><\/div><div class=\"fusion-text fusion-text-9\"><p>Um ein individuelles HACCP System mit Eigenkontrollmanagement und der gesamten digitalen Dokumentation inkl. aller notwendigen Reinigungspl\u00e4ne, Desinfektionspl\u00e4ne aufzubauen oder zu erg\u00e4nzen, ist es notwendig alle relevanten Punkte in der Risiko- und Gef\u00e4hrdungsbeurteilung einzubeziehen. Ziel es ist es, alle relevanten Bereiche mit einzubeziehen und zu strukturieren.<\/p>\n<\/div><div ><a class=\"fusion-button button-flat fusion-button-default-size button-custom fusion-button-default button-8 fusion-button-default-span fusion-button-default-type\" style=\"--button_accent_color:#ffffff;--button_accent_hover_color:var(--awb-color1);--button_border_hover_color:var(--awb-color1);--button_gradient_top_color:#009ed4;--button_gradient_bottom_color:#009ed4;--button_gradient_top_color_hover:#003366;--button_gradient_bottom_color_hover:#003366;\" target=\"_blank\" rel=\"noopener noreferrer\" href=\"https:\/\/www.ihk-akademie-mittelfranken.de\/w\/5111\"><span class=\"fusion-button-text awb-button__text awb-button__text--default\">Weitere Informationen<\/span><\/a><\/div><\/div><\/div><div class=\"fusion-layout-column fusion_builder_column fusion-builder-column-11 fusion_builder_column_1_1 1_1 fusion-flex-column\" style=\"--awb-padding-top:10px;--awb-padding-right:10px;--awb-padding-bottom:10px;--awb-padding-left:10px;--awb-overflow:hidden;--awb-bg-size:cover;--awb-border-color:#b1b3b4;--awb-border-top:1px;--awb-border-right:1px;--awb-border-bottom:1px;--awb-border-left:1px;--awb-border-style:solid;--awb-border-radius:9px 9px 9px 9px;--awb-width-large:100%;--awb-margin-top-large:0px;--awb-spacing-right-large:1.92%;--awb-margin-bottom-large:20px;--awb-spacing-left-large:1.92%;--awb-width-medium:100%;--awb-order-medium:0;--awb-spacing-right-medium:1.92%;--awb-spacing-left-medium:1.92%;--awb-width-small:100%;--awb-order-small:0;--awb-spacing-right-small:1.92%;--awb-spacing-left-small:1.92%;\"><div class=\"fusion-column-wrapper fusion-column-has-shadow fusion-flex-justify-content-center fusion-content-layout-column\"><div class=\"fusion-title title fusion-title-10 fusion-sep-none fusion-title-text fusion-title-size-three\" style=\"--awb-margin-top-small:10px;--awb-margin-right-small:0px;--awb-margin-bottom-small:10px;--awb-margin-left-small:0px;\"><h3 class=\"fusion-title-heading title-heading-left\" style=\"margin:0;\">E-Tourism Manager (IHK)<\/h3><\/div><div class=\"fusion-text fusion-text-10\"><p>Die Absolventen des Lehrgangs kennen Chancen und M\u00f6glichkeiten des E-Tourism. Sie lernen digitale Kommunikations- und Informationsmuster kennen. Mit diesem Wissen sind Sie in der Lage, Ihr Unternehmen dabei zu unterst\u00fctzen, zus\u00e4tzliche Vermarktungsm\u00f6glichkeiten zu erschlie\u00dfen.<\/p>\n<\/div><div ><a class=\"fusion-button button-flat fusion-button-default-size button-custom fusion-button-default button-9 fusion-button-default-span fusion-button-default-type\" style=\"--button_accent_color:#ffffff;--button_accent_hover_color:var(--awb-color1);--button_border_hover_color:var(--awb-color1);--button_gradient_top_color:#009ed4;--button_gradient_bottom_color:#009ed4;--button_gradient_top_color_hover:#003366;--button_gradient_bottom_color_hover:#003366;\" target=\"_blank\" rel=\"noopener noreferrer\" href=\"https:\/\/www.ihk-akademie-mittelfranken.de\/w\/5033\"><span class=\"fusion-button-text awb-button__text awb-button__text--default\">Weitere Informationen<\/span><\/a><\/div><\/div><\/div><div class=\"fusion-layout-column fusion_builder_column fusion-builder-column-12 fusion_builder_column_1_1 1_1 fusion-flex-column\" style=\"--awb-padding-top:10px;--awb-padding-right:10px;--awb-padding-bottom:10px;--awb-padding-left:10px;--awb-overflow:hidden;--awb-bg-size:cover;--awb-border-color:#b1b3b4;--awb-border-top:1px;--awb-border-right:1px;--awb-border-bottom:1px;--awb-border-left:1px;--awb-border-style:solid;--awb-border-radius:9px 9px 9px 9px;--awb-width-large:100%;--awb-margin-top-large:0px;--awb-spacing-right-large:1.92%;--awb-margin-bottom-large:20px;--awb-spacing-left-large:1.92%;--awb-width-medium:100%;--awb-order-medium:0;--awb-spacing-right-medium:1.92%;--awb-spacing-left-medium:1.92%;--awb-width-small:100%;--awb-order-small:0;--awb-spacing-right-small:1.92%;--awb-spacing-left-small:1.92%;\"><div class=\"fusion-column-wrapper fusion-column-has-shadow fusion-flex-justify-content-center fusion-content-layout-column\"><div class=\"fusion-title title fusion-title-11 fusion-sep-none fusion-title-text fusion-title-size-three\" style=\"--awb-margin-top-small:10px;--awb-margin-right-small:0px;--awb-margin-bottom-small:10px;--awb-margin-left-small:0px;\"><h3 class=\"fusion-title-heading title-heading-left\" style=\"margin:0;\">Gem\u00fcsek\u00fcche \u2013 zeitgem\u00e4\u00df, kreativ und vegan!<\/h3><\/div><div class=\"fusion-text fusion-text-11\"><p>Die vegetarische K\u00fcche gewinnt immer mehr an Bedeutung: viele Menschen entscheiden sich aus den unterschiedlichsten Gr\u00fcnden f\u00fcr eine fleischlose Ern\u00e4hrung. Aber auch die Nachfrage nach veganer K\u00fcche steigt. Um hierf\u00fcr gut aufgestellt zu sein, m\u00fcssen K\u00f6che \u00fcber das entsprechende Wissen verf\u00fcgen \u2013 angefangen bei Grundlagen der Ern\u00e4hrung \u00fcber Lebensmittelunvertr\u00e4glichkeiten bis hin zu entsprechenden Rezepten. Im Zertifikatslehrgang \u201eVegetarische und vegane K\u00fcche (IHK)\u201c erg\u00e4nzen sich theoretisches Wissen und praktische Umsetzung. Die Teilnehmer erfahren, wie vegetarische\/vegane Speisen und Men\u00fcs zusammengestellt werden, im praktischen Teil k\u00f6nnen sie ihr Wissen und ihre Ideen mit unseren Experten testen.<\/p>\n<\/div><div ><a class=\"fusion-button button-flat fusion-button-default-size button-custom fusion-button-default button-10 fusion-button-default-span fusion-button-default-type\" style=\"--button_accent_color:#ffffff;--button_accent_hover_color:var(--awb-color1);--button_border_hover_color:var(--awb-color1);--button_gradient_top_color:#009ed4;--button_gradient_bottom_color:#009ed4;--button_gradient_top_color_hover:#003366;--button_gradient_bottom_color_hover:#003366;\" target=\"_blank\" rel=\"noopener noreferrer\" href=\"https:\/\/www.ihk-akademie-mittelfranken.de\/w\/5112\"><span class=\"fusion-button-text awb-button__text awb-button__text--default\">Weitere Informationen<\/span><\/a><\/div><\/div><\/div><div class=\"fusion-layout-column fusion_builder_column fusion-builder-column-13 fusion_builder_column_1_1 1_1 fusion-flex-column\" style=\"--awb-padding-top:10px;--awb-padding-right:10px;--awb-padding-bottom:10px;--awb-padding-left:10px;--awb-overflow:hidden;--awb-bg-size:cover;--awb-border-color:#b1b3b4;--awb-border-top:1px;--awb-border-right:1px;--awb-border-bottom:1px;--awb-border-left:1px;--awb-border-style:solid;--awb-border-radius:9px 9px 9px 9px;--awb-width-large:100%;--awb-margin-top-large:0px;--awb-spacing-right-large:1.92%;--awb-margin-bottom-large:20px;--awb-spacing-left-large:1.92%;--awb-width-medium:100%;--awb-order-medium:0;--awb-spacing-right-medium:1.92%;--awb-spacing-left-medium:1.92%;--awb-width-small:100%;--awb-order-small:0;--awb-spacing-right-small:1.92%;--awb-spacing-left-small:1.92%;\"><div class=\"fusion-column-wrapper fusion-column-has-shadow fusion-flex-justify-content-center fusion-content-layout-column\"><div class=\"fusion-title title fusion-title-12 fusion-sep-none fusion-title-text fusion-title-size-three\" style=\"--awb-margin-top-small:10px;--awb-margin-right-small:0px;--awb-margin-bottom-small:10px;--awb-margin-left-small:0px;\"><h3 class=\"fusion-title-heading title-heading-left\" style=\"margin:0;\">Gepr\u00fcfte\/r Di\u00e4tk\u00f6chin\/Di\u00e4tkoch<\/h3><\/div><div class=\"fusion-text fusion-text-12\"><p>F\u00fcr Di\u00e4tk\u00f6che gibt es heutzutage ein vielf\u00e4ltiges Besch\u00e4ftigungsfeld: Neben den klassischen Einsatzgebieten wie Krankenh\u00e4usern und Rehakliniken tr\u00e4gt der Di\u00e4tkoch\/k\u00f6chin nunmehr auch in der Gastronomie, z. B. in Wellness- und Biohotels, sowie in Einrichtungen der Gemeinschaftsverpflegung wie Schulen, Senioreneinrichtungen, Betreuungsst\u00e4tten und Betrieben zu einer gesundheitsf\u00f6rdernden und abwechlungsreichen K\u00fcche bei. Medizinische Kenntnisse auf Grundlagenniveau sollen dazu dienen, erfolgreich disziplin\u00fcbergreifend zu kommunizieren und Fachinformationen gezielt verarbeiten zu k\u00f6nnen. Zum modernen Funktionsbild des Di\u00e4tkochs geh\u00f6rt ebenso, die Ern\u00e4hrungsbildung und -erziehung durch kochtechnische Beratungen und Veranstaltungen zu unterst\u00fctzen.<\/p>\n<\/div><div ><a class=\"fusion-button button-flat fusion-button-default-size button-custom fusion-button-default button-11 fusion-button-default-span fusion-button-default-type\" style=\"--button_accent_color:#ffffff;--button_accent_hover_color:var(--awb-color1);--button_border_hover_color:var(--awb-color1);--button_gradient_top_color:#009ed4;--button_gradient_bottom_color:#009ed4;--button_gradient_top_color_hover:#003366;--button_gradient_bottom_color_hover:#003366;\" target=\"_blank\" rel=\"noopener noreferrer\" href=\"https:\/\/www.ihk-akademie-mittelfranken.de\/w\/5004\"><span class=\"fusion-button-text awb-button__text awb-button__text--default\">Weitere Informationen<\/span><\/a><\/div><\/div><\/div><div class=\"fusion-layout-column fusion_builder_column fusion-builder-column-14 fusion_builder_column_1_1 1_1 fusion-flex-column\" style=\"--awb-padding-top:10px;--awb-padding-right:10px;--awb-padding-bottom:10px;--awb-padding-left:10px;--awb-overflow:hidden;--awb-bg-size:cover;--awb-border-color:#b1b3b4;--awb-border-top:1px;--awb-border-right:1px;--awb-border-bottom:1px;--awb-border-left:1px;--awb-border-style:solid;--awb-border-radius:9px 9px 9px 9px;--awb-width-large:100%;--awb-margin-top-large:0px;--awb-spacing-right-large:1.92%;--awb-margin-bottom-large:20px;--awb-spacing-left-large:1.92%;--awb-width-medium:100%;--awb-order-medium:0;--awb-spacing-right-medium:1.92%;--awb-spacing-left-medium:1.92%;--awb-width-small:100%;--awb-order-small:0;--awb-spacing-right-small:1.92%;--awb-spacing-left-small:1.92%;\"><div class=\"fusion-column-wrapper fusion-column-has-shadow fusion-flex-justify-content-center fusion-content-layout-column\"><div class=\"fusion-title title fusion-title-13 fusion-sep-none fusion-title-text fusion-title-size-three\" style=\"--awb-margin-top-small:10px;--awb-margin-right-small:0px;--awb-margin-bottom-small:10px;--awb-margin-left-small:0px;\"><h3 class=\"fusion-title-heading title-heading-left\" style=\"margin:0;\">Gepr\u00fcfte\/r K\u00fcchenmeister\/in Vollzeit + Teilzeit<\/h3><\/div><div class=\"fusion-text fusion-text-13\"><p>Als Gepr\u00fcfte\/r K\u00fcchenmeister\/in erwerben Sie sich beste Voraussetzungen als Koch\/K\u00f6chin. Diese Weiterbildung vermittelt Ihnen ein fundiertes Fachwissen und wirtschaftsbezogene Qualifikationen, die Sie bef\u00e4higen, einen gastronomischen und gro\u00dfen K\u00fcchenbetrieb erfolgreich zu organisieren und wirtschaftlich zu f\u00fchren. Sie erlernen von Meisterk\u00f6chen grundlegendes Handwerk und Geschmackssicherheit und eignen sich zudem Fachwissen \u00fcber die Historie der Grand Cuisine, aber auch \u00fcber aktuelle Trends an. Als ausgebildete\/r K\u00fcchenmeister\/in verf\u00fcgen Sie \u00fcber ein fundiertes Know-how \u00fcber das klassische K\u00fcchenhandwerk, aber auch z.B. \u00fcber einen nachhaltigen Wareneinkauf. Diese Fortbildung l\u00e4sst sie im Betrieb professionell agieren und sch\u00e4rft Ihr Profil f\u00fcr den Arbeitsmarkt.<\/p>\n<\/div><div ><a class=\"fusion-button button-flat fusion-button-default-size button-custom fusion-button-default button-12 fusion-button-default-span fusion-button-default-type\" style=\"--button_accent_color:#ffffff;--button_accent_hover_color:var(--awb-color1);--button_border_hover_color:var(--awb-color1);--button_gradient_top_color:#009ed4;--button_gradient_bottom_color:#009ed4;--button_gradient_top_color_hover:#003366;--button_gradient_bottom_color_hover:#003366;\" target=\"_blank\" rel=\"noopener noreferrer\" href=\"https:\/\/www.ihk-akademie-mittelfranken.de\/w\/5001\"><span class=\"fusion-button-text awb-button__text awb-button__text--default\">Weitere Informationen<\/span><\/a><\/div><\/div><\/div><div class=\"fusion-layout-column fusion_builder_column fusion-builder-column-15 fusion_builder_column_1_1 1_1 fusion-flex-column\" style=\"--awb-padding-top:10px;--awb-padding-right:10px;--awb-padding-bottom:10px;--awb-padding-left:10px;--awb-overflow:hidden;--awb-bg-size:cover;--awb-border-color:#b1b3b4;--awb-border-top:1px;--awb-border-right:1px;--awb-border-bottom:1px;--awb-border-left:1px;--awb-border-style:solid;--awb-border-radius:9px 9px 9px 9px;--awb-width-large:100%;--awb-margin-top-large:0px;--awb-spacing-right-large:1.92%;--awb-margin-bottom-large:20px;--awb-spacing-left-large:1.92%;--awb-width-medium:100%;--awb-order-medium:0;--awb-spacing-right-medium:1.92%;--awb-spacing-left-medium:1.92%;--awb-width-small:100%;--awb-order-small:0;--awb-spacing-right-small:1.92%;--awb-spacing-left-small:1.92%;\"><div class=\"fusion-column-wrapper fusion-column-has-shadow fusion-flex-justify-content-center fusion-content-layout-column\"><div class=\"fusion-title title fusion-title-14 fusion-sep-none fusion-title-text fusion-title-size-three\" style=\"--awb-margin-top-small:10px;--awb-margin-right-small:0px;--awb-margin-bottom-small:10px;--awb-margin-left-small:0px;\"><h3 class=\"fusion-title-heading title-heading-left\" style=\"margin:0;\">HACCP \u2013 Das 1&#215;1 in der Gastronomie<\/h3><\/div><div class=\"fusion-text fusion-text-14\"><p>Um ein individuelles HACCP System mit Eigenkontrollmanagement und der gesamten digitalen Dokumentation inkl. aller notwendigen Reinigungspl\u00e4ne, Desinfektionspl\u00e4ne aufzubauen oder zu erg\u00e4nzen, ist es notwendig alle relevanten Punkte in der Risiko- und Gef\u00e4hrdungsbeurteilung einzubeziehen. Ziel es ist es vom Wareneingang bis zur Essenausgabe, von der Personaleinweisung, \u00fcber Schulungen und Ger\u00e4temanagement, vom Service \u00fcber die K\u00fcche bis zum Housekeeping-Bereich alle zu strukturieren und im HACCP System zu erfassen.<\/p>\n<\/div><div ><a class=\"fusion-button button-flat fusion-button-default-size button-custom fusion-button-default button-13 fusion-button-default-span fusion-button-default-type\" style=\"--button_accent_color:#ffffff;--button_accent_hover_color:var(--awb-color1);--button_border_hover_color:var(--awb-color1);--button_gradient_top_color:#009ed4;--button_gradient_bottom_color:#009ed4;--button_gradient_top_color_hover:#003366;--button_gradient_bottom_color_hover:#003366;\" target=\"_blank\" rel=\"noopener noreferrer\" href=\"https:\/\/www.ihk-akademie-mittelfranken.de\/w\/5110\"><span class=\"fusion-button-text awb-button__text awb-button__text--default\">Weitere Informationen<\/span><\/a><\/div><\/div><\/div><div class=\"fusion-layout-column fusion_builder_column fusion-builder-column-16 fusion_builder_column_1_1 1_1 fusion-flex-column\" style=\"--awb-padding-top:10px;--awb-padding-right:10px;--awb-padding-bottom:10px;--awb-padding-left:10px;--awb-overflow:hidden;--awb-bg-size:cover;--awb-border-color:#b1b3b4;--awb-border-top:1px;--awb-border-right:1px;--awb-border-bottom:1px;--awb-border-left:1px;--awb-border-style:solid;--awb-border-radius:9px 9px 9px 9px;--awb-width-large:100%;--awb-margin-top-large:0px;--awb-spacing-right-large:1.92%;--awb-margin-bottom-large:20px;--awb-spacing-left-large:1.92%;--awb-width-medium:100%;--awb-order-medium:0;--awb-spacing-right-medium:1.92%;--awb-spacing-left-medium:1.92%;--awb-width-small:100%;--awb-order-small:0;--awb-spacing-right-small:1.92%;--awb-spacing-left-small:1.92%;\"><div class=\"fusion-column-wrapper fusion-column-has-shadow fusion-flex-justify-content-center fusion-content-layout-column\"><div class=\"fusion-title title fusion-title-15 fusion-sep-none fusion-title-text fusion-title-size-three\" style=\"--awb-margin-top-small:10px;--awb-margin-right-small:0px;--awb-margin-bottom-small:10px;--awb-margin-left-small:0px;\"><h3 class=\"fusion-title-heading title-heading-left\" style=\"margin:0;\">Europa Minik\u00f6che<\/h3><\/div><div class=\"fusion-text fusion-text-15\"><p>Bei den Minik\u00f6chen lernen Kinder \u00fcber einen Zeitraum von zwei Jahren, Lebensmittel und Gerichte selbst herzustellen. Kinder, die mit viel Spa\u00df Kochen lernen, verstehen sehr schnell den Zusammenhang zwischen Essen und Gesundheit.<br \/>\nMinik\u00f6che wissen aber auch, wie ein Tisch richtig eingedeckt wird, von welcher Seite man serviert und durch einen kleinen &#8218;Kinderknigge&#8216;-Kurs kennen sie auch die wichtigsten Benimmregeln bei Tisch.<\/p>\n<\/div><div ><a class=\"fusion-button button-flat fusion-button-default-size button-custom fusion-button-default button-14 fusion-button-default-span fusion-button-default-type\" style=\"--button_accent_color:#ffffff;--button_accent_hover_color:var(--awb-color1);--button_border_hover_color:var(--awb-color1);--button_gradient_top_color:#009ed4;--button_gradient_bottom_color:#009ed4;--button_gradient_top_color_hover:#003366;--button_gradient_bottom_color_hover:#003366;\" target=\"_blank\" rel=\"noopener noreferrer\" href=\"https:\/\/www.ihk-akademie-mittelfranken.de\/w\/5050\"><span class=\"fusion-button-text awb-button__text awb-button__text--default\">Weitere Informationen<\/span><\/a><\/div><\/div><\/div><div class=\"fusion-layout-column fusion_builder_column fusion-builder-column-17 fusion_builder_column_1_1 1_1 fusion-flex-column\" style=\"--awb-padding-top:10px;--awb-padding-right:10px;--awb-padding-bottom:10px;--awb-padding-left:10px;--awb-overflow:hidden;--awb-bg-size:cover;--awb-border-color:#b1b3b4;--awb-border-top:1px;--awb-border-right:1px;--awb-border-bottom:1px;--awb-border-left:1px;--awb-border-style:solid;--awb-border-radius:9px 9px 9px 9px;--awb-width-large:100%;--awb-margin-top-large:0px;--awb-spacing-right-large:1.92%;--awb-margin-bottom-large:20px;--awb-spacing-left-large:1.92%;--awb-width-medium:100%;--awb-order-medium:0;--awb-spacing-right-medium:1.92%;--awb-spacing-left-medium:1.92%;--awb-width-small:100%;--awb-order-small:0;--awb-spacing-right-small:1.92%;--awb-spacing-left-small:1.92%;\"><div class=\"fusion-column-wrapper fusion-column-has-shadow fusion-flex-justify-content-center fusion-content-layout-column\"><div class=\"fusion-title title fusion-title-16 fusion-sep-none fusion-title-text fusion-title-size-three\" style=\"--awb-margin-top-small:10px;--awb-margin-right-small:0px;--awb-margin-bottom-small:10px;--awb-margin-left-small:0px;\"><h3 class=\"fusion-title-heading title-heading-left\" style=\"margin:0;\">Betriebskosten \u2013 Preiswerkstatt f\u00fcr Beherbergungsbe\u00adtriebe und Hotels<\/h3><\/div><div class=\"fusion-text fusion-text-16\"><p>Dieser praxisnahe Pr\u00e4senz-Workshop soll Ihnen erkl\u00e4ren, wie Sie Ihre Zimmerpreise richtig berechnen und dadurch f\u00fcr die Zukunft ger\u00fcstet sind. Dabei gilt es sowohl variable Kosten als auch fixe Kosten zu kennen und diese dann in der richtigen Preiskalkulation zu \u00fcbertragen. Auch Vertriebskosten sind ein wichtiger Bestandteil, denn letztlich sollte die Wahl des Buchungsweges f\u00fcr Sie als Gastgeber eine untergeordnete Rolle spielen.<\/p>\n<\/div><div ><a class=\"fusion-button button-flat fusion-button-default-size button-custom fusion-button-default button-15 fusion-button-default-span fusion-button-default-type\" style=\"--button_accent_color:#ffffff;--button_accent_hover_color:var(--awb-color1);--button_border_hover_color:var(--awb-color1);--button_gradient_top_color:#009ed4;--button_gradient_bottom_color:#009ed4;--button_gradient_top_color_hover:#003366;--button_gradient_bottom_color_hover:#003366;\" target=\"_blank\" rel=\"noopener noreferrer\" href=\"https:\/\/www.ihk-akademie-mittelfranken.de\/w\/5115\"><span class=\"fusion-button-text awb-button__text awb-button__text--default\">Weitere Informationen<\/span><\/a><\/div><\/div><\/div><div class=\"fusion-layout-column fusion_builder_column fusion-builder-column-18 fusion_builder_column_1_1 1_1 fusion-flex-column\" style=\"--awb-padding-top:10px;--awb-padding-right:10px;--awb-padding-bottom:10px;--awb-padding-left:10px;--awb-overflow:hidden;--awb-bg-size:cover;--awb-border-color:#b1b3b4;--awb-border-top:1px;--awb-border-right:1px;--awb-border-bottom:1px;--awb-border-left:1px;--awb-border-style:solid;--awb-border-radius:9px 9px 9px 9px;--awb-width-large:100%;--awb-margin-top-large:0px;--awb-spacing-right-large:1.92%;--awb-margin-bottom-large:20px;--awb-spacing-left-large:1.92%;--awb-width-medium:100%;--awb-order-medium:0;--awb-spacing-right-medium:1.92%;--awb-spacing-left-medium:1.92%;--awb-width-small:100%;--awb-order-small:0;--awb-spacing-right-small:1.92%;--awb-spacing-left-small:1.92%;\"><div class=\"fusion-column-wrapper fusion-column-has-shadow fusion-flex-justify-content-center fusion-content-layout-column\"><div class=\"fusion-title title fusion-title-17 fusion-sep-none fusion-title-text fusion-title-size-three\" style=\"--awb-margin-top-small:10px;--awb-margin-right-small:0px;--awb-margin-bottom-small:10px;--awb-margin-left-small:0px;\"><h3 class=\"fusion-title-heading title-heading-left\" style=\"margin:0;\">Nachhaltigkeit in der Gastronomie \u2013 Planung und praktische Umsetzung<\/h3><\/div><div class=\"fusion-text fusion-text-17\"><p>Aus der Praxis f\u00fcr die Praxis &#8211; wir erl\u00e4utern die Hintergr\u00fcnde und geben konkrete Anregungen und Beispiele f\u00fcr die einfache und direkte Umsetzung im Betrieb.<\/p>\n<p>Die Idee ist die Weiterentwicklung der unternehmerischen Ziele, f\u00fcr ein gleichberechtigtes Miteinander sozialer, \u00f6kologischer und \u00f6konomischer Aspekte. Diese Ver\u00e4nderung betrifft alle Bereiche der Unternehmenst\u00e4tigkeit im Rahmen der gesamten Wertsch\u00f6pfungskette.<\/p>\n<\/div><div ><a class=\"fusion-button button-flat fusion-button-default-size button-custom fusion-button-default button-16 fusion-button-default-span fusion-button-default-type\" style=\"--button_accent_color:#ffffff;--button_accent_hover_color:var(--awb-color1);--button_border_hover_color:var(--awb-color1);--button_gradient_top_color:#009ed4;--button_gradient_bottom_color:#009ed4;--button_gradient_top_color_hover:#003366;--button_gradient_bottom_color_hover:#003366;\" target=\"_blank\" rel=\"noopener noreferrer\" href=\"https:\/\/www.ihk-akademie-mittelfranken.de\/w\/5116\"><span class=\"fusion-button-text awb-button__text awb-button__text--default\">Weitere Informationen<\/span><\/a><\/div><\/div><\/div><div class=\"fusion-layout-column fusion_builder_column fusion-builder-column-19 fusion_builder_column_1_1 1_1 fusion-flex-column\" style=\"--awb-padding-top:10px;--awb-padding-right:10px;--awb-padding-bottom:10px;--awb-padding-left:10px;--awb-overflow:hidden;--awb-bg-size:cover;--awb-border-color:#b1b3b4;--awb-border-top:1px;--awb-border-right:1px;--awb-border-bottom:1px;--awb-border-left:1px;--awb-border-style:solid;--awb-border-radius:9px 9px 9px 9px;--awb-width-large:100%;--awb-margin-top-large:0px;--awb-spacing-right-large:1.92%;--awb-margin-bottom-large:20px;--awb-spacing-left-large:1.92%;--awb-width-medium:100%;--awb-order-medium:0;--awb-spacing-right-medium:1.92%;--awb-spacing-left-medium:1.92%;--awb-width-small:100%;--awb-order-small:0;--awb-spacing-right-small:1.92%;--awb-spacing-left-small:1.92%;\"><div class=\"fusion-column-wrapper fusion-column-has-shadow fusion-flex-justify-content-center fusion-content-layout-column\"><div class=\"fusion-title title fusion-title-18 fusion-sep-none fusion-title-text fusion-title-size-three\" style=\"--awb-margin-top-small:10px;--awb-margin-right-small:0px;--awb-margin-bottom-small:10px;--awb-margin-left-small:0px;\"><h3 class=\"fusion-title-heading title-heading-left\" style=\"margin:0;\">Weinsensorik \u2013 Food Pairing<\/h3><\/div><div class=\"fusion-text fusion-text-18\"><p>Einen Wein mit allen Sinnen systematisch und Schritt-f\u00fcr-Schritt zu erfassen, das ist das Hauptanliegen der Sensorik. Dabei wird auf die einzelnen Inhaltsstoffe sowie deren komplexe sensorische Wirkungsweise aufeinander eingegangen. Ihr Wunsch ist es, Wein von Grund auf zu verstehen? Und im Endprodukt seinen faszinierenden Entstehungsprozess intensiv nachzuerleben? Wenn Sie sich nicht l\u00e4nger der Meinung anderer anschlie\u00dfen, sondern gerne selber mitreden m\u00f6chten, ist dieser methodisch-didaktisch hervorragend aufgebaute Kurs genau das Richtige f\u00fcr Sie. Denn er gibt Ihnen das R\u00fcstzeug, sich in der Welt der Weine sicher zu bewegen \u2013 angeleitet von Ihren eigenen Sinneseindr\u00fccken.<\/p>\n<\/div><div ><a class=\"fusion-button button-flat fusion-button-default-size button-custom fusion-button-default button-17 fusion-button-default-span fusion-button-default-type\" style=\"--button_accent_color:#ffffff;--button_accent_hover_color:var(--awb-color1);--button_border_hover_color:var(--awb-color1);--button_gradient_top_color:#009ed4;--button_gradient_bottom_color:#009ed4;--button_gradient_top_color_hover:#003366;--button_gradient_bottom_color_hover:#003366;\" target=\"_blank\" rel=\"noopener noreferrer\" href=\"https:\/\/www.ihk-akademie-mittelfranken.de\/w\/5108\"><span class=\"fusion-button-text awb-button__text awb-button__text--default\">Weitere Informationen<\/span><\/a><\/div><\/div><\/div><div class=\"fusion-layout-column fusion_builder_column fusion-builder-column-20 fusion_builder_column_1_1 1_1 fusion-flex-column\" style=\"--awb-padding-top:10px;--awb-padding-right:10px;--awb-padding-bottom:10px;--awb-padding-left:10px;--awb-overflow:hidden;--awb-bg-size:cover;--awb-border-color:#b1b3b4;--awb-border-top:1px;--awb-border-right:1px;--awb-border-bottom:1px;--awb-border-left:1px;--awb-border-style:solid;--awb-border-radius:9px 9px 9px 9px;--awb-width-large:100%;--awb-margin-top-large:0px;--awb-spacing-right-large:1.92%;--awb-margin-bottom-large:20px;--awb-spacing-left-large:1.92%;--awb-width-medium:100%;--awb-order-medium:0;--awb-spacing-right-medium:1.92%;--awb-spacing-left-medium:1.92%;--awb-width-small:100%;--awb-order-small:0;--awb-spacing-right-small:1.92%;--awb-spacing-left-small:1.92%;\"><div class=\"fusion-column-wrapper fusion-column-has-shadow fusion-flex-justify-content-center fusion-content-layout-column\"><div class=\"fusion-title title fusion-title-19 fusion-sep-none fusion-title-text fusion-title-size-three\" style=\"--awb-margin-top-small:10px;--awb-margin-right-small:0px;--awb-margin-bottom-small:10px;--awb-margin-left-small:0px;\"><h3 class=\"fusion-title-heading title-heading-left\" style=\"margin:0;\">Assistant Sommelier (IHK)<\/h3><\/div><div class=\"fusion-text fusion-text-19\"><p>Im IHK-Zertifikatslehrgang \u201eAssistant Sommelier\/Sommeli\u00e8re\u201c k\u00f6nnen Mitarbeiter aus Gastronomie, Hotellerie, Weinhandel und der Tourismuswirtschaft ihr Weinwissen in Theorie und Praxis berufsbegleitend erweitern. Praktisch, informativ und kompakt werden die Belange der modernen Gastronomie im Umgang mit Wein behandelt. Der \u201eAssistant Sommelier (IHK)\u201c verf\u00fcgt \u00fcber ein breites Wissen rund um die Welt der Weine und anderer alkoholischer Getr\u00e4nke sowie \u00fcber eine versierte Verkostungstechnik.<\/p>\n<\/div><div ><a class=\"fusion-button button-flat fusion-button-default-size button-custom fusion-button-default button-18 fusion-button-default-span fusion-button-default-type\" style=\"--button_accent_color:#ffffff;--button_accent_hover_color:var(--awb-color1);--button_border_hover_color:var(--awb-color1);--button_gradient_top_color:#009ed4;--button_gradient_bottom_color:#009ed4;--button_gradient_top_color_hover:#003366;--button_gradient_bottom_color_hover:#003366;\" target=\"_blank\" rel=\"noopener noreferrer\" href=\"https:\/\/www.ihk-akademie-mittelfranken.de\/w\/5030\"><span class=\"fusion-button-text awb-button__text awb-button__text--default\">Weitere Informationen<\/span><\/a><\/div><\/div><\/div><\/div><\/div><\/p>\n","protected":false},"excerpt":{"rendered":"","protected":false},"author":47,"featured_media":0,"parent":0,"menu_order":0,"comment_status":"closed","ping_status":"closed","template":"100-width.php","meta":{"footnotes":""},"class_list":["post-3837","page","type-page","status-publish","hentry"],"_links":{"self":[{"href":"https:\/\/wp2.ihk-nuernberg.de\/ihk-gastrowelt\/wp-json\/wp\/v2\/pages\/3837","targetHints":{"allow":["GET"]}}],"collection":[{"href":"https:\/\/wp2.ihk-nuernberg.de\/ihk-gastrowelt\/wp-json\/wp\/v2\/pages"}],"about":[{"href":"https:\/\/wp2.ihk-nuernberg.de\/ihk-gastrowelt\/wp-json\/wp\/v2\/types\/page"}],"author":[{"embeddable":true,"href":"https:\/\/wp2.ihk-nuernberg.de\/ihk-gastrowelt\/wp-json\/wp\/v2\/users\/47"}],"replies":[{"embeddable":true,"href":"https:\/\/wp2.ihk-nuernberg.de\/ihk-gastrowelt\/wp-json\/wp\/v2\/comments?post=3837"}],"version-history":[{"count":79,"href":"https:\/\/wp2.ihk-nuernberg.de\/ihk-gastrowelt\/wp-json\/wp\/v2\/pages\/3837\/revisions"}],"predecessor-version":[{"id":3999,"href":"https:\/\/wp2.ihk-nuernberg.de\/ihk-gastrowelt\/wp-json\/wp\/v2\/pages\/3837\/revisions\/3999"}],"wp:attachment":[{"href":"https:\/\/wp2.ihk-nuernberg.de\/ihk-gastrowelt\/wp-json\/wp\/v2\/media?parent=3837"}],"curies":[{"name":"wp","href":"https:\/\/api.w.org\/{rel}","templated":true}]}}