{"id":3593,"date":"2023-10-13T09:49:19","date_gmt":"2023-10-13T07:49:19","guid":{"rendered":"https:\/\/wp2.ihk-nuernberg.de\/ihk-gastrowelt\/?page_id=3593"},"modified":"2023-10-17T08:44:06","modified_gmt":"2023-10-17T06:44:06","slug":"impressum","status":"publish","type":"page","link":"https:\/\/wp2.ihk-nuernberg.de\/ihk-gastrowelt\/impressum\/","title":{"rendered":"Impressum"},"content":{"rendered":"<div class=\"fusion-fullwidth fullwidth-box fusion-builder-row-1 fusion-flex-container has-pattern-background has-mask-background nonhundred-percent-fullwidth non-hundred-percent-height-scrolling\" style=\"--awb-border-radius-top-left:0px;--awb-border-radius-top-right:0px;--awb-border-radius-bottom-right:0px;--awb-border-radius-bottom-left:0px;--awb-flex-wrap:wrap;\" ><div class=\"fusion-builder-row fusion-row fusion-flex-align-items-flex-start fusion-flex-content-wrap\" style=\"max-width:1248px;margin-left: calc(-4% \/ 2 );margin-right: calc(-4% \/ 2 );\"><div class=\"fusion-layout-column fusion_builder_column fusion-builder-column-0 fusion_builder_column_1_1 1_1 fusion-flex-column\" style=\"--awb-bg-size:cover;--awb-width-large:100%;--awb-margin-top-large:0px;--awb-spacing-right-large:1.92%;--awb-margin-bottom-large:20px;--awb-spacing-left-large:1.92%;--awb-width-medium:100%;--awb-order-medium:0;--awb-spacing-right-medium:1.92%;--awb-spacing-left-medium:1.92%;--awb-width-small:100%;--awb-order-small:0;--awb-spacing-right-small:1.92%;--awb-spacing-left-small:1.92%;\"><div class=\"fusion-column-wrapper fusion-column-has-shadow fusion-flex-justify-content-flex-start fusion-content-layout-column\"><div class=\"fusion-title title fusion-title-1 fusion-sep-none fusion-title-text fusion-title-size-two\" style=\"--awb-margin-top-small:10px;--awb-margin-right-small:0px;--awb-margin-bottom-small:10px;--awb-margin-left-small:0px;\"><h2 class=\"fusion-title-heading title-heading-left\" style=\"margin:0;\">Impressum<\/h2><\/div><div class=\"fusion-text fusion-text-1\"><p><strong>Industrie- und Handelskammer N\u00fcrnberg f\u00fcr Mittelfranken<\/strong><br \/>\nHauptmarkt 25\/27<br \/>\n90403 N\u00fcrnberg<\/p>\n<p>Tel.: 0911 1335-1335<br \/>\nFax: 0911 1335-41335<br \/>\nPostanschrift: 90331 N\u00fcrnberg<br \/>\nE-Mail: kundenservice@nuernberg.ihk.de<\/p>\n<p>Die Industrie- und Handelskammer N\u00fcrnberg f\u00fcr Mittelfranken ist eine K\u00f6rperschaft des \u00d6ffentlichen Rechts. Sie wird gem\u00e4\u00df \u00a77 Absatz 2 Industrie- und Handelskammergesetzes (IHKG) gemeinsam durch den Pr\u00e4sident Dr. Armin Zitzmann und den Hauptgesch\u00e4ftsf\u00fchrer Markus L\u00f6tzsch vertreten.<br \/>\nZust\u00e4ndige Aufsichtsbeh\u00f6rde<\/p>\n<p>Bayerisches Staatsministerium f\u00fcr Wirtschaft, Energie und Technologie<br \/>\nPrinzregentenstr. 28<br \/>\n80538 M\u00fcnchen<\/p>\n<p>Tel.: 089 2162-0<br \/>\nFax: 089 2162-2760<br \/>\nPostanschrift: 80525 M\u00fcnchen<\/p>\n<p>Umsatzsteueridentifikationsnummer<br \/>\nDE213576582<\/p>\n<p><strong>Copyright<\/strong><\/p>\n<p>Alle Rechte f\u00fcr den Inhalt und die Gestaltung dieser Internet-Seiten stehen allein der Industrie- und Handelskammer N\u00fcrnberg f\u00fcr Mittelfranken zu. Das vollst\u00e4ndige oder teilweise Reproduzieren, Verbreiten, \u00dcbermitteln (elektronisch oder auf andere Weise), Modifizieren oder Benutzen unserer Internet-Seiten f\u00fcr \u00f6ffentliche oder kommerzielle Zwecke ist ohne unsere vorherige schriftliche Zustimmung untersagt.<\/p>\n<p>Die auf unseren Seiten verwendeten Bilder, Fotos, Logos, Grafiken, Texte, etc. unterliegen dem Urheberrecht der jeweiligen Rechteinhaber (z.B. Fotografen, Autoren, Grafiker) und d\u00fcrfen somit nicht ohne Genehmigung kopiert bzw. weiterverwendet werden. Ausnahmen wie zum Beispiel bei Pressefotos f\u00fcr die redaktionelle Berichterstattung sind entsprechend vermerkt.<\/p>\n<p><strong>Haftungsausschluss<\/strong><\/p>\n<p>Wir haben die Informationen nach bestem Wissen und Gewissen zusammengestellt. Eine Gew\u00e4hr oder jegliche Haftung f\u00fcr die Funktion, Aktualit\u00e4t, Richtigkeit, Vollst\u00e4ndigkeit oder Qualit\u00e4t der Link-Verweise und insbesondere der Informationen der verwiesenen (&#8222;verlinkten&#8220;) Internetseiten der Drittanbieter (inklusive Rechtm\u00e4\u00dfigkeit des Inhaltes) kann aber nicht \u00fcbernommen werden. Die Rechte an diesen Seiten sowie die Verantwortlichkeit f\u00fcr deren Inhalt liegen ausschlie\u00dflich beim Drittanbieter. Wir distanzieren uns von jeglichem angebotenen Inhalt, wenn sich der Inhalt eines Links dahingehend \u00e4ndert, dass Informationen \u00fcbermittelt werden, die nicht mehr der F\u00f6rderung der gewerblichen Interessen unserer IHK-angeh\u00f6rigen Mitgliedsunternehmen in Verbindung zu bringen sind. Dies gilt insbesondere f\u00fcr Inhalte, deren Verbreitung nach deutschem und ausl\u00e4ndischem Recht verboten ist und deren Beihilfe zur Verbreitung strafrechtlich verfolgt wird.<\/p>\n<p>Auch k\u00f6nnen wir nicht garantieren, dass unsere Sammlung oder die verlinkten Seiten keine Viren enthalten. Wir lehnen grunds\u00e4tzlich jegliche Haftung f\u00fcr materielle oder ideelle Sch\u00e4den, insbesondere auch f\u00fcr Folgesch\u00e4den, ab, die durch die Nutzung der von uns zur Verf\u00fcgung gestellten Informationen verursacht wurden. Falls ein totaler Haftungsausschluss trotz der Unentgeltlichkeit der Informationen rechtlich nicht zul\u00e4ssig sein sollte, wird unsere Haftung auf vors\u00e4tzliches oder grob fahrl\u00e4ssiges Verhalten beschr\u00e4nkt.<\/p>\n<p><strong>Online-Streitbeilegung in Verbraucherangelegenheiten<\/strong><\/p>\n<p>F\u00fcr die au\u00dfergerichtliche Beilegung von Streitigkeiten \u00fcber vertragliche Verpflichtungen aus Online-Kaufvertr\u00e4gen oder Online-Dienstleistungsvertr\u00e4gen zwischen einem in der Union wohnhaften Verbraucher und einem in der Union niedergelassenen Unternehmer kann ein Verfahren \u00fcber eine Online-Plattform eingeleitet werden. Die Plattform ist \u00fcber folgenden Link zu erreichen: <a href=\"https:\/\/ec.europa.eu\/consumers\/odr\" target=\"_blank\" rel=\"noopener\">https:\/\/ec.europa.eu\/consumers\/odr<\/a>. Unsere E-Mail lautet: <a href=\"mailto:kundenservice@nuernberg.ihk.de\">kundenservice@nuernberg.ihk.de<\/a>.<\/p>\n<p>Verbesserungsvorschl\u00e4ge, Kritik und Anregungen zu unserem Internetauftritt bitte an<\/p>\n<p>Stefan Krajewski<br \/>\nTel.: 0911 1335-1133<br \/>\nE-Mail: stefan.krajewski@nuernberg.ihk.de<br \/>\nDatenschutz<\/p>\n<p>Bitte beachten Sie auch unserer Hinweise zum <a href=\"https:\/\/wp2.ihk-nuernberg.de\/ihk-gastrowelt\/datenschutz\/\">Datenschutz<\/a>.<\/p>\n<\/div><\/div><\/div><\/div><\/div>\n","protected":false},"excerpt":{"rendered":"","protected":false},"author":47,"featured_media":0,"parent":0,"menu_order":0,"comment_status":"closed","ping_status":"closed","template":"100-width.php","meta":{"footnotes":""},"class_list":["post-3593","page","type-page","status-publish","hentry"],"_links":{"self":[{"href":"https:\/\/wp2.ihk-nuernberg.de\/ihk-gastrowelt\/wp-json\/wp\/v2\/pages\/3593","targetHints":{"allow":["GET"]}}],"collection":[{"href":"https:\/\/wp2.ihk-nuernberg.de\/ihk-gastrowelt\/wp-json\/wp\/v2\/pages"}],"about":[{"href":"https:\/\/wp2.ihk-nuernberg.de\/ihk-gastrowelt\/wp-json\/wp\/v2\/types\/page"}],"author":[{"embeddable":true,"href":"https:\/\/wp2.ihk-nuernberg.de\/ihk-gastrowelt\/wp-json\/wp\/v2\/users\/47"}],"replies":[{"embeddable":true,"href":"https:\/\/wp2.ihk-nuernberg.de\/ihk-gastrowelt\/wp-json\/wp\/v2\/comments?post=3593"}],"version-history":[{"count":5,"href":"https:\/\/wp2.ihk-nuernberg.de\/ihk-gastrowelt\/wp-json\/wp\/v2\/pages\/3593\/revisions"}],"predecessor-version":[{"id":3977,"href":"https:\/\/wp2.ihk-nuernberg.de\/ihk-gastrowelt\/wp-json\/wp\/v2\/pages\/3593\/revisions\/3977"}],"wp:attachment":[{"href":"https:\/\/wp2.ihk-nuernberg.de\/ihk-gastrowelt\/wp-json\/wp\/v2\/media?parent=3593"}],"curies":[{"name":"wp","href":"https:\/\/api.w.org\/{rel}","templated":true}]}}