{"id":3590,"date":"2023-10-13T09:49:49","date_gmt":"2023-10-13T07:49:49","guid":{"rendered":"https:\/\/wp2.ihk-nuernberg.de\/ihk-gastrowelt\/?page_id=3590"},"modified":"2023-10-17T08:58:05","modified_gmt":"2023-10-17T06:58:05","slug":"datenschutz","status":"publish","type":"page","link":"https:\/\/wp2.ihk-nuernberg.de\/ihk-gastrowelt\/datenschutz\/","title":{"rendered":"Datenschutz"},"content":{"rendered":"<div class=\"fusion-fullwidth fullwidth-box fusion-builder-row-1 fusion-flex-container has-pattern-background has-mask-background nonhundred-percent-fullwidth non-hundred-percent-height-scrolling\" style=\"--awb-border-radius-top-left:0px;--awb-border-radius-top-right:0px;--awb-border-radius-bottom-right:0px;--awb-border-radius-bottom-left:0px;--awb-flex-wrap:wrap;\" ><div class=\"fusion-builder-row fusion-row fusion-flex-align-items-flex-start fusion-flex-content-wrap\" style=\"max-width:1248px;margin-left: calc(-4% \/ 2 );margin-right: calc(-4% \/ 2 );\"><div class=\"fusion-layout-column fusion_builder_column fusion-builder-column-0 fusion_builder_column_1_1 1_1 fusion-flex-column\" style=\"--awb-bg-size:cover;--awb-width-large:100%;--awb-margin-top-large:0px;--awb-spacing-right-large:1.92%;--awb-margin-bottom-large:20px;--awb-spacing-left-large:1.92%;--awb-width-medium:100%;--awb-order-medium:0;--awb-spacing-right-medium:1.92%;--awb-spacing-left-medium:1.92%;--awb-width-small:100%;--awb-order-small:0;--awb-spacing-right-small:1.92%;--awb-spacing-left-small:1.92%;\"><div class=\"fusion-column-wrapper fusion-column-has-shadow fusion-flex-justify-content-flex-start fusion-content-layout-column\"><div class=\"fusion-title title fusion-title-1 fusion-sep-none fusion-title-text fusion-title-size-two\" style=\"--awb-margin-top-small:10px;--awb-margin-right-small:0px;--awb-margin-bottom-small:10px;--awb-margin-left-small:0px;\"><h2 class=\"fusion-title-heading title-heading-left\" style=\"margin:0;\">Datenschutz<\/h2><\/div><div class=\"fusion-text fusion-text-1\"><p>IHK-Akademie Mittelfranken und IHK N\u00fcrnberg f\u00fcr Mittelfranken freuen sich \u00fcber Ihren Besuch auf unserer Website und \u00fcber Ihr Interesse an unseren Weiterbildungsangeboten und Aufgaben. Wir nehmen den Schutz Ihrer pers\u00f6nlichen Daten ernst und m\u00f6chten, dass Sie sich beim Besuch unserer Internet-Seiten sicher und wohl f\u00fchlen.<\/p>\n<p>Eine Nutzung der Internetseiten von IHK-Akademie Mittelfranken und IHK N\u00fcrnberg f\u00fcr Mittelfranken ist grunds\u00e4tzlich ohne jede Angabe personenbezogener Daten m\u00f6glich. Sofern eine betroffene Person besondere Services unserer IHK \u00fcber unsere Internetseite in Anspruch nehmen m\u00f6chte, k\u00f6nnte jedoch eine Verarbeitung personenbezogener Daten erforderlich werden. Ist die Verarbeitung personenbezogener Daten erforderlich und besteht f\u00fcr eine solche Verarbeitung keine gesetzliche Grundlage, holen wir generell eine Einwilligung der betroffenen Person ein.<\/p>\n<p>Die Verarbeitung personenbezogener Daten, beispielsweise des Namens, der Anschrift, E-Mail-Adresse oder Telefonnummer einer betroffenen Person, erfolgt stets im Einklang mit der Datenschutz-Grundverordnung und in \u00dcbereinstimmung mit den f\u00fcr IHK-Akademie Mittelfranken und IHK N\u00fcrnberg f\u00fcr Mittelfranken geltenden Datenschutzbestimmungen. Mittels dieser Datenschutzerkl\u00e4rung m\u00f6chte unsere IHK die \u00d6ffentlichkeit \u00fcber Art, Umfang und Zweck der von uns erhobenen, genutzten und verarbeiteten personenbezogenen Daten informieren. Ferner werden betroffene Personen mittels dieser Datenschutzerkl\u00e4rung \u00fcber die ihnen zustehenden Rechte aufgekl\u00e4rt.<\/p>\n<p>Die IHK N\u00fcrnberg f\u00fcr Mittelfranken hat als f\u00fcr die Verarbeitung Verantwortlicher zahlreiche technische und organisatorische Ma\u00dfnahmen umgesetzt, um einen m\u00f6glichst l\u00fcckenlosen Schutz der \u00fcber diese Internetseite verarbeiteten personenbezogenen Daten sicherzustellen. Dennoch k\u00f6nnen internetbasierte Daten\u00fcbertragungen grunds\u00e4tzlich Sicherheitsl\u00fccken aufweisen, sodass ein absoluter Schutz nicht gew\u00e4hrleistet werden kann. Aus diesem Grund steht es jeder betroffenen Person frei, personenbezogene Daten auch auf alternativen Wegen an uns zu \u00fcbermitteln.<\/p>\n<p><strong>Begriffsbestimmungen<\/strong><\/p>\n<p>Die Datenschutzerkl\u00e4rung der IHK N\u00fcrnberg f\u00fcr Mittelfranken beruht auf den Begrifflichkeiten, die durch den Europ\u00e4ischen Richtlinien- und Verordnungsgeber beim Erlass der Datenschutz-Grundverordnung (DS-GVO) verwendet wurden. Unsere Datenschutzerkl\u00e4rung soll sowohl f\u00fcr die \u00d6ffentlichkeit als auch f\u00fcr unsere Kunden und Gesch\u00e4ftspartner einfach lesbar und verst\u00e4ndlich sein. Um dies zu gew\u00e4hrleisten, m\u00f6chten wir vorab die verwendeten Begrifflichkeiten erl\u00e4utern.<\/p>\n<p>Wir verwenden in dieser Datenschutzerkl\u00e4rung unter anderem die folgenden Begriffe:<\/p>\n<p>a) personenbezogene Daten: Personenbezogene Daten sind alle Informationen, die sich auf eine identifizierte oder identifizierbare nat\u00fcrliche Person (im Folgenden \u201ebetroffene Person\u201c) beziehen. Als identifizierbar wird eine nat\u00fcrliche Person angesehen, die direkt oder indirekt, insbesondere mittels Zuordnung zu einer Kennung wie einem Namen, zu einer Kennnummer, zu Standortdaten, zu einer Online-Kennung oder zu einem oder mehreren besonderen Merkmalen, die Ausdruck der physischen, physiologischen, genetischen, psychischen, wirtschaftlichen, kulturellen oder sozialen Identit\u00e4t dieser nat\u00fcrlichen Person sind, identifiziert werden kann.<\/p>\n<p>b) betroffene Person: Betroffene Person ist jede identifizierte oder identifizierbare nat\u00fcrliche Person, deren personenbezogene Daten von dem f\u00fcr die Verarbeitung Verantwortlichen verarbeitet werden.<\/p>\n<p>c) Verarbeitung: Verarbeitung ist jeder mit oder ohne Hilfe automatisierter Verfahren ausgef\u00fchrte Vorgang oder jede solche Vorgangsreihe im Zusammenhang mit personenbezogenen Daten wie das Erheben, das Erfassen, die Organisation, das Ordnen, die Speicherung, die Anpassung oder Ver\u00e4nderung, das Auslesen, das Abfragen, die Verwendung, die Offenlegung durch \u00dcbermittlung, Verbreitung oder eine andere Form der Bereitstellung, den Abgleich oder die Verkn\u00fcpfung, die Einschr\u00e4nkung, das L\u00f6schen oder die Vernichtung.<\/p>\n<p>d) Einschr\u00e4nkung der Verarbeitung: Einschr\u00e4nkung der Verarbeitung ist die Markierung gespeicherter personenbezogener Daten mit dem Ziel, ihre k\u00fcnftige Verarbeitung einzuschr\u00e4nken.<\/p>\n<p>e) Profiling: Profiling ist jede Art der automatisierten Verarbeitung personenbezogener Daten, die darin besteht, dass diese personenbezogenen Daten verwendet werden, um bestimmte pers\u00f6nliche Aspekte, die sich auf eine nat\u00fcrliche Person beziehen, zu bewerten, insbesondere, um Aspekte bez\u00fcglich Arbeitsleistung, wirtschaftlicher Lage, Gesundheit, pers\u00f6nlicher Vorlieben, Interessen, Zuverl\u00e4ssigkeit, Verhalten, Aufenthaltsort oder Ortswechsel dieser nat\u00fcrlichen Person zu analysieren oder vorherzusagen.<\/p>\n<p>f) Pseudonymisierung: Pseudonymisierung ist die Verarbeitung personenbezogener Daten in einer Weise, auf welche die personenbezogenen Daten ohne Hinzuziehung zus\u00e4tzlicher Informationen nicht mehr einer spezifischen betroffenen Person zugeordnet werden k\u00f6nnen, sofern diese zus\u00e4tzlichen Informationen gesondert aufbewahrt werden und technischen und organisatorischen Ma\u00dfnahmen unterliegen, die gew\u00e4hrleisten, dass die personenbezogenen Daten nicht einer identifizierten oder identifizierbaren nat\u00fcrlichen Person zugewiesen werden.<\/p>\n<p>g) Verantwortlicher oder f\u00fcr die Verarbeitung Verantwortlicher: Verantwortlicher oder f\u00fcr die Verarbeitung Verantwortlicher ist die nat\u00fcrliche oder juristische Person, Beh\u00f6rde, Einrichtung oder andere Stelle, die allein oder gemeinsam mit anderen \u00fcber die Zwecke und Mittel der Verarbeitung von personenbezogenen Daten entscheidet. Sind die Zwecke und Mittel dieser Verarbeitung durch das Unionsrecht oder das Recht der Mitgliedstaaten vorgegeben, so kann der Verantwortliche beziehungsweise k\u00f6nnen die bestimmten Kriterien seiner Benennung nach dem Unionsrecht oder dem Recht der Mitgliedstaaten vorgesehen werden.<\/p>\n<p>h) Auftragsverarbeiter: Auftragsverarbeiter ist eine nat\u00fcrliche oder juristische Person, Beh\u00f6rde, Einrichtung oder andere Stelle, die personenbezogene Daten im Auftrag des Verantwortlichen verarbeitet.<\/p>\n<p>i) Empf\u00e4nger: Empf\u00e4nger ist eine nat\u00fcrliche oder juristische Person, Beh\u00f6rde, Einrichtung oder andere Stelle, der personenbezogene Daten offengelegt werden, unabh\u00e4ngig davon, ob es sich bei ihr um einen Dritten handelt oder nicht. Beh\u00f6rden, die im Rahmen eines bestimmten Untersuchungsauftrags nach dem Unionsrecht oder dem Recht der Mitgliedstaaten m\u00f6glicherweise personenbezogene Daten erhalten, gelten jedoch nicht als Empf\u00e4nger.<\/p>\n<p>j) Dritter: Dritter ist eine nat\u00fcrliche oder juristische Person, Beh\u00f6rde, Einrichtung oder andere Stelle au\u00dfer der betroffenen Person, dem Verantwortlichen, dem Auftragsverarbeiter und den Personen, die unter der unmittelbaren Verantwortung des Verantwortlichen oder des Auftragsverarbeiters befugt sind, die personenbezogenen Daten zu verarbeiten.<\/p>\n<p>k) Einwilligung: Einwilligung ist jede von der betroffenen Person freiwillig f\u00fcr den bestimmten Fall in informierter Weise und unmissverst\u00e4ndlich abgegebene Willensbekundung in Form einer Erkl\u00e4rung oder einer sonstigen eindeutigen best\u00e4tigenden Handlung, mit der die betroffene Person zu verstehen gibt, dass sie mit der Verarbeitung der sie betreffenden personenbezogenen Daten einverstanden ist.<\/p>\n<p><strong>Name und Anschrift des f\u00fcr die Verarbeitung Verantwortlichen<\/strong><\/p>\n<p>Verantwortlicher im Sinne der Datenschutz-Grundverordnung, sonstiger in den Mitgliedstaaten der Europ\u00e4ischen Union geltenden Datenschutzgesetze und anderer Bestimmungen mit datenschutzrechtlichem Charakter ist die:<\/p>\n<p>IHK N\u00fcrnberg f\u00fcr Mittelfranken<\/p>\n<p>Hauptmarkt 25\/27<\/p>\n<p>90403 N\u00fcrnberg<\/p>\n<p>Deutschland<\/p>\n<p>Tel.: 0911 1335-1335<\/p>\n<p>E-Mail: <a href=\"mailto:kundenservice@nuernberg.ihk.de\">kundenservice@nuernberg.ihk.de<\/a><\/p>\n<p>Website: <a href=\"https:\/\/www.ihk-nuernberg.de\" target=\"_blank\" rel=\"noopener\">www.ihk-nuernberg.de<\/a><\/p>\n<p><strong>Name und Anschrift des Datenschutzbeauftragten<\/strong><\/p>\n<p>Datenschutzbeauftragter der IHK N\u00fcrnberg f\u00fcr Mittelfranken<\/p>\n<p>Gesch\u00e4ftsstelle Erlangen<\/p>\n<p>Henkestra\u00dfe 91<\/p>\n<p>91052 Erlangen<\/p>\n<p>Deutschland<\/p>\n<p>Tel.: 09131 97316-10<\/p>\n<p>E-Mail: <a href=\"mailto:datenschutzbeauftragter@nuernberg.ihk.de\" target=\"_blank\" rel=\"noopener\">datenschutzbeauftragter@nuernberg.ihk.de<\/a><\/p>\n<p>Website: <a href=\"https:\/\/www.ihk-nuernberg.de\" target=\"_blank\" rel=\"noopener\">www.ihk-nuernberg.de<\/a><\/p>\n<p>Jede betroffene Person kann sich jederzeit bei allen Fragen und Anregungen zum Datenschutz direkt an unseren Datenschutzbeauftragten wenden. Au\u00dferdem k\u00f6nnen Meldungen \u00fcber datenschutzrelevante Vorf\u00e4lle an datenschutz-meldung@nuernberg.ihk.de gesendet werden.<\/p>\n<p><strong>Cookies<\/strong><\/p>\n<p>Die Internetseiten der IHK N\u00fcrnberg f\u00fcr Mittelfranken verwenden Cookies. Cookies sind Textdateien, welche \u00fcber einen Internetbrowser auf einem Computersystem abgelegt und gespeichert werden. Durch den Einsatz von Cookies kann die IHK N\u00fcrnberg f\u00fcr Mittelfranken den Nutzern dieser Internetseite nutzerfreundlichere Services bereitstellen, wie die Merkliste, die ohne die Cookie-Setzung nicht m\u00f6glich w\u00e4ren. Au\u00dferdem setzen wir Cookies ein, um anonymisierte Statistiken \u00fcber Besuchszahlen zu erheben. Eingebundene, externe Dienste (siehe Punkt 11) k\u00f6nnen unter Umst\u00e4nden ebenfalls Cookies einsetzen.<\/p>\n<p>Die betroffene Person kann die Setzung von Cookies durch unsere Internetseite jederzeit mittels einer entsprechenden Einstellung des genutzten Internetbrowsers verhindern und damit der Setzung von Cookies dauerhaft widersprechen. Ferner k\u00f6nnen bereits gesetzte Cookies jederzeit \u00fcber einen Internetbrowser oder andere Softwareprogramme gel\u00f6scht werden. Deaktiviert die betroffene Person die Setzung von Cookies in dem genutzten Internetbrowser, sind unter Umst\u00e4nden nicht alle Funktionen unserer Internetseite vollumf\u00e4nglich nutzbar.<\/p>\n<p><strong>Weitere Informationspflichten zum Datenschutz nach DSGVO<\/strong><\/p>\n<p>Grunds\u00e4tzlich finden Sie die erforderlichen Informationspflichten an der Stelle, an der die Datenerhebung stattfindet (siehe Art. 13 DSGVO). Beispielsweise bei Anmeldungen zu Veranstaltungen in dem entsprechenden Online-Formular der Veranstaltungsdatenbank. Allgemeine Informationen zu den Informationspflichten und zu unserem Umgang mit Daten finden Sie auch unter Informationspflichten nach der Datenschutzgrundverordnung (DSGVO).<\/p>\n<p>Datenschutz IHK-Akademie Mittelfranken: <a href=\"https:\/\/www.ihk-akademie-mittelfranken.de\/akademie\/home\/datenschutz\/\" target=\"_blank\" rel=\"noopener\">https:\/\/www.ihk-akademie-mittelfranken.de\/akademie\/home\/datenschutz\/<\/a><\/p>\n<p>Datenschutz IHK N\u00fcrnberg Mittelfranken: <a href=\"https:\/\/www.ihk-nuernberg.de\/de\/Kontakt\/datenschutz\" target=\"_blank\" rel=\"noopener\">https:\/\/www.ihk-nuernberg.de\/de\/Kontakt\/datenschutz<\/a><\/p>\n<p>Grundlage dieser Datenschutzerkl\u00e4rung ist der Datenschutzerkl\u00e4rungs-Generator der DGD Deutsche Gesellschaft f\u00fcr Datenschutz GmbH, die als Externer Datenschutzbeauftragter Oberbayern t\u00e4tig ist, in Kooperation mit der RC GmbH, die gebrauchte Computer wiederverwertet und der Kanzlei WILDE BEUGER SOLMECKE | Rechtsanw\u00e4lte. Alle Punkte wurden durch die IHK N\u00fcrnberg f\u00fcr Mittelfranken \u00fcberpr\u00fcft.<\/p>\n<\/div><\/div><\/div><\/div><\/div>\n","protected":false},"excerpt":{"rendered":"","protected":false},"author":47,"featured_media":0,"parent":0,"menu_order":0,"comment_status":"closed","ping_status":"closed","template":"100-width.php","meta":{"footnotes":""},"class_list":["post-3590","page","type-page","status-publish","hentry"],"_links":{"self":[{"href":"https:\/\/wp2.ihk-nuernberg.de\/ihk-gastrowelt\/wp-json\/wp\/v2\/pages\/3590","targetHints":{"allow":["GET"]}}],"collection":[{"href":"https:\/\/wp2.ihk-nuernberg.de\/ihk-gastrowelt\/wp-json\/wp\/v2\/pages"}],"about":[{"href":"https:\/\/wp2.ihk-nuernberg.de\/ihk-gastrowelt\/wp-json\/wp\/v2\/types\/page"}],"author":[{"embeddable":true,"href":"https:\/\/wp2.ihk-nuernberg.de\/ihk-gastrowelt\/wp-json\/wp\/v2\/users\/47"}],"replies":[{"embeddable":true,"href":"https:\/\/wp2.ihk-nuernberg.de\/ihk-gastrowelt\/wp-json\/wp\/v2\/comments?post=3590"}],"version-history":[{"count":8,"href":"https:\/\/wp2.ihk-nuernberg.de\/ihk-gastrowelt\/wp-json\/wp\/v2\/pages\/3590\/revisions"}],"predecessor-version":[{"id":3980,"href":"https:\/\/wp2.ihk-nuernberg.de\/ihk-gastrowelt\/wp-json\/wp\/v2\/pages\/3590\/revisions\/3980"}],"wp:attachment":[{"href":"https:\/\/wp2.ihk-nuernberg.de\/ihk-gastrowelt\/wp-json\/wp\/v2\/media?parent=3590"}],"curies":[{"name":"wp","href":"https:\/\/api.w.org\/{rel}","templated":true}]}}