{"id":14004,"date":"2020-03-02T16:03:43","date_gmt":"2020-03-02T15:03:43","guid":{"rendered":"https:\/\/blogs.ihk-nuernberg.de\/antworten\/?page_id=14004"},"modified":"2024-03-27T10:07:00","modified_gmt":"2024-03-27T09:07:00","slug":"ihk-haus-der-wirtschaft","status":"publish","type":"page","link":"https:\/\/wp2.ihk-nuernberg.de\/antworten\/ihk-haus-der-wirtschaft\/","title":{"rendered":"IHK &#8211; Haus der Wirtschaft"},"content":{"rendered":"<p><div class=\"fusion-fullwidth fullwidth-box fusion-builder-row-1 fusion-flex-container nonhundred-percent-fullwidth non-hundred-percent-height-scrolling\" style=\"--awb-border-radius-top-left:0px;--awb-border-radius-top-right:0px;--awb-border-radius-bottom-right:0px;--awb-border-radius-bottom-left:0px;--awb-flex-wrap:wrap;\" ><div class=\"fusion-builder-row fusion-row fusion-flex-align-items-flex-start fusion-flex-content-wrap\" style=\"max-width:1144px;margin-left: calc(-4% \/ 2 );margin-right: calc(-4% \/ 2 );\"><div class=\"fusion-layout-column fusion_builder_column fusion-builder-column-0 fusion_builder_column_1_1 1_1 fusion-flex-column\" style=\"--awb-bg-size:cover;--awb-width-large:100%;--awb-margin-top-large:0px;--awb-spacing-right-large:1.92%;--awb-margin-bottom-large:0px;--awb-spacing-left-large:1.92%;--awb-width-medium:100%;--awb-spacing-right-medium:1.92%;--awb-spacing-left-medium:1.92%;--awb-width-small:100%;--awb-spacing-right-small:1.92%;--awb-spacing-left-small:1.92%;\"><div class=\"fusion-column-wrapper fusion-column-has-shadow fusion-flex-justify-content-flex-start fusion-content-layout-column\"><div class=\"fusion-content-boxes content-boxes columns row fusion-columns-2 fusion-columns-total-2 fusion-content-boxes-1 content-boxes-icon-on-side content-left cbequalheight\" style=\"--awb-backgroundcolor:#cecece;--awb-body-color:#a3a3a3;--awb-hover-accent-color:#333333;--awb-circle-hover-accent-color:#333333;\" data-animationOffset=\"top-into-view\"><div style=\"--awb-backgroundcolor:#cecece;--awb-content-padding-left:70px;\" class=\"fusion-column content-box-column content-box-column content-box-column-1 col-lg-6 col-md-6 col-sm-6 fusion-content-box-hover content-box-column-first-in-row\"><div class=\"col content-box-wrapper content-wrapper-background link-area-link-icon icon-hover-animation-none\" data-animationOffset=\"top-into-view\"><div class=\"heading heading-with-icon icon-left\"><div aria-hidden=\"true\" class=\"image\"><img decoding=\"async\" src=\"https:\/\/wp2.ihk-nuernberg.de\/antworten\/wp-content\/uploads\/sites\/19\/2020\/03\/Element-1.png\" width=\"50\" height=\"30\" alt=\"\" \/><\/div><h2 class=\"content-box-heading fusion-responsive-typography-calculated\" style=\"--h2_typography-font-size:18px;--fontSize:18;line-height:1.4;padding-left:70px;\">H\u00f6ren Sie hier mehr zu IHK - Haus der Wirtschaft<\/h2><\/div><div class=\"fusion-clearfix\"><\/div><div class=\"content-container\"><audio controls=\"\"><source src=\"https:\/\/wp2.ihk-nuernberg.de\/antworten\/wp-content\/uploads\/sites\/19\/2020\/03\/Haus-der-Wirtschaft.mp3\" type=\"audio\/mpeg\">Ihr Browser unterst\u00fctze keine MP3-Dateien.<\/audio><\/div><\/div><\/div><div style=\"--awb-backgroundcolor:#cecece;--awb-content-padding-left:70px;\" class=\"fusion-column content-box-column content-box-column content-box-column-2 col-lg-6 col-md-6 col-sm-6 fusion-content-box-hover content-box-column-last content-box-column-last-in-row\"><div class=\"col content-box-wrapper content-wrapper-background link-area-link-icon icon-hover-animation-none\" data-animationOffset=\"top-into-view\"><div class=\"heading heading-with-icon icon-left\"><div aria-hidden=\"true\" class=\"image\"><img decoding=\"async\" src=\"https:\/\/wp2.ihk-nuernberg.de\/antworten\/wp-content\/uploads\/sites\/19\/2020\/03\/Element-3.png\" width=\"50\" height=\"29\" alt=\"\" \/><\/div><h2 class=\"content-box-heading fusion-responsive-typography-calculated\" style=\"--h2_typography-font-size:18px;--fontSize:18;line-height:1.4;padding-left:70px;\">Listen here to the story of the building of the Chamber of Commerce and Industry<\/h2><\/div><div class=\"fusion-clearfix\"><\/div><div class=\"content-container\"><audio controls=\"controls\"><source src=\"https:\/\/wp2.ihk-nuernberg.de\/antworten\/wp-content\/uploads\/sites\/19\/2020\/03\/CCI_kurz.mp3\" type=\"audio\/mpeg\" \/>Your browser does not support the audio element.<\/audio><\/div><\/div><\/div><div class=\"fusion-clearfix\"><\/div><\/div><\/div><\/div><\/div><\/div><div class=\"fusion-fullwidth fullwidth-box fusion-builder-row-2 fusion-flex-container nonhundred-percent-fullwidth non-hundred-percent-height-scrolling\" style=\"--awb-border-radius-top-left:0px;--awb-border-radius-top-right:0px;--awb-border-radius-bottom-right:0px;--awb-border-radius-bottom-left:0px;--awb-flex-wrap:wrap;\" ><div class=\"fusion-builder-row fusion-row fusion-flex-align-items-stretch fusion-flex-content-wrap\" style=\"max-width:1144px;margin-left: calc(-4% \/ 2 );margin-right: calc(-4% \/ 2 );\"><div class=\"fusion-layout-column fusion_builder_column fusion-builder-column-1 fusion_builder_column_1_1 1_1 fusion-flex-column\" style=\"--awb-bg-size:cover;--awb-width-large:100%;--awb-margin-top-large:0px;--awb-spacing-right-large:1.92%;--awb-margin-bottom-large:0px;--awb-spacing-left-large:1.92%;--awb-width-medium:100%;--awb-spacing-right-medium:1.92%;--awb-spacing-left-medium:1.92%;--awb-width-small:100%;--awb-spacing-right-small:1.92%;--awb-spacing-left-small:1.92%;\"><div class=\"fusion-column-wrapper fusion-flex-justify-content-flex-start fusion-content-layout-column\"><div class=\"fusion-title title fusion-title-1 fusion-sep-none fusion-title-text fusion-title-size-one\" style=\"--awb-margin-top-small:0px;--awb-margin-right-small:0px;--awb-margin-bottom-small:20px;--awb-margin-left-small:0px;\"><h1 class=\"fusion-title-heading title-heading-left fusion-responsive-typography-calculated\" style=\"margin:0;text-transform:none;--fontSize:64;line-height:1.5;\">IHK &#8211; Haus der Wirtschaft<\/h1><\/div><div class=\"fusion-text fusion-text-1\"><p>Stammsitz der Industrie- und Handelskammer N\u00fcrnberg f\u00fcr Mittelfranken. Mit der neuen Marktordnung von 1560 schl\u00e4gt die Geburtsstunde der kaufm\u00e4nnischen Selbstverwaltung in N\u00fcrnberg. Hier tagte der \u201eHandelsvorstand\u201c als Vorl\u00e4ufer der IHK, die 1843 formell gegr\u00fcndet wurde. Nach seiner Zerst\u00f6rung im Bombenhagel des Zweiten Weltkriegs und als erstes Geb\u00e4ude am Hauptmarkt wiederaufgebaut, wurde das \u201eHaus der Wirtschaft\u201c 2014 bis 2019 generalsaniert und gr\u00f6\u00dftenteils neugebaut.<\/p>\n<\/div><\/div><\/div><\/div><\/div><div class=\"fusion-fullwidth fullwidth-box fusion-builder-row-3 fusion-flex-container nonhundred-percent-fullwidth non-hundred-percent-height-scrolling\" style=\"--awb-border-radius-top-left:0px;--awb-border-radius-top-right:0px;--awb-border-radius-bottom-right:0px;--awb-border-radius-bottom-left:0px;--awb-flex-wrap:wrap;\" ><div class=\"fusion-builder-row fusion-row fusion-flex-align-items-flex-start fusion-flex-content-wrap\" style=\"max-width:1144px;margin-left: calc(-4% \/ 2 );margin-right: calc(-4% \/ 2 );\"><div class=\"fusion-layout-column fusion_builder_column fusion-builder-column-2 fusion_builder_column_1_3 1_3 fusion-flex-column fusion-animated\" style=\"--awb-bg-size:cover;--awb-width-large:33.333333333333%;--awb-margin-top-large:0px;--awb-spacing-right-large:5.76%;--awb-margin-bottom-large:0px;--awb-spacing-left-large:5.76%;--awb-width-medium:100%;--awb-spacing-right-medium:1.92%;--awb-spacing-left-medium:1.92%;--awb-width-small:100%;--awb-spacing-right-small:1.92%;--awb-spacing-left-small:1.92%;\" data-animationType=\"fadeInLeft\" data-animationDuration=\"1.0\" data-animationOffset=\"top-into-view\"><div class=\"fusion-column-wrapper fusion-flex-justify-content-flex-start fusion-content-layout-column\"><div class=\"fusion-image-element \" style=\"--awb-caption-title-font-family:var(--h2_typography-font-family);--awb-caption-title-font-weight:var(--h2_typography-font-weight);--awb-caption-title-font-style:var(--h2_typography-font-style);--awb-caption-title-size:var(--h2_typography-font-size);--awb-caption-title-transform:var(--h2_typography-text-transform);--awb-caption-title-line-height:var(--h2_typography-line-height);--awb-caption-title-letter-spacing:var(--h2_typography-letter-spacing);\"><span class=\" fusion-imageframe imageframe-none imageframe-1 hover-type-zoomin fusion-animated\" data-animationType=\"fadeInLeft\" data-animationDuration=\"1.0\" data-animationOffset=\"bottom-in-view\"><a href=\"https:\/\/wp2.ihk-nuernberg.de\/antworten\/wp-content\/uploads\/sites\/19\/2020\/02\/01-IHK-Geb-1951_Tuemmels-scaled.jpg\" class=\"fusion-lightbox\" data-rel=\"iLightbox[1]\" data-caption=\"Foto: T\u00fcmmels\" data-title=\"IHK-Geb\u00e4ude nach dem Zweiten Weltkrieg 1951\" title=\"IHK-Geb\u00e4ude nach dem Zweiten Weltkrieg 1951\"><img decoding=\"async\" width=\"2560\" height=\"2018\" src=\"https:\/\/wp2.ihk-nuernberg.de\/antworten\/wp-content\/uploads\/sites\/19\/2020\/01\/01-IHK-Geb-1951_Tuemmels-scaled.jpg\" alt class=\"img-responsive wp-image-14000\" srcset=\"https:\/\/wp2.ihk-nuernberg.de\/antworten\/wp-content\/uploads\/sites\/19\/2020\/01\/01-IHK-Geb-1951_Tuemmels-200x158.jpg 200w, https:\/\/wp2.ihk-nuernberg.de\/antworten\/wp-content\/uploads\/sites\/19\/2020\/01\/01-IHK-Geb-1951_Tuemmels-400x315.jpg 400w, https:\/\/wp2.ihk-nuernberg.de\/antworten\/wp-content\/uploads\/sites\/19\/2020\/01\/01-IHK-Geb-1951_Tuemmels-600x473.jpg 600w, https:\/\/wp2.ihk-nuernberg.de\/antworten\/wp-content\/uploads\/sites\/19\/2020\/01\/01-IHK-Geb-1951_Tuemmels-800x631.jpg 800w, https:\/\/wp2.ihk-nuernberg.de\/antworten\/wp-content\/uploads\/sites\/19\/2020\/01\/01-IHK-Geb-1951_Tuemmels-1200x946.jpg 1200w, https:\/\/wp2.ihk-nuernberg.de\/antworten\/wp-content\/uploads\/sites\/19\/2020\/01\/01-IHK-Geb-1951_Tuemmels-scaled.jpg 2560w\" sizes=\"(max-width: 1099px) 100vw, (max-width: 640px) 100vw, 400px\" \/><\/a><\/span><\/div><div class=\"fusion-text fusion-text-2\"><p style=\"text-align: left;\"><span class=\"copyright2\">IHK-Geb\u00e4ude 1951, Foto: T\u00fcmmels<\/span><\/p>\n<\/div><div class=\"fusion-image-element \" style=\"--awb-caption-title-font-family:var(--h2_typography-font-family);--awb-caption-title-font-weight:var(--h2_typography-font-weight);--awb-caption-title-font-style:var(--h2_typography-font-style);--awb-caption-title-size:var(--h2_typography-font-size);--awb-caption-title-transform:var(--h2_typography-text-transform);--awb-caption-title-line-height:var(--h2_typography-line-height);--awb-caption-title-letter-spacing:var(--h2_typography-letter-spacing);\"><span class=\" fusion-imageframe imageframe-none imageframe-2 hover-type-zoomin fusion-animated\" data-animationType=\"fadeInRight\" data-animationDuration=\"1.0\" data-animationOffset=\"top-into-view\"><a href=\"https:\/\/wp2.ihk-nuernberg.de\/antworten\/wp-content\/uploads\/sites\/19\/2020\/02\/120903_IHK_Hauptmarkt_9097-scaled.jpg\" class=\"fusion-lightbox\" data-rel=\"iLightbox[1]\" data-caption=\"Foto: Kurt Fuchs\" data-title=\"IHK-Geb\u00e4ude 2012\" title=\"IHK-Geb\u00e4ude 2012\"><img decoding=\"async\" width=\"2560\" height=\"1707\" src=\"https:\/\/wp2.ihk-nuernberg.de\/antworten\/wp-content\/uploads\/sites\/19\/2020\/01\/120903_IHK_Hauptmarkt_9097-scaled.jpg\" alt class=\"img-responsive wp-image-14001\" srcset=\"https:\/\/wp2.ihk-nuernberg.de\/antworten\/wp-content\/uploads\/sites\/19\/2020\/01\/120903_IHK_Hauptmarkt_9097-200x133.jpg 200w, https:\/\/wp2.ihk-nuernberg.de\/antworten\/wp-content\/uploads\/sites\/19\/2020\/01\/120903_IHK_Hauptmarkt_9097-400x267.jpg 400w, https:\/\/wp2.ihk-nuernberg.de\/antworten\/wp-content\/uploads\/sites\/19\/2020\/01\/120903_IHK_Hauptmarkt_9097-600x400.jpg 600w, https:\/\/wp2.ihk-nuernberg.de\/antworten\/wp-content\/uploads\/sites\/19\/2020\/01\/120903_IHK_Hauptmarkt_9097-800x533.jpg 800w, https:\/\/wp2.ihk-nuernberg.de\/antworten\/wp-content\/uploads\/sites\/19\/2020\/01\/120903_IHK_Hauptmarkt_9097-1200x800.jpg 1200w, https:\/\/wp2.ihk-nuernberg.de\/antworten\/wp-content\/uploads\/sites\/19\/2020\/01\/120903_IHK_Hauptmarkt_9097-scaled.jpg 2560w\" sizes=\"(max-width: 1099px) 100vw, (max-width: 640px) 100vw, 400px\" \/><\/a><\/span><\/div><div class=\"fusion-text fusion-text-3\"><p><span class=\"copyright2\">IHK-Geb\u00e4ude nach 2000, Foto: Kurt Fuchs<\/span><\/p>\n<\/div><\/div><\/div><div class=\"fusion-layout-column fusion_builder_column fusion-builder-column-3 fusion_builder_column_2_3 2_3 fusion-flex-column fusion-animated\" style=\"--awb-bg-size:cover;--awb-width-large:66.666666666667%;--awb-margin-top-large:0px;--awb-spacing-right-large:2.88%;--awb-margin-bottom-large:0px;--awb-spacing-left-large:2.88%;--awb-width-medium:100%;--awb-spacing-right-medium:1.92%;--awb-spacing-left-medium:1.92%;--awb-width-small:100%;--awb-spacing-right-small:1.92%;--awb-spacing-left-small:1.92%;\" data-animationType=\"fadeInRight\" data-animationDuration=\"1.0\" data-animationOffset=\"top-into-view\"><div class=\"fusion-column-wrapper fusion-flex-justify-content-center fusion-content-layout-column\"><div class=\"fusion-text fusion-text-4\"><p>Das Geb\u00e4ude ist der Stammsitz der Industrie- und Handelskammer, deren Geschichte mit der neuen Marktordnung von 1560 beginnt. Dieses Datum markiert die Geburtsstunde der kaufm\u00e4nnischen Selbstverwaltung in N\u00fcrnberg. Im Marktgew\u00f6lbe am Hauptmarkt tagt der Handelsvorstand, der Vorl\u00e4ufer der IHK, die formell im Jahr 1843 durch K\u00f6nig Ludwig I. von Bayern gegr\u00fcndet wird. Er genehmigt in N\u00fcrnberg sowie in f\u00fcnf weiteren bayerischen St\u00e4dten die Bildung einer Handelskammer und legt damit den Grundstein f\u00fcr das fl\u00e4chendeckende Kammerwesen in Deutschland.<\/p>\n<p>Die Aufgaben bestehen in den Anfangsjahren nur in der Beratung der Regierung bei der F\u00f6rderung des Handels. Aber bereits 1868 werden mit der Einf\u00fchrung der allgemeinen Gewerbefreiheit in Bayern auch die Befugnisse der Kammern erweitert: sie erhalten Anh\u00f6rungs-, Berufungs- und Initiativrechte sowie die direkte Wahl ehrenamtlicher Repr\u00e4sentanten.<\/p>\n<p>Mit der Machtergreifung der Nationalsozialisten 1933 wird die Kammer zun\u00e4chst gleichgeschaltet und 1943 die Selbstverwaltung der Wirtschaft ganz abgeschafft. Im Bombenhagel des Zweiten Weltkriegs werden die Geb\u00e4ude fast vollst\u00e4ndig zerst\u00f6rt. Durch Verordnung der amerikanischen Milit\u00e4rregierung nimmt die IHK bereits 1945 ihre Arbeit wieder auf und wird 1956 durch Bundesgesetz neu konstituiert. Das Geb\u00e4ude wird als erstes Haus am Hauptmarkt wieder aufgebaut. Die heutige Form des \u201eHauses der Wirtschaft\u201c entstand in den Jahren 2014 bis 2019 durch eine Generalsanierung mit Teilneubau.<\/p>\n<\/div><\/div><\/div><div class=\"fusion-layout-column fusion_builder_column fusion-builder-column-4 fusion_builder_column_2_3 2_3 fusion-flex-column fusion-animated\" style=\"--awb-bg-size:cover;--awb-width-large:66.666666666667%;--awb-margin-top-large:0px;--awb-spacing-right-large:2.88%;--awb-margin-bottom-large:0px;--awb-spacing-left-large:2.88%;--awb-width-medium:100%;--awb-spacing-right-medium:1.92%;--awb-spacing-left-medium:1.92%;--awb-width-small:100%;--awb-spacing-right-small:1.92%;--awb-spacing-left-small:1.92%;\" data-animationType=\"fadeInLeft\" data-animationDuration=\"1.0\" data-animationOffset=\"top-into-view\"><div class=\"fusion-column-wrapper fusion-flex-justify-content-center fusion-content-layout-column\"><div class=\"fusion-text fusion-text-5\"><p>The building is the headquarters of the Nuremberg Chamber of Commerce and Industry, the history of which begins with the new market regulations of 1560. This date marks the birth of commercial self-government in Nuremberg. The \u201cMarktgew\u00f6lbe\u201d, market vault on the \u201cHauptmarkt\u201d, Main Market Square, is where the \u201cBoard of Trade\u201d met, the precursor of the Chamber of Commerce and Industry, which was formally founded 1843 by King Ludwig I of Bavaria. He approved the formation of a chamber of commerce in Nuremberg and five other Bavarian cities, thus laying the foundation for the comprehensive chamber system in Germany.<\/p>\n<p>In the early years, its role is limited to advising the government on ways to facilitate trade. But as early as 1868, with the introduction of general freedom of trade and industry in Bavaria, the powers of the chambers were also expanded: they were granted hearing, appeal and initiative rights as well as the right to elect honorary representatives directly.<\/p>\n<p>When the National Socialists under Hitler 1933 seized power, the Chamber was initially forced into line with the new regime and in 1943 the self-government of the economy was totally abolished. The buildings were almost completely destroyed in the bombing raids of the Second World War. The CCI resumed its work in 1945 by decree of the American military government and was reconstituted by federal law in 1956. This building was the first house to be rebuilt on the main market square. The present-day chamber house was built between 2014 and 2019 as a result of a general refurbishment with partial new construction.<\/p>\n<\/div><\/div><\/div><div class=\"fusion-layout-column fusion_builder_column fusion-builder-column-5 fusion_builder_column_1_3 1_3 fusion-flex-column fusion-animated\" style=\"--awb-bg-size:cover;--awb-width-large:33.333333333333%;--awb-margin-top-large:0px;--awb-spacing-right-large:5.76%;--awb-margin-bottom-large:0px;--awb-spacing-left-large:5.76%;--awb-width-medium:100%;--awb-spacing-right-medium:1.92%;--awb-spacing-left-medium:1.92%;--awb-width-small:100%;--awb-spacing-right-small:1.92%;--awb-spacing-left-small:1.92%;\" data-animationType=\"fadeInRight\" data-animationDuration=\"1.0\" data-animationOffset=\"top-into-view\"><div class=\"fusion-column-wrapper fusion-flex-justify-content-flex-start fusion-content-layout-column\"><div class=\"fusion-video fusion-youtube\" style=\"--awb-max-width:600px;--awb-max-height:360px;\"><div class=\"video-shortcode\"><div class=\"fluid-width-video-wrapper\" style=\"padding-top:60%;\" ><iframe title=\"YouTube video player 1\" src=\"https:\/\/www.youtube.com\/embed\/0I8XQ6H7xzQ?wmode=transparent&autoplay=0\" width=\"600\" height=\"360\" allowfullscreen allow=\"autoplay; clipboard-write; encrypted-media; gyroscope; picture-in-picture;\"><\/iframe><\/div><\/div><\/div><div class=\"fusion-text fusion-text-6\"><p><span class=\"copyright2\">Die Entstehung im Zeitraffer, Video: Kurt Fuchs<\/span><\/p>\n<\/div><\/div><\/div><div class=\"fusion-layout-column fusion_builder_column fusion-builder-column-6 fusion_builder_column_1_3 1_3 fusion-flex-column fusion-animated\" style=\"--awb-bg-size:cover;--awb-width-large:33.333333333333%;--awb-margin-top-large:0px;--awb-spacing-right-large:5.76%;--awb-margin-bottom-large:0px;--awb-spacing-left-large:5.76%;--awb-width-medium:100%;--awb-spacing-right-medium:1.92%;--awb-spacing-left-medium:1.92%;--awb-width-small:100%;--awb-spacing-right-small:1.92%;--awb-spacing-left-small:1.92%;\" data-animationType=\"fadeInUp\" data-animationDuration=\"1.0\" data-animationOffset=\"top-into-view\"><div class=\"fusion-column-wrapper fusion-flex-justify-content-flex-start fusion-content-layout-column\"><div class=\"fusion-image-element \" style=\"--awb-caption-title-font-family:var(--h2_typography-font-family);--awb-caption-title-font-weight:var(--h2_typography-font-weight);--awb-caption-title-font-style:var(--h2_typography-font-style);--awb-caption-title-size:var(--h2_typography-font-size);--awb-caption-title-transform:var(--h2_typography-text-transform);--awb-caption-title-line-height:var(--h2_typography-line-height);--awb-caption-title-letter-spacing:var(--h2_typography-letter-spacing);\"><span class=\" fusion-imageframe imageframe-none imageframe-3 hover-type-zoomin\"><a href=\"https:\/\/wp2.ihk-nuernberg.de\/antworten\/wp-content\/uploads\/sites\/19\/2020\/02\/Gebaeude_vorUmabau_1910.jpg\" class=\"fusion-lightbox\" data-rel=\"iLightbox[1]\" data-caption=\"Foto: Bildstelle Hochbauamt N\u00fcrnberg\" data-title=\"IHK-Geb\u00e4ude vor dem Umbau 1910\" title=\"IHK-Geb\u00e4ude vor dem Umbau 1910\"><img decoding=\"async\" width=\"337\" height=\"400\" src=\"https:\/\/wp2.ihk-nuernberg.de\/antworten\/wp-content\/uploads\/sites\/19\/2020\/01\/Gebaeude-vor-Umbau_1910.jpg\" alt class=\"img-responsive wp-image-14014\" srcset=\"https:\/\/wp2.ihk-nuernberg.de\/antworten\/wp-content\/uploads\/sites\/19\/2020\/01\/Gebaeude-vor-Umbau_1910-200x237.jpg 200w, https:\/\/wp2.ihk-nuernberg.de\/antworten\/wp-content\/uploads\/sites\/19\/2020\/01\/Gebaeude-vor-Umbau_1910.jpg 337w\" sizes=\"(max-width: 1099px) 100vw, (max-width: 640px) 100vw, 337px\" \/><\/a><\/span><\/div><div class=\"fusion-text fusion-text-7\"><p style=\"text-align: right;\"><span class=\"copyright2\">IHK-Geb\u00e4ude vor Umbau 1910, Foto: Bildstelle Hochbauamt N\u00fcrnberg<\/span><\/p>\n<\/div><\/div><\/div><div class=\"fusion-layout-column fusion_builder_column fusion-builder-column-7 fusion_builder_column_1_3 1_3 fusion-flex-column fusion-animated\" style=\"--awb-bg-size:cover;--awb-width-large:33.333333333333%;--awb-margin-top-large:0px;--awb-spacing-right-large:5.76%;--awb-margin-bottom-large:0px;--awb-spacing-left-large:5.76%;--awb-width-medium:100%;--awb-spacing-right-medium:1.92%;--awb-spacing-left-medium:1.92%;--awb-width-small:100%;--awb-spacing-right-small:1.92%;--awb-spacing-left-small:1.92%;\" data-animationType=\"fadeInUp\" data-animationDuration=\"1.0\" data-animationOffset=\"top-into-view\"><div class=\"fusion-column-wrapper fusion-flex-justify-content-flex-start fusion-content-layout-column\"><div class=\"fusion-image-element \" style=\"--awb-caption-title-font-family:var(--h2_typography-font-family);--awb-caption-title-font-weight:var(--h2_typography-font-weight);--awb-caption-title-font-style:var(--h2_typography-font-style);--awb-caption-title-size:var(--h2_typography-font-size);--awb-caption-title-transform:var(--h2_typography-text-transform);--awb-caption-title-line-height:var(--h2_typography-line-height);--awb-caption-title-letter-spacing:var(--h2_typography-letter-spacing);\"><span class=\" fusion-imageframe imageframe-none imageframe-4 hover-type-zoomin\"><a href=\"https:\/\/wp2.ihk-nuernberg.de\/antworten\/wp-content\/uploads\/sites\/19\/2020\/02\/IHK-von-oben-1997-scaled.jpg\" class=\"fusion-lightbox\" data-rel=\"iLightbox[1]\" data-caption=\"Foto: Luftbild Bischof &amp; Broel KG\" data-title=\"IHK-Geb\u00e4ude von oben 1997\" title=\"IHK-Geb\u00e4ude von oben 1997\"><img decoding=\"async\" width=\"337\" height=\"400\" src=\"https:\/\/wp2.ihk-nuernberg.de\/antworten\/wp-content\/uploads\/sites\/19\/2020\/01\/IHK-von-oben-1997.jpg\" alt class=\"img-responsive wp-image-14013\" srcset=\"https:\/\/wp2.ihk-nuernberg.de\/antworten\/wp-content\/uploads\/sites\/19\/2020\/01\/IHK-von-oben-1997-200x237.jpg 200w, https:\/\/wp2.ihk-nuernberg.de\/antworten\/wp-content\/uploads\/sites\/19\/2020\/01\/IHK-von-oben-1997.jpg 337w\" sizes=\"(max-width: 1099px) 100vw, (max-width: 640px) 100vw, 337px\" \/><\/a><\/span><\/div><div class=\"fusion-text fusion-text-8\"><p style=\"text-align: right;\"><span class=\"copyright2\">IHK-Geb\u00e4ude 1997, Foto: Luftbild Bischof &amp; Broel KG<\/span><\/p>\n<\/div><\/div><\/div><div class=\"fusion-layout-column fusion_builder_column fusion-builder-column-8 fusion_builder_column_1_3 1_3 fusion-flex-column fusion-animated\" style=\"--awb-bg-size:cover;--awb-width-large:33.333333333333%;--awb-margin-top-large:0px;--awb-spacing-right-large:5.76%;--awb-margin-bottom-large:0px;--awb-spacing-left-large:5.76%;--awb-width-medium:100%;--awb-spacing-right-medium:1.92%;--awb-spacing-left-medium:1.92%;--awb-width-small:100%;--awb-spacing-right-small:1.92%;--awb-spacing-left-small:1.92%;\" data-animationType=\"fadeInUp\" data-animationDuration=\"1.0\" data-animationOffset=\"top-into-view\"><div class=\"fusion-column-wrapper fusion-flex-justify-content-flex-start fusion-content-layout-column\"><div class=\"fusion-image-element \" style=\"--awb-caption-title-font-family:var(--h2_typography-font-family);--awb-caption-title-font-weight:var(--h2_typography-font-weight);--awb-caption-title-font-style:var(--h2_typography-font-style);--awb-caption-title-size:var(--h2_typography-font-size);--awb-caption-title-transform:var(--h2_typography-text-transform);--awb-caption-title-line-height:var(--h2_typography-line-height);--awb-caption-title-letter-spacing:var(--h2_typography-letter-spacing);\"><span class=\" fusion-imageframe imageframe-none imageframe-5 hover-type-zoomin\"><a href=\"https:\/\/wp2.ihk-nuernberg.de\/antworten\/wp-content\/uploads\/sites\/19\/2020\/02\/Gebaeude_nachUmbau_1919.jpg\" class=\"fusion-lightbox\" data-rel=\"iLightbox[1]\" data-caption=\"Foto: Bildstelle Hochbauamt N\u00fcrnberg\" data-title=\"IHK-Geb\u00e4ude nach dem Umbau 1910\" title=\"IHK-Geb\u00e4ude nach Umbau 1910\"><img decoding=\"async\" width=\"337\" height=\"400\" src=\"https:\/\/wp2.ihk-nuernberg.de\/antworten\/wp-content\/uploads\/sites\/19\/2020\/01\/Gebaeude-nach-Umbau_1910.jpg\" alt class=\"img-responsive wp-image-14012\" srcset=\"https:\/\/wp2.ihk-nuernberg.de\/antworten\/wp-content\/uploads\/sites\/19\/2020\/01\/Gebaeude-nach-Umbau_1910-200x237.jpg 200w, https:\/\/wp2.ihk-nuernberg.de\/antworten\/wp-content\/uploads\/sites\/19\/2020\/01\/Gebaeude-nach-Umbau_1910.jpg 337w\" sizes=\"(max-width: 1099px) 100vw, (max-width: 640px) 100vw, 337px\" \/><\/a><\/span><\/div><div class=\"fusion-text fusion-text-9\"><p style=\"text-align: right;\"><span class=\"copyright2\">IHK-Geb\u00e4ude nach Umbau 1910, Foto: Bildstelle Hochbauamt N\u00fcrnberg<\/span><\/p>\n<p style=\"text-align: right;\"><span class=\"copyright2\">\u00a0<\/span><\/p>\n<\/div><\/div><\/div><\/div><\/div><div class=\"fusion-fullwidth fullwidth-box fusion-builder-row-4 fusion-flex-container nonhundred-percent-fullwidth non-hundred-percent-height-scrolling\" style=\"--awb-border-radius-top-left:0px;--awb-border-radius-top-right:0px;--awb-border-radius-bottom-right:0px;--awb-border-radius-bottom-left:0px;--awb-flex-wrap:wrap;\" ><div class=\"fusion-builder-row fusion-row fusion-flex-align-items-flex-start fusion-flex-content-wrap\" style=\"max-width:1144px;margin-left: calc(-4% \/ 2 );margin-right: calc(-4% \/ 2 );\"><div class=\"fusion-layout-column fusion_builder_column fusion-builder-column-9 fusion_builder_column_1_1 1_1 fusion-flex-column\" style=\"--awb-bg-size:cover;--awb-width-large:100%;--awb-margin-top-large:0px;--awb-spacing-right-large:1.92%;--awb-margin-bottom-large:0px;--awb-spacing-left-large:1.92%;--awb-width-medium:100%;--awb-spacing-right-medium:1.92%;--awb-spacing-left-medium:1.92%;--awb-width-small:100%;--awb-spacing-right-small:1.92%;--awb-spacing-left-small:1.92%;\"><div class=\"fusion-column-wrapper fusion-flex-justify-content-flex-start fusion-content-layout-column\"><\/div><\/div><div class=\"fusion-layout-column fusion_builder_column fusion-builder-column-10 fusion_builder_column_1_2 1_2 fusion-flex-column\" style=\"--awb-bg-size:cover;--awb-width-large:50%;--awb-margin-top-large:0px;--awb-spacing-right-large:3.84%;--awb-margin-bottom-large:0px;--awb-spacing-left-large:3.84%;--awb-width-medium:100%;--awb-spacing-right-medium:1.92%;--awb-spacing-left-medium:1.92%;--awb-width-small:100%;--awb-spacing-right-small:1.92%;--awb-spacing-left-small:1.92%;\"><div class=\"fusion-column-wrapper fusion-flex-justify-content-flex-start fusion-content-layout-column\"><div class=\"fusion-title title fusion-title-2 fusion-sep-none fusion-title-text fusion-title-size-three\" style=\"--awb-margin-top-small:0px;--awb-margin-right-small:0px;--awb-margin-bottom-small:20px;--awb-margin-left-small:0px;\"><h3 class=\"fusion-title-heading title-heading-left fusion-responsive-typography-calculated\" style=\"margin:0;text-transform:none;--fontSize:22;line-height:1.41;\">Mehr zum Thema<\/h3><\/div><ul style=\"--awb-size:13px;--awb-line-height:22.1px;--awb-icon-width:22.1px;--awb-icon-height:22.1px;--awb-icon-margin:9.1px;--awb-content-margin:31.2px;\" class=\"fusion-checklist fusion-checklist-1 fusion-checklist-default type-icons\"><li class=\"fusion-li-item\" style=\"\"><span class=\"icon-wrapper circle-no\"><i class=\"fusion-li-icon fa-chevron-right fas\" aria-hidden=\"true\"><\/i><\/span><div class=\"fusion-li-item-content\">\n<p><a href=\"https:\/\/www.ihk-nuernberg.de\/de\/wir-ueber-uns\/geschaeftsstellen-gremien\/nuernberg\/haus-der-wirtschaft\/\" target=\"_blank\" rel=\"noopener noreferrer\">Haus der Wirtschaft<\/a><br \/>\nauf der Seite der IHK N\u00fcrnberg<\/p>\n<\/div><\/li><\/ul><\/div><\/div><\/div><\/div><\/p>\n","protected":false},"excerpt":{"rendered":"","protected":false},"author":2,"featured_media":0,"parent":0,"menu_order":0,"comment_status":"closed","ping_status":"closed","template":"100-width.php","meta":{"footnotes":""},"class_list":["post-14004","page","type-page","status-publish","hentry"],"_links":{"self":[{"href":"https:\/\/wp2.ihk-nuernberg.de\/antworten\/wp-json\/wp\/v2\/pages\/14004","targetHints":{"allow":["GET"]}}],"collection":[{"href":"https:\/\/wp2.ihk-nuernberg.de\/antworten\/wp-json\/wp\/v2\/pages"}],"about":[{"href":"https:\/\/wp2.ihk-nuernberg.de\/antworten\/wp-json\/wp\/v2\/types\/page"}],"author":[{"embeddable":true,"href":"https:\/\/wp2.ihk-nuernberg.de\/antworten\/wp-json\/wp\/v2\/users\/2"}],"replies":[{"embeddable":true,"href":"https:\/\/wp2.ihk-nuernberg.de\/antworten\/wp-json\/wp\/v2\/comments?post=14004"}],"version-history":[{"count":9,"href":"https:\/\/wp2.ihk-nuernberg.de\/antworten\/wp-json\/wp\/v2\/pages\/14004\/revisions"}],"predecessor-version":[{"id":15241,"href":"https:\/\/wp2.ihk-nuernberg.de\/antworten\/wp-json\/wp\/v2\/pages\/14004\/revisions\/15241"}],"wp:attachment":[{"href":"https:\/\/wp2.ihk-nuernberg.de\/antworten\/wp-json\/wp\/v2\/media?parent=14004"}],"curies":[{"name":"wp","href":"https:\/\/api.w.org\/{rel}","templated":true}]}}