{"id":13559,"date":"2018-04-04T11:45:28","date_gmt":"2018-04-04T09:45:28","guid":{"rendered":"https:\/\/blogs.ihk-nuernberg.de\/antworten\/?page_id=13559"},"modified":"2024-10-11T10:31:18","modified_gmt":"2024-10-11T08:31:18","slug":"ns-zeit","status":"publish","type":"page","link":"https:\/\/wp2.ihk-nuernberg.de\/antworten\/geschichte-woher-wir-kommen-und-wohin-wir-gehen\/ns-zeit\/","title":{"rendered":"NS-Zeit"},"content":{"rendered":"<p><div class=\"fusion-fullwidth fullwidth-box fusion-builder-row-1 fusion-flex-container nonhundred-percent-fullwidth non-hundred-percent-height-scrolling\" style=\"--awb-border-radius-top-left:0px;--awb-border-radius-top-right:0px;--awb-border-radius-bottom-right:0px;--awb-border-radius-bottom-left:0px;--awb-flex-wrap:wrap;\" ><div class=\"fusion-builder-row fusion-row fusion-flex-align-items-flex-start fusion-flex-content-wrap\" style=\"max-width:1144px;margin-left: calc(-4% \/ 2 );margin-right: calc(-4% \/ 2 );\"><div class=\"fusion-layout-column fusion_builder_column fusion-builder-column-0 fusion_builder_column_1_1 1_1 fusion-flex-column\" style=\"--awb-bg-size:cover;--awb-width-large:100%;--awb-margin-top-large:0px;--awb-spacing-right-large:1.92%;--awb-margin-bottom-large:0px;--awb-spacing-left-large:1.92%;--awb-width-medium:100%;--awb-spacing-right-medium:1.92%;--awb-spacing-left-medium:1.92%;--awb-width-small:100%;--awb-spacing-right-small:1.92%;--awb-spacing-left-small:1.92%;\"><div class=\"fusion-column-wrapper fusion-flex-justify-content-flex-start fusion-content-layout-column\"><div class=\"fusion-image-element \" style=\"--awb-caption-title-font-family:var(--h2_typography-font-family);--awb-caption-title-font-weight:var(--h2_typography-font-weight);--awb-caption-title-font-style:var(--h2_typography-font-style);--awb-caption-title-size:var(--h2_typography-font-size);--awb-caption-title-transform:var(--h2_typography-text-transform);--awb-caption-title-line-height:var(--h2_typography-line-height);--awb-caption-title-letter-spacing:var(--h2_typography-letter-spacing);\"><span class=\" fusion-imageframe imageframe-none imageframe-1 hover-type-zoomin\"><a href=\"https:\/\/wp2.ihk-nuernberg.de\/antworten\/wp-content\/uploads\/sites\/19\/2017\/11\/10.01-Stadtarchiv-Nuernberg-A90_156_Nachbearbeitet.jpg\" class=\"fusion-lightbox\" data-rel=\"iLightbox[1]\" data-caption=\"Das mit Hakenkreuzfahnen beflaggte IHK-Geb\u00e4ude, vermutlich w\u00e4hrend des Reichsparteitages 1938, (Stadtarchiv N\u00fcrnberg, A 90 Nr. 156).\" data-title=\"N\u00fcrnberger Hauptmarkt in der NS-Zeit\" title=\"N\u00fcrnberger Hauptmarkt in der NS-Zeit\"><img decoding=\"async\" width=\"1920\" height=\"566\" src=\"https:\/\/wp2.ihk-nuernberg.de\/antworten\/wp-content\/uploads\/sites\/19\/2018\/04\/10.03-A90_156_Nachbearbeitet_Querformat.jpg\" alt class=\"img-responsive wp-image-13560\" srcset=\"https:\/\/wp2.ihk-nuernberg.de\/antworten\/wp-content\/uploads\/sites\/19\/2018\/04\/10.03-A90_156_Nachbearbeitet_Querformat-300x88.jpg 300w, https:\/\/wp2.ihk-nuernberg.de\/antworten\/wp-content\/uploads\/sites\/19\/2018\/04\/10.03-A90_156_Nachbearbeitet_Querformat-768x226.jpg 768w, https:\/\/wp2.ihk-nuernberg.de\/antworten\/wp-content\/uploads\/sites\/19\/2018\/04\/10.03-A90_156_Nachbearbeitet_Querformat-1024x302.jpg 1024w, https:\/\/wp2.ihk-nuernberg.de\/antworten\/wp-content\/uploads\/sites\/19\/2018\/04\/10.03-A90_156_Nachbearbeitet_Querformat-1536x453.jpg 1536w, https:\/\/wp2.ihk-nuernberg.de\/antworten\/wp-content\/uploads\/sites\/19\/2018\/04\/10.03-A90_156_Nachbearbeitet_Querformat.jpg 1920w\" sizes=\"(max-width: 1920px) 100vw, 1920px\" \/><\/a><\/span><\/div><div class=\"fusion-text fusion-text-1\"><p style=\"text-align: right\"><span class=\"copyright2\">Stadtarchiv N\u00fcrnberg, A90 156<br \/>\n<\/span><\/p>\n<\/div><div class=\"fusion-title title fusion-title-1 fusion-sep-none fusion-title-text fusion-title-size-one\" style=\"--awb-margin-top-small:0px;--awb-margin-right-small:0px;--awb-margin-bottom-small:20px;--awb-margin-left-small:0px;\"><h1 class=\"fusion-title-heading title-heading-left fusion-responsive-typography-calculated\" style=\"margin:0;text-transform:none;--fontSize:64;line-height:1.5;\">NS-Zeit<\/h1><\/div><div class=\"fusion-text fusion-text-2\"><p>Unter dem Hakenkreuz: Welche Rolle spielte die IHK 1933 bis 1945? Interview mit der Historikerin Dr. Martina Bauernfeind, wissenschaftliche Mitarbeiterin beim Kulturreferat der Stadt N\u00fcrnberg und Vorstandsmitglied des Stadtarchivs.<\/p>\n<\/div><\/div><\/div><div class=\"fusion-layout-column fusion_builder_column fusion-builder-column-1 fusion_builder_column_1_1 1_1 fusion-flex-column\" style=\"--awb-bg-size:cover;--awb-width-large:100%;--awb-margin-top-large:0px;--awb-spacing-right-large:1.92%;--awb-margin-bottom-large:0px;--awb-spacing-left-large:1.92%;--awb-width-medium:100%;--awb-spacing-right-medium:1.92%;--awb-spacing-left-medium:1.92%;--awb-width-small:100%;--awb-spacing-right-small:1.92%;--awb-spacing-left-small:1.92%;\"><div class=\"fusion-column-wrapper fusion-flex-justify-content-flex-start fusion-content-layout-column\"><div class=\"fusion-title title fusion-title-2 fusion-sep-none fusion-title-text fusion-title-size-three\" style=\"--awb-margin-top-small:0px;--awb-margin-right-small:0px;--awb-margin-bottom-small:20px;--awb-margin-left-small:0px;\"><h3 class=\"fusion-title-heading title-heading-left fusion-responsive-typography-calculated\" style=\"margin:0;text-transform:none;--fontSize:22;line-height:1.41;\">Was bedeutete das Jahr 1933 f\u00fcr die IHK?<\/h3><\/div><div class=\"fusion-text fusion-text-3\"><p>Nach der Macht\u00fcbernahme durch die Nationalsozialisten erfolgte die Gleichschaltung aller \u00f6ffentlichen Bereiche. Organe des Wirtschaftslebens waren hier nicht ausgenommen, zumal diese als Instrumente staatlicher Wirtschaftslenkung vereinnahmt werden konnten. Die Anpassung der IHK an die neuen politischen Rahmenbedingungen erfolgte rasch. Auch mit der Entfernung rassenideologisch und politisch unerw\u00fcnschter Mitglieder scheinen sich die davon nicht Betroffenen schnell arrangiert zu haben. Die Selbstinszenierung reflektierte k\u00fcnftig auf die demonstrative Einigkeit mit Partei und Staatsf\u00fchrung. Zudem wirkten die Industrie- und Handelskammern aktiv im Arisierungsgeschehen mit.<\/p>\n<\/div><\/div><\/div><div class=\"fusion-layout-column fusion_builder_column fusion-builder-column-2 fusion_builder_column_2_3 2_3 fusion-flex-column\" style=\"--awb-bg-size:cover;--awb-width-large:66.666666666667%;--awb-margin-top-large:0px;--awb-spacing-right-large:2.88%;--awb-margin-bottom-large:0px;--awb-spacing-left-large:2.88%;--awb-width-medium:100%;--awb-spacing-right-medium:1.92%;--awb-spacing-left-medium:1.92%;--awb-width-small:100%;--awb-spacing-right-small:1.92%;--awb-spacing-left-small:1.92%;\"><div class=\"fusion-column-wrapper fusion-flex-justify-content-flex-start fusion-content-layout-column\"><div class=\"fusion-title title fusion-title-3 fusion-sep-none fusion-title-text fusion-title-size-three\" style=\"--awb-margin-top-small:0px;--awb-margin-right-small:0px;--awb-margin-bottom-small:20px;--awb-margin-left-small:0px;\"><h3 class=\"fusion-title-heading title-heading-left fusion-responsive-typography-calculated\" style=\"margin:0;text-transform:none;--fontSize:22;line-height:1.41;\">Kann man noch von einer kaufm\u00e4nnischen Selbstverwaltung nach 1933 sprechen?<\/h3><\/div><div class=\"fusion-text fusion-text-4\"><p>Schon am 27. M\u00e4rz 1933 markierte die Verordnung des bayerischen Gesamtministeriums zur Aufl\u00f6sung s\u00e4mtlicher Kammervorst\u00e4nde einen folgenschweren Schritt zum Verlust der Selbstverwaltungskompetenz. 1934 wurden die Kammern dem Reichswirtschaftsministerium unterstellt.<\/p>\n<\/div><div class=\"fusion-text fusion-text-5\"><p>Die mit der nationalsozialistischen Wirtschaftspolitik verbundene Rolle der IHK ist bislang noch ein Desiderat, ebenso wie die wirtschaftlichen Sondereffekte durch die Reichsparteitage. Fest steht, dass die IHK diese N\u00fcrnberger Sonderentwicklung eng begleitet hat, etwa durch Erhebungen \u00fcber die \u201eAuswirkungen der Reichsparteitage auf das N\u00fcrnberger Wirtschaftsleben\u201c. So ermittelte die IHK f\u00fcr den Reichsparteitag 1937, dass vor allem g\u00fcnstig gelegene Gasth\u00e4user erhebliche Umsatzzuw\u00e4chse verzeichneten und auch Kleingewerbetreibende bessere Gesch\u00e4fte machten als sonst.<\/p>\n<\/div><\/div><\/div><div class=\"fusion-layout-column fusion_builder_column fusion-builder-column-3 fusion_builder_column_1_3 1_3 fusion-flex-column\" style=\"--awb-bg-size:cover;--awb-width-large:33.333333333333%;--awb-margin-top-large:0px;--awb-spacing-right-large:5.76%;--awb-margin-bottom-large:0px;--awb-spacing-left-large:5.76%;--awb-width-medium:100%;--awb-spacing-right-medium:1.92%;--awb-spacing-left-medium:1.92%;--awb-width-small:100%;--awb-spacing-right-small:1.92%;--awb-spacing-left-small:1.92%;\"><div class=\"fusion-column-wrapper fusion-flex-justify-content-flex-start fusion-content-layout-column\"><div class=\"fusion-image-element \" style=\"--awb-caption-title-font-family:var(--h2_typography-font-family);--awb-caption-title-font-weight:var(--h2_typography-font-weight);--awb-caption-title-font-style:var(--h2_typography-font-style);--awb-caption-title-size:var(--h2_typography-font-size);--awb-caption-title-transform:var(--h2_typography-text-transform);--awb-caption-title-line-height:var(--h2_typography-line-height);--awb-caption-title-letter-spacing:var(--h2_typography-letter-spacing);\"><span class=\" fusion-imageframe imageframe-none imageframe-2 hover-type-zoomin fusion-animated\" data-animationType=\"fadeInLeft\" data-animationDuration=\"1.0\" data-animationOffset=\"top-into-view\"><a href=\"https:\/\/wp2.ihk-nuernberg.de\/antworten\/wp-content\/uploads\/sites\/19\/2018\/04\/10.02-PD_Charles-Russell-Collection-NARA_Reichsparteitagnov_Sept_1935.jpg\" class=\"fusion-lightbox\" data-rel=\"iLightbox[1]\" data-caption=\"Aufmarsch am Reichsparteitag im September 1935 auf dem N\u00fcrnberger Hauptmarkt\" data-title=\"Reichsparteitag 1935 &#8211; Charles Russell Collection, NARA\" title=\"Reichsparteitag 1935 &#8211; Charles Russell Collection, NARA\"><img decoding=\"async\" width=\"1638\" height=\"1917\" src=\"https:\/\/wp2.ihk-nuernberg.de\/antworten\/wp-content\/uploads\/sites\/19\/2018\/04\/10.02-PD_Charles-Russell-Collection-NARA_Reichsparteitagnov_Sept_1935.jpg\" alt class=\"img-responsive wp-image-13567\" srcset=\"https:\/\/wp2.ihk-nuernberg.de\/antworten\/wp-content\/uploads\/sites\/19\/2018\/04\/10.02-PD_Charles-Russell-Collection-NARA_Reichsparteitagnov_Sept_1935-256x300.jpg 256w, https:\/\/wp2.ihk-nuernberg.de\/antworten\/wp-content\/uploads\/sites\/19\/2018\/04\/10.02-PD_Charles-Russell-Collection-NARA_Reichsparteitagnov_Sept_1935-768x899.jpg 768w, https:\/\/wp2.ihk-nuernberg.de\/antworten\/wp-content\/uploads\/sites\/19\/2018\/04\/10.02-PD_Charles-Russell-Collection-NARA_Reichsparteitagnov_Sept_1935-875x1024.jpg 875w, https:\/\/wp2.ihk-nuernberg.de\/antworten\/wp-content\/uploads\/sites\/19\/2018\/04\/10.02-PD_Charles-Russell-Collection-NARA_Reichsparteitagnov_Sept_1935-1312x1536.jpg 1312w, https:\/\/wp2.ihk-nuernberg.de\/antworten\/wp-content\/uploads\/sites\/19\/2018\/04\/10.02-PD_Charles-Russell-Collection-NARA_Reichsparteitagnov_Sept_1935.jpg 1638w\" sizes=\"(max-width: 1638px) 100vw, 1638px\" \/><\/a><\/span><\/div><div class=\"fusion-text fusion-text-6\"><p style=\"text-align: left\"><span class=\"copyright2\">Charles Russell Collection, NARA<\/span><\/p>\n<\/div><div class=\"fusion-builder-row fusion-builder-row-inner fusion-row fusion-flex-align-items-flex-start fusion-flex-content-wrap\" style=\"--awb-flex-grow:0;--awb-flex-grow-medium:0;--awb-flex-grow-small:0;--awb-flex-shrink:0;--awb-flex-shrink-medium:0;--awb-flex-shrink-small:0;width:104% !important;max-width:104% !important;margin-left: calc(-4% \/ 2 );margin-right: calc(-4% \/ 2 );\"><div class=\"fusion-layout-column fusion_builder_column_inner fusion-builder-nested-column-0 fusion_builder_column_inner_1_1 1_1 fusion-flex-column\" style=\"--awb-padding-top:10px;--awb-padding-right:10px;--awb-padding-bottom:10px;--awb-padding-left:10px;--awb-bg-color:#cccccc;--awb-bg-color-hover:#cccccc;--awb-bg-size:cover;--awb-width-large:100%;--awb-margin-top-large:10px;--awb-spacing-right-large:1.92%;--awb-margin-bottom-large:0px;--awb-spacing-left-large:1.92%;--awb-width-medium:100%;--awb-spacing-right-medium:1.92%;--awb-spacing-left-medium:1.92%;--awb-width-small:100%;--awb-spacing-right-small:1.92%;--awb-spacing-left-small:1.92%;\"><div class=\"fusion-column-wrapper fusion-flex-justify-content-flex-start fusion-content-layout-column\"><div class=\"fusion-text fusion-text-7\"><p><strong>IHK im Dritten Reich<br \/>\n<\/strong><\/p>\n<!--[if lt IE 9]><script>document.createElement('audio');<\/script><![endif]-->\n<audio class=\"wp-audio-shortcode\" id=\"audio-13559-1\" preload=\"none\" style=\"width: 100%;\" controls=\"controls\"><source type=\"audio\/mpeg\" src=\"https:\/\/wp2.ihk-nuernberg.de\/antworten\/wp-content\/uploads\/sites\/19\/2018\/04\/2018_IHK_Podcast_NS-Zeit_V1.mp3?_=1\" \/><a href=\"https:\/\/wp2.ihk-nuernberg.de\/antworten\/wp-content\/uploads\/sites\/19\/2018\/04\/2018_IHK_Podcast_NS-Zeit_V1.mp3\">https:\/\/wp2.ihk-nuernberg.de\/antworten\/wp-content\/uploads\/sites\/19\/2018\/04\/2018_IHK_Podcast_NS-Zeit_V1.mp3<\/a><\/audio>\n<\/div><\/div><\/div><\/div><\/div><\/div><div class=\"fusion-layout-column fusion_builder_column fusion-builder-column-4 fusion_builder_column_1_1 1_1 fusion-flex-column\" style=\"--awb-bg-size:cover;--awb-width-large:100%;--awb-margin-top-large:0px;--awb-spacing-right-large:1.92%;--awb-margin-bottom-large:0px;--awb-spacing-left-large:1.92%;--awb-width-medium:100%;--awb-spacing-right-medium:1.92%;--awb-spacing-left-medium:1.92%;--awb-width-small:100%;--awb-spacing-right-small:1.92%;--awb-spacing-left-small:1.92%;\"><div class=\"fusion-column-wrapper fusion-flex-justify-content-flex-start fusion-content-layout-column\"><div class=\"fusion-title title fusion-title-4 fusion-sep-none fusion-title-text fusion-title-size-three\" style=\"--awb-margin-top-small:0px;--awb-margin-right-small:0px;--awb-margin-bottom-small:20px;--awb-margin-left-small:0px;\"><h3 class=\"fusion-title-heading title-heading-left fusion-responsive-typography-calculated\" style=\"margin:0;text-transform:none;--fontSize:22;line-height:1.41;\">Wie ging die Gleichschaltung vonstatten?<\/h3><\/div><div class=\"fusion-text fusion-text-8\"><p>Die sogenannten Gleichschaltungsgesetze vom 31. M\u00e4rz und 7. April 1933 leiteten die Konsolidierungsphase des NS-Regimes ein, die mit der personellen Unterwanderung nahezu aller Bereiche des \u00f6ffentlichen Lebens im Herbst 1933 in N\u00fcrnberg weitgehend abgeschlossen war. Neben der Ausbootung unliebsamer Personen z\u00e4hlte dazu die Neubesetzung von Spitzen\u00e4mtern mit NSDAP-Mitgliedern bzw. ideologisch zuverl\u00e4ssigen Personen. Einem Aderlass kam der Kammerausschluss j\u00fcdischer Gesch\u00e4ftsleute gleich, denn insbesondere die j\u00fcdische Unternehmerelite hatte ma\u00dfgeblichen Anteil an der wirtschaftlichen Dynamik der Industrialisierung sowie der globalen Pr\u00e4senz von Produkten aus N\u00fcrnberg gehabt.<\/p>\n<\/div><div class=\"fusion-title title fusion-title-5 fusion-sep-none fusion-title-text fusion-title-size-three\" style=\"--awb-margin-top-small:0px;--awb-margin-right-small:0px;--awb-margin-bottom-small:20px;--awb-margin-left-small:0px;\"><h3 class=\"fusion-title-heading title-heading-left fusion-responsive-typography-calculated\" style=\"margin:0;text-transform:none;--fontSize:22;line-height:1.41;\">Wie stand es nach der Macht\u00fcbernahme um die Kontinuit\u00e4t der handelnden Personen?<\/h3><\/div><div class=\"fusion-text fusion-text-9\"><p>Nach dem Tod des Kammerpr\u00e4sidenten Dr. h.c. Georg F. Schmidmer am 31. Januar 1933 wurde Johann Popp, Inhaber einer Kolonialwarengro\u00dfhandlung und bislang 3. Vorstand, \u00fcbergangsweise zum gesch\u00e4ftsf\u00fchrenden Vorsitzenden gew\u00e4hlt. Als kommissarischer Pr\u00e4sident wurde der Spediteur Georg Schaub eingesetzt und am 1. Juni 1933 per Akklamation im Amt best\u00e4tigt. Schaub war bereits 1932 in die NSDAP eingetreten und bis 1937 Pr\u00e4sident und Gauwirtschaftsberater in Personalunion. Als eines der prominentesten Opfer der Personalpolitik verlor der j\u00fcdische Bankier Dr. Richard Kohn, seit 1912 Mitglied der IHK, sein Amt als 2. Vorsitzender. Nach jahrelangem Widerstand gegen die Arisierung seines Unternehmens wurde er schlie\u00dflich 1938 zur Aufgabe gezwungen, 1941 nach Riga-Jungfernhof deportiert und dort ermordet.<\/p>\n<p>Nach dem R\u00fccktritt Schaubs folgte ihm 1937 als Gauwirtschaftsberater Otto Strobl, Direktor bei AEG und NS-Parteimitglied. 1938 wurde er von der Gauleitung auch als Pr\u00e4sident best\u00e4tigt. Die Ernennung von Ernst Franke, Vorstandsmitglied der Kabel- und Metallwerke Neumeyer AG, wenige Tage nach Kriegsbeginn zum Pr\u00e4sidenten trug der wehrwirtschaftlichen Bedeutung der Industrie Rechnung. Ihm folgte 1942 Ernst Voelk und schlie\u00dflich 1943 mit der formalen Aufl\u00f6sung der IHK Dr. Ludwig K\u00f6hler als Hauptgesch\u00e4ftsf\u00fchrer der Gauwirtschaftskammer Franken.<\/p>\n<\/div><div class=\"fusion-title title fusion-title-6 fusion-sep-none fusion-title-text fusion-title-size-three\" style=\"--awb-margin-top-small:0px;--awb-margin-right-small:0px;--awb-margin-bottom-small:20px;--awb-margin-left-small:0px;\"><h3 class=\"fusion-title-heading title-heading-left fusion-responsive-typography-calculated\" style=\"margin:0;text-transform:none;--fontSize:22;line-height:1.41;\">Welchen Handlungsspielraum hatte die Kammer nach der Machtergreifung?<\/h3><\/div><div class=\"fusion-text fusion-text-10\"><p>Die Selbstverwaltungskompetenz war schon durch die Besetzung der \u00c4mter nach Parteivorgaben stark eingeschr\u00e4nkt. Vor dem Hintergrund der R\u00fcstungsaktivit\u00e4ten nahm ab 1936 der staatliche Einfluss auf die Wirtschaftsverb\u00e4nde zu und alle Industrie- und Handelskammern sowie Handwerkskammern wurden der zust\u00e4ndigen Bezirkswirtschaftskammer zugeteilt. Der staatliche Zugriff verdichtete sich nach Kriegsausbruch durch Rohstoffbewirtschaftung, Lenkung der Arbeitskr\u00e4fte sowie Stilllegung vorgeblich leistungsschwacher Betriebe noch einmal mehr.<\/p>\n<\/div><div class=\"fusion-title title fusion-title-7 fusion-sep-none fusion-title-text fusion-title-size-three\" style=\"--awb-margin-top-small:0px;--awb-margin-right-small:0px;--awb-margin-bottom-small:20px;--awb-margin-left-small:0px;\"><h3 class=\"fusion-title-heading title-heading-left fusion-responsive-typography-calculated\" style=\"margin:0;text-transform:none;--fontSize:22;line-height:1.41;\">Welche Rolle spielte die IHK bei der Arisierung?<\/h3><\/div><div class=\"fusion-text fusion-text-11\"><p>Hierbei spielte die IHK eine Schl\u00fcsselrolle. In Personalunion bekleidete Strobl rund zwei Jahre die \u00c4mter des Kammerpr\u00e4sidenten und des Gauwirtschaftsberaters und steuerte die Enteignung der j\u00fcdischen Gesch\u00e4ftsleute in Franken entscheidend mit. 1938 regelte ein Erlass des Reichswirtschaftsministeriums das Arisierungsverfahren, bei dem der Gauwirtschaftsberater sowie die IHK voneinander unabh\u00e4ngig das Arisierungsvorhaben zu begutachten hatten. In der Praxis bedeutete dies Einsch\u00fcchterung und Bedrohung des j\u00fcdischen Verk\u00e4ufers, weitm\u00f6glichste Senkung des Kaufpreises, Tilgung j\u00fcdischer Firmenbezeichnungen und Entlassung j\u00fcdischer Besch\u00e4ftigten.<\/p>\n<p>Sowohl auf die Preisgestaltung als auch auf die Auswahl der \u201earischen\u201c Interessenten nahm Strobl in seiner Doppelfunktion Einfluss, indem er kapitalkr\u00e4ftige Parteigenossen oder der Gauleitung genehme Personen als K\u00e4ufer gegen Entrichtung einer Parteispende zum Zuge kommen lie\u00df. Auch die \u00dcberlassung von Aufsichtsratsposten, von denen Strobl selbst drei \u00fcbernahm, war in mehreren F\u00e4llen Bestandteil der Einigung. Einen H\u00f6hepunkt verzeichnete das Arisierungsgeschehen nach der Pogromnacht am 9.\/10. November 1938, in deren Folge bis Februar 1939 die Enteignung von \u00fcber 70 Gro\u00dfhandelsfirmen und Industriebetrieben in N\u00fcrnberg und F\u00fcrth von der IHK gemanagt wurde. Die Zwangsver\u00e4u\u00dferung ihrer Gesch\u00e4fte zu Schleuderpreisen beraubte viele j\u00fcdische Verk\u00e4ufer der finanziellen M\u00f6glichkeit, rechtzeitig zu emigrieren. Die IHK als ma\u00dfgebliche Arisierungsinstanz trug insofern dazu bei, dass Menschen, deren Interessen sie h\u00e4tte vertreten sollen, der Shoa ausgeliefert wurden.<\/p>\n<\/div><div class=\"fusion-title title fusion-title-8 fusion-sep-none fusion-title-text fusion-title-size-three\" style=\"--awb-margin-top-small:0px;--awb-margin-right-small:0px;--awb-margin-bottom-small:20px;--awb-margin-left-small:0px;\"><h3 class=\"fusion-title-heading title-heading-left fusion-responsive-typography-calculated\" style=\"margin:0;text-transform:none;--fontSize:22;line-height:1.41;\">Warum haben die Nationalsozialisten die IHK letztlich aufgel\u00f6st?<\/h3><\/div><div class=\"fusion-text fusion-text-12\"><p>Unter dem Druck des Kriegsverlaufs nahm der staatliche Dirigismus zu. Das formale Ende der Selbstverwaltungskompetenz markierte 1943 schlie\u00dflich die sogenannte Gauwirtschaftsverordnung, die die Kammern in Gauwirtschaftskammern zusammenfasste. Die 54 Beiratsmitglieder der Gauwirtschaftskammer Franken rekrutierten sich zum gro\u00dfen Teil aus prominenten NS-Funktionstr\u00e4gern wie dem N\u00fcrnberger Oberb\u00fcrgermeister Willy Liebel, Profiteuren der Arisierung, darunter Gustav Schickedanz, R\u00fcstungsunternehmern sowie Handwerksfunktion\u00e4ren.<\/p>\n<\/div><div class=\"fusion-title title fusion-title-9 fusion-sep-none fusion-title-text fusion-title-size-three\" style=\"--awb-margin-top-small:0px;--awb-margin-right-small:0px;--awb-margin-bottom-small:20px;--awb-margin-left-small:0px;\"><h3 class=\"fusion-title-heading title-heading-left fusion-responsive-typography-calculated\" style=\"margin:0;text-transform:none;--fontSize:22;line-height:1.41;\">Wie ging es nach Kriegsende weiter?<\/h3><\/div><div class=\"fusion-text fusion-text-13\"><p>Mit Kriegsende erlosch das Konstrukt der Gauwirtschaftskammer. Der US-Milit\u00e4rregierung wurde ein Vorschlag zur Wiedererrichtung der Industrie- und Handelskammer, die als Ansprechpartnerin f\u00fcr den Wiederaufbau dringend ben\u00f6tigt wurde, \u00fcbergeben. 1948 genehmigte das bayerische Wirtschaftsministerium den mehrfach \u00fcberarbeiteten Entwurf und mit der Wahl von Rudolf Haas, Direktor der Firma Chemische Werke B\u00f6hmer, Seifen- und Sodafabrik N\u00fcrnberg GmbH, zum Pr\u00e4sidenten am 2. November 1948 war der Neubeginn vollzogen. Nachdem der Stammsitz am Hauptmarkt 25 in der Bombennacht zum 2. Januar 1945 v\u00f6llig ausgebrannt war, begann die Wiederherstellung der Kammerstrukturen in der Johannisstra\u00dfe 3 als Interimsquartier. Aber schon 1951 konnte das IHK-Geb\u00e4ude als eines der ersten der Altstadt wieder bezogen werden. Die Nachkriegsjahre standen im Zeichen der regionalen Wirtschaftsf\u00f6rderung insbesondere in Hinblick auf die ver\u00e4nderte geopolitische Lage.<\/p>\n<\/div><\/div><\/div><\/div><\/div><div class=\"fusion-fullwidth fullwidth-box fusion-builder-row-2 fusion-flex-container nonhundred-percent-fullwidth non-hundred-percent-height-scrolling\" style=\"--awb-border-radius-top-left:0px;--awb-border-radius-top-right:0px;--awb-border-radius-bottom-right:0px;--awb-border-radius-bottom-left:0px;--awb-margin-top:50px;--awb-flex-wrap:wrap;\" ><div class=\"fusion-builder-row fusion-row fusion-flex-align-items-flex-start fusion-flex-content-wrap\" style=\"max-width:1144px;margin-left: calc(-4% \/ 2 );margin-right: calc(-4% \/ 2 );\"><div class=\"fusion-layout-column fusion_builder_column fusion-builder-column-5 fusion_builder_column_1_1 1_1 fusion-flex-column\" style=\"--awb-bg-size:cover;--awb-width-large:100%;--awb-margin-top-large:0px;--awb-spacing-right-large:1.92%;--awb-margin-bottom-large:0px;--awb-spacing-left-large:1.92%;--awb-width-medium:100%;--awb-spacing-right-medium:1.92%;--awb-spacing-left-medium:1.92%;--awb-width-small:100%;--awb-spacing-right-small:1.92%;--awb-spacing-left-small:1.92%;\"><div class=\"fusion-column-wrapper fusion-flex-justify-content-flex-start fusion-content-layout-column\"><div class=\"fusion-title title fusion-title-10 fusion-sep-none fusion-title-text fusion-title-size-one\" style=\"--awb-margin-top-small:0px;--awb-margin-right-small:0px;--awb-margin-bottom-small:20px;--awb-margin-left-small:0px;\"><h1 class=\"fusion-title-heading title-heading-left fusion-responsive-typography-calculated\" style=\"margin:0;text-transform:none;--fontSize:64;line-height:1.5;\">Die bayerischen IHKs in der NS-Zeit<\/h1><\/div><div class=\"fusion-text fusion-text-14\"><p>Dr. Eva Moser, Leiterin des Bayerischen Wirtschaftsarchivs, M\u00fcnchen.<\/p>\n<\/div><\/div><\/div><div class=\"fusion-layout-column fusion_builder_column fusion-builder-column-6 fusion_builder_column_2_3 2_3 fusion-flex-column\" style=\"--awb-bg-size:cover;--awb-width-large:66.666666666667%;--awb-margin-top-large:0px;--awb-spacing-right-large:2.88%;--awb-margin-bottom-large:0px;--awb-spacing-left-large:2.88%;--awb-width-medium:100%;--awb-spacing-right-medium:1.92%;--awb-spacing-left-medium:1.92%;--awb-width-small:100%;--awb-spacing-right-small:1.92%;--awb-spacing-left-small:1.92%;\"><div class=\"fusion-column-wrapper fusion-flex-justify-content-flex-start fusion-content-layout-column\"><div class=\"fusion-text fusion-text-15\"><p>Nach der Machtergreifung 1933 bekam die NSDAP innerhalb kurzer Zeit alle staatlichen Einrichtungen in ihre Hand. Auch die Industrie- und Handelskammern wurden \u201egleichgeschaltet\u201c und an die NS-Leitvorstellungen f\u00fcr den st\u00e4ndischen Aufbau der Wirtschaft angepasst. Einschneidende Neuerungen waren die Einf\u00fchrung des sog. \u201eF\u00fchrerprinzips\u201c, also die Unterordnung einer Organisation ohne Einschr\u00e4nkungen unter die Entscheidungen des jeweiligen F\u00fchrers, und die Abschaffung der freien Wahl der Kammerorgane. Seit 1934 unterstanden die IHKs der Aufsicht des Reichswirtschaftsministers. An die Stelle der gew\u00e4hlten Vollversammlung trat ein vom Pr\u00e4sidenten zu berufender und vom Reichswirtschaftsminister zu best\u00e4tigender \u201eBeirat\u201c, der lediglich beratende Funktion hatte.<\/p>\n<\/div><\/div><\/div><div class=\"fusion-layout-column fusion_builder_column fusion-builder-column-7 fusion_builder_column_1_3 1_3 fusion-flex-column\" style=\"--awb-bg-size:cover;--awb-width-large:33.333333333333%;--awb-margin-top-large:0px;--awb-spacing-right-large:5.76%;--awb-margin-bottom-large:0px;--awb-spacing-left-large:5.76%;--awb-width-medium:100%;--awb-spacing-right-medium:1.92%;--awb-spacing-left-medium:1.92%;--awb-width-small:100%;--awb-spacing-right-small:1.92%;--awb-spacing-left-small:1.92%;\"><div class=\"fusion-column-wrapper fusion-flex-justify-content-flex-start fusion-content-layout-column\"><div class=\"fusion-image-element \" style=\"--awb-caption-title-font-family:var(--h2_typography-font-family);--awb-caption-title-font-weight:var(--h2_typography-font-weight);--awb-caption-title-font-style:var(--h2_typography-font-style);--awb-caption-title-size:var(--h2_typography-font-size);--awb-caption-title-transform:var(--h2_typography-text-transform);--awb-caption-title-line-height:var(--h2_typography-line-height);--awb-caption-title-letter-spacing:var(--h2_typography-letter-spacing);\"><span class=\" fusion-imageframe imageframe-none imageframe-3 hover-type-zoomin fusion-animated\" data-animationType=\"fadeInRight\" data-animationDuration=\"1.0\" data-animationOffset=\"top-into-view\"><a href=\"https:\/\/wp2.ihk-nuernberg.de\/antworten\/files\/2018\/04\/10.06-Marion-Vogel_Dr_Eva_Moser14.jpg\" class=\"fusion-lightbox\" data-rel=\"iLightbox[1]\" title=\"Dr. Eva Moser, Leiterin des Bayerischen Wirtschaftsarchivs\"><img decoding=\"async\" width=\"1920\" height=\"1347\" src=\"https:\/\/wp2.ihk-nuernberg.de\/antworten\/wp-content\/uploads\/sites\/19\/2018\/04\/10.06-Marion-Vogel_Dr_Eva_Moser14.jpg\" alt class=\"img-responsive wp-image-13745\" srcset=\"https:\/\/wp2.ihk-nuernberg.de\/antworten\/wp-content\/uploads\/sites\/19\/2018\/04\/10.06-Marion-Vogel_Dr_Eva_Moser14-300x210.jpg 300w, https:\/\/wp2.ihk-nuernberg.de\/antworten\/wp-content\/uploads\/sites\/19\/2018\/04\/10.06-Marion-Vogel_Dr_Eva_Moser14-768x539.jpg 768w, https:\/\/wp2.ihk-nuernberg.de\/antworten\/wp-content\/uploads\/sites\/19\/2018\/04\/10.06-Marion-Vogel_Dr_Eva_Moser14-1024x718.jpg 1024w, https:\/\/wp2.ihk-nuernberg.de\/antworten\/wp-content\/uploads\/sites\/19\/2018\/04\/10.06-Marion-Vogel_Dr_Eva_Moser14-1536x1078.jpg 1536w, https:\/\/wp2.ihk-nuernberg.de\/antworten\/wp-content\/uploads\/sites\/19\/2018\/04\/10.06-Marion-Vogel_Dr_Eva_Moser14.jpg 1920w\" sizes=\"(max-width: 1920px) 100vw, 1920px\" \/><\/a><\/span><\/div><div class=\"fusion-text fusion-text-16\"><p style=\"text-align: right\"><span class=\"copyright2\">Foto: Marion Vogel, www.marion-vogel.de<\/span><\/p>\n<\/div><\/div><\/div><div class=\"fusion-layout-column fusion_builder_column fusion-builder-column-8 fusion_builder_column_1_1 1_1 fusion-flex-column\" style=\"--awb-bg-size:cover;--awb-width-large:100%;--awb-margin-top-large:0px;--awb-spacing-right-large:1.92%;--awb-margin-bottom-large:0px;--awb-spacing-left-large:1.92%;--awb-width-medium:100%;--awb-spacing-right-medium:1.92%;--awb-spacing-left-medium:1.92%;--awb-width-small:100%;--awb-spacing-right-small:1.92%;--awb-spacing-left-small:1.92%;\"><div class=\"fusion-column-wrapper fusion-flex-justify-content-flex-start fusion-content-layout-column\"><div class=\"fusion-text fusion-text-17\"><p>Wichtiger Bestandteil der Gleichschaltungsma\u00dfnahmen war das Gesetz zur Wiederherstellung des Berufsbeamtentums. Die erste Fassung vom 7. April 1933 besagte, dass \u201enichtarische Beamte\u201c in den Ruhestand zu versetzen sind. Diese Bestimmung bezog sich auch auf Beamte von K\u00f6rperschaften des \u00f6ffentlichen Rechts sowie diesen gleichgestellten Einrichtungen und Unternehmungen, also auch auf die IHKs. Als \u201enichtarisch\u201c galt, wer einen j\u00fcdischen Eltern- oder Gro\u00dfelternteil besa\u00df. Von dem &#8222;Gesetz zur Wiederherstellung des Berufsbeamtentums&#8220; vorerst ausgenommen waren j\u00fcdische Frontk\u00e4mpfer des Ersten Weltkriegs und ihre Angeh\u00f6rigen sowie vor dem 1. August 1914 Verbeamtete. Mit Verabschiedung der N\u00fcrnberger Rassengesetze im September 1935 entfiel diese Ausnahme.<\/p>\n<\/div><div class=\"fusion-text fusion-text-18\"><p>Der Handlungsspielraum der IHKs schrumpfte mehr und mehr. Die Auftragsverwaltung f\u00fcr den Staat trat zunehmend an die Stelle wirtschaftlicher Selbstverwaltung. So musste etwa die IHK M\u00fcnchen 1933 eine Gutachterstelle einrichten, die die Verwendung von NS-Symbolen und -Bildern auf Produkten sowie in der Werbung zu pr\u00fcfen und gegebenenfalls zu untersagen hatte. Zu den neuen T\u00e4tigkeitsfeldern der IHKs geh\u00f6rte aber auch die Mitwirkung an der sogenannten Arisierung, mit Umfragen zur Herkunft von Firmeninhabern, mit der Bewertung j\u00fcdischen Gesch\u00e4ftsverm\u00f6gens und der \u00dcberpr\u00fcfung der fachlichen Qualifikation \u201earischer\u201c Gesch\u00e4ftsnachfolger. 1937 wurden auch die Kleingewerbetreibenden (KGTs) kammerzugeh\u00f6rig und beitragspflichtig. Neben einem nach dem Ma\u00dfstab der Reichsgewerbesteuer zu erhebenden Kammerbeitrag konnte ein Mindest- und Grundbeitrag erhoben werden. Die KGTs hatten nur einen Grundbeitrag zu leisten.<\/p>\n<\/div><div class=\"fusion-text fusion-text-19\"><p>Der Ausbruch des Zweiten Weltkriegs machte die IHKs vollends zum verl\u00e4ngerten Arm weisungsbefugter Staats- und Parteistellen. So waren sie auch eingebunden in die organisatorische Abwicklung des Fremdarbeitereinsatzes. Sie hatten die Aufgabe, die betrieblichen Arbeitskr\u00e4fte-Bedarfsmeldungen zu bearbeiten sowie die Antr\u00e4ge der Betriebe zur Errichtung von Barackenunterk\u00fcnften zu pr\u00fcfen und mit einer Stellungnahme an die zust\u00e4ndige Au\u00dfenstelle des Speerministeriums weiterzuleiten. Die bayerischen IHKs betrieben aber keine eigenen Kriegsgefangenenlager. Die Kammern Frankfurt und Solingen verf\u00fcgten wohl dagegen \u00fcber entsprechende Einrichtungen.<\/p>\n<\/div><\/div><\/div><div class=\"fusion-layout-column fusion_builder_column fusion-builder-column-9 fusion_builder_column_1_3 1_3 fusion-flex-column\" style=\"--awb-bg-size:cover;--awb-width-large:33.333333333333%;--awb-margin-top-large:0px;--awb-spacing-right-large:5.76%;--awb-margin-bottom-large:0px;--awb-spacing-left-large:5.76%;--awb-width-medium:100%;--awb-spacing-right-medium:1.92%;--awb-spacing-left-medium:1.92%;--awb-width-small:100%;--awb-spacing-right-small:1.92%;--awb-spacing-left-small:1.92%;\"><div class=\"fusion-column-wrapper fusion-flex-justify-content-flex-start fusion-content-layout-column\"><div class=\"fusion-image-element \" style=\"--awb-caption-title-font-family:var(--h2_typography-font-family);--awb-caption-title-font-weight:var(--h2_typography-font-weight);--awb-caption-title-font-style:var(--h2_typography-font-style);--awb-caption-title-size:var(--h2_typography-font-size);--awb-caption-title-transform:var(--h2_typography-text-transform);--awb-caption-title-line-height:var(--h2_typography-line-height);--awb-caption-title-letter-spacing:var(--h2_typography-letter-spacing);\"><span class=\" fusion-imageframe imageframe-none imageframe-4 hover-type-zoomin fusion-animated\" data-animationType=\"fadeInLeft\" data-animationDuration=\"1.0\" data-animationOffset=\"top-into-view\"><a href=\"https:\/\/wp2.ihk-nuernberg.de\/antworten\/files\/2018\/04\/10.05-BWA_archivalien.jpg\" class=\"fusion-lightbox\" data-rel=\"iLightbox[1]\" title=\"Archivalien im Bayerischen Wirtschaftsarchiv\"><img decoding=\"async\" width=\"1920\" height=\"1324\" src=\"https:\/\/wp2.ihk-nuernberg.de\/antworten\/wp-content\/uploads\/sites\/19\/2018\/04\/10.05-BWA_archivalien.jpg\" alt class=\"img-responsive wp-image-13744\" srcset=\"https:\/\/wp2.ihk-nuernberg.de\/antworten\/wp-content\/uploads\/sites\/19\/2018\/04\/10.05-BWA_archivalien-300x207.jpg 300w, https:\/\/wp2.ihk-nuernberg.de\/antworten\/wp-content\/uploads\/sites\/19\/2018\/04\/10.05-BWA_archivalien-768x530.jpg 768w, https:\/\/wp2.ihk-nuernberg.de\/antworten\/wp-content\/uploads\/sites\/19\/2018\/04\/10.05-BWA_archivalien-1024x706.jpg 1024w, https:\/\/wp2.ihk-nuernberg.de\/antworten\/wp-content\/uploads\/sites\/19\/2018\/04\/10.05-BWA_archivalien-1536x1059.jpg 1536w, https:\/\/wp2.ihk-nuernberg.de\/antworten\/wp-content\/uploads\/sites\/19\/2018\/04\/10.05-BWA_archivalien.jpg 1920w\" sizes=\"(max-width: 1920px) 100vw, 1920px\" \/><\/a><\/span><\/div><div class=\"fusion-text fusion-text-20\"><p style=\"text-align: right\"><span class=\"copyright2\">Bayerisches Wirtschaftsarchiv<\/span><\/p>\n<\/div><\/div><\/div><div class=\"fusion-layout-column fusion_builder_column fusion-builder-column-10 fusion_builder_column_2_3 2_3 fusion-flex-column\" style=\"--awb-bg-size:cover;--awb-width-large:66.666666666667%;--awb-margin-top-large:0px;--awb-spacing-right-large:2.88%;--awb-margin-bottom-large:0px;--awb-spacing-left-large:2.88%;--awb-width-medium:100%;--awb-spacing-right-medium:1.92%;--awb-spacing-left-medium:1.92%;--awb-width-small:100%;--awb-spacing-right-small:1.92%;--awb-spacing-left-small:1.92%;\"><div class=\"fusion-column-wrapper fusion-flex-justify-content-flex-start fusion-content-layout-column\"><div class=\"fusion-text fusion-text-21\"><p>Im Zug der nationalsozialistischen Umbaus der Wirtschaft wurden 1934 \u201eWirtschaftskammern\u201c und als Dachorganisation die \u201eReichswirtschaftskammer\u201c eingerichtet. Die neuen \u201eWirtschaftskammern\u201c sollten als gemeinsames Sprachrohr in gro\u00dfr\u00e4umigen Regionen alle Organisationen der gewerblichen Wirtschaft vertreten.<br \/>\nDie IHKs, die Handwerkskammern und die \u201eFachgruppen\u201c, in denen die wirtschaftlichen Interessenverb\u00e4nde aufgegangen waren. F\u00fcr das gesamte rechtsrheinische Bayern wurde unter dem Vorsitz des M\u00fcnchner IHK-Pr\u00e4sidenten die \u201eWirtschaftskammer Bayern\u201c etabliert. Die Eigenst\u00e4ndigkeit der einzelnen Industrie- und Handelskammern blieb davon jedoch unber\u00fchrt.<\/p>\n<\/div><\/div><\/div><div class=\"fusion-layout-column fusion_builder_column fusion-builder-column-11 fusion_builder_column_1_1 1_1 fusion-flex-column\" style=\"--awb-bg-size:cover;--awb-width-large:100%;--awb-margin-top-large:0px;--awb-spacing-right-large:1.92%;--awb-margin-bottom-large:0px;--awb-spacing-left-large:1.92%;--awb-width-medium:100%;--awb-spacing-right-medium:1.92%;--awb-spacing-left-medium:1.92%;--awb-width-small:100%;--awb-spacing-right-small:1.92%;--awb-spacing-left-small:1.92%;\"><div class=\"fusion-column-wrapper fusion-flex-justify-content-flex-start fusion-content-layout-column\"><div class=\"fusion-text fusion-text-22\"><p>Tiefgreifende Ver\u00e4nderungen f\u00fcr die IHKs brachte die Verordnung vom 20. April 1942, die in Bayern erst 1943 umgesetzt wurde. Soweit man sie nicht aufl\u00f6ste, wurden die IHKs in die v\u00f6llig neue Organisation der \u201eGauwirtschaftskammern integriert \u2013 zusammen mit den Handwerkskammern, und den bezirklichen Gliederungen der \u201eFachgruppen\u201c. In Bayern bildeten sich f\u00fcnf Gauwirtschaftskammern: die &#8222;Gauwirtschaftskammer Bayreuth&#8220;, bestehend aus den ehemaligen Kammerbezirken Bayreuth, Coburg, Passau und Regensburg, die &#8222;Gauwirtschaftskammer Franken\u201c als Nachfolgerin der ehemaligen Kammer N\u00fcrnberg, die neu eingerichtete &#8222;Gauwirtschaftskammer Mainfranken&#8220; f\u00fcr W\u00fcrzburg, die &#8222;Gauwirtschaftskammer M\u00fcnchen-Oberbayern&#8220; und die &#8222;Gauwirtschaftskammer Augsburg&#8220;.<\/p>\n<\/div><div class=\"fusion-text fusion-text-23\"><p>Nach dem Zusammenbruch 1945 l\u00f6ste eine Direktive der US-Milit\u00e4rregierung vom 1.\/14. August die Gauwirtschaftskammern auf. Wenige Monate sp\u00e4ter lie\u00df das bayerische Wirtschaftsministerium in seiner Anordnung vom 25. Oktober 1945 sechs bayerische Industrie- und Handelskammern (IHK) in M\u00fcnchen, Augsburg, Regensburg, N\u00fcrnberg, Bayreuth und W\u00fcrzburg zu, allerdings auf der Rechtsgrundlage der freiwilligen Mitgliedschaft von Unternehmen und nur in beratender Funktion. Ihr Kammerbezirk entsprach dabei dem jeweiligen Regierungsbezirk. Bis zum Jahresende 1945 gab es zehn bayerische Industrie- und Handelskammern. Durch Ministerratsbeschluss vom 27. November 1946 entstand die IHK Aschaffenburg mit der Zust\u00e4ndigkeit f\u00fcr die kreisfreie Stadt Aschaffenburg und die Landkreise Aschaffenburg und Miltenberg. Durch Verf\u00fcgung der Milit\u00e4rregierung der franz\u00f6sischen Besatzungszone vom 15. Mai 1946 wurde die IHK Lindau errichtet, die 2004 mit der IHK Augsburg und Schwaben fusionierte. Bereits im Juni 1945 hatte sich die IHK zu Coburg durch eine Verordnung der US-Milit\u00e4rregierung wieder konstituiert. Am 17. November 1945 lie\u00df das Bayerische Wirtschaftsministerium die IHK f\u00fcr Niederbayern zu, unter dem Vorbehalt einer sp\u00e4ter dann auch erteilten Genehmigung der US-Milit\u00e4rregierung.<\/p>\n<\/div><div class=\"fusion-text fusion-text-24\"><p>Im Zuge der breit angelegten \u201eEntnazifizierung der Wirtschaft\u201c wurden ab September 1945 vom Wirtschaftsministerium Treuh\u00e4nder f\u00fcr Unternehmen bestellt, deren F\u00fchrungsspitze politisch belastet war oder die besonders mit R\u00fcstungsauftr\u00e4gen betraut gewesen waren. Auch hier waren die IHKs in die Pr\u00fcfung der fachlichen Eignung und Sachkunde der Bewerber f\u00fcr eine Treuh\u00e4nderstelle eingeschaltet. Im Zug des umfassenden Wiederaufbaus der Wirtschaft trat dieses Aufgabenfeld bald in den Hintergrund.<\/p>\n<\/div><\/div><\/div><\/div><\/div><div class=\"fusion-fullwidth fullwidth-box fusion-builder-row-3 fusion-flex-container nonhundred-percent-fullwidth non-hundred-percent-height-scrolling\" style=\"--awb-border-radius-top-left:0px;--awb-border-radius-top-right:0px;--awb-border-radius-bottom-right:0px;--awb-border-radius-bottom-left:0px;--awb-flex-wrap:wrap;\" ><div class=\"fusion-builder-row fusion-row fusion-flex-align-items-flex-start fusion-flex-content-wrap\" style=\"max-width:1144px;margin-left: calc(-4% \/ 2 );margin-right: calc(-4% \/ 2 );\"><div class=\"fusion-layout-column fusion_builder_column fusion-builder-column-12 fusion_builder_column_1_1 1_1 fusion-flex-column\" style=\"--awb-bg-size:cover;--awb-width-large:100%;--awb-margin-top-large:0px;--awb-spacing-right-large:1.92%;--awb-margin-bottom-large:0px;--awb-spacing-left-large:1.92%;--awb-width-medium:100%;--awb-spacing-right-medium:1.92%;--awb-spacing-left-medium:1.92%;--awb-width-small:100%;--awb-spacing-right-small:1.92%;--awb-spacing-left-small:1.92%;\"><div class=\"fusion-column-wrapper fusion-flex-justify-content-flex-start fusion-content-layout-column\"><\/div><\/div><div class=\"fusion-layout-column fusion_builder_column fusion-builder-column-13 fusion_builder_column_1_2 1_2 fusion-flex-column\" style=\"--awb-bg-size:cover;--awb-width-large:50%;--awb-margin-top-large:0px;--awb-spacing-right-large:3.84%;--awb-margin-bottom-large:0px;--awb-spacing-left-large:3.84%;--awb-width-medium:100%;--awb-spacing-right-medium:1.92%;--awb-spacing-left-medium:1.92%;--awb-width-small:100%;--awb-spacing-right-small:1.92%;--awb-spacing-left-small:1.92%;\"><div class=\"fusion-column-wrapper fusion-flex-justify-content-flex-start fusion-content-layout-column\"><div class=\"fusion-title title fusion-title-11 fusion-sep-none fusion-title-text fusion-title-size-three\" style=\"--awb-margin-top-small:0px;--awb-margin-right-small:0px;--awb-margin-bottom-small:20px;--awb-margin-left-small:0px;\"><h3 class=\"fusion-title-heading title-heading-left fusion-responsive-typography-calculated\" style=\"margin:0;text-transform:none;--fontSize:22;line-height:1.41;\">Diese Geschichte in der WiM<\/h3><\/div><div class=\"fusion-text fusion-text-25\"><p><strong>Unter dem Hakenkreuz <\/strong>\u2013\u00a0Welche Rolle spielte die IHK 1933 bis 1945? Interview mit der Historikerin Dr. Martina Bauernfeind.<\/p>\n<\/div><ul style=\"--awb-size:13px;--awb-line-height:22.1px;--awb-icon-width:22.1px;--awb-icon-height:22.1px;--awb-icon-margin:9.1px;--awb-content-margin:31.2px;\" class=\"fusion-checklist fusion-checklist-1 fusion-checklist-default type-icons\"><li class=\"fusion-li-item\" style=\"\"><span class=\"icon-wrapper circle-no\"><i class=\"fusion-li-icon awb-icon-check\" aria-hidden=\"true\"><\/i><\/span><div class=\"fusion-li-item-content\">\n<p><a href=\"https:\/\/www.wim-magazin.de\/frontend\/getcatalog.do?catalogId=728435&amp;catalogVersion=1&amp;lang=de#page_48\" target=\"_blank\" rel=\"noopener\">Im Bl\u00e4tterkatalog<\/a><\/p>\n<\/div><\/li><li class=\"fusion-li-item\" style=\"\"><span class=\"icon-wrapper circle-no\"><i class=\"fusion-li-icon awb-icon-check\" aria-hidden=\"true\"><\/i><\/span><div class=\"fusion-li-item-content\">\n<p><a href=\"https:\/\/wp2.ihk-nuernberg.de\/antworten\/wp-content\/uploads\/sites\/19\/2024\/10\/Unter-dem-Hakenkreuz.pdf\" target=\"_blank\" rel=\"noopener\">Als PDF<\/a><\/p>\n<\/div><\/li><\/ul><\/div><\/div><\/div><\/div><\/p>\n","protected":false},"excerpt":{"rendered":"","protected":false},"author":4,"featured_media":0,"parent":12239,"menu_order":0,"comment_status":"closed","ping_status":"closed","template":"100-width.php","meta":{"footnotes":""},"class_list":["post-13559","page","type-page","status-publish","hentry"],"_links":{"self":[{"href":"https:\/\/wp2.ihk-nuernberg.de\/antworten\/wp-json\/wp\/v2\/pages\/13559","targetHints":{"allow":["GET"]}}],"collection":[{"href":"https:\/\/wp2.ihk-nuernberg.de\/antworten\/wp-json\/wp\/v2\/pages"}],"about":[{"href":"https:\/\/wp2.ihk-nuernberg.de\/antworten\/wp-json\/wp\/v2\/types\/page"}],"author":[{"embeddable":true,"href":"https:\/\/wp2.ihk-nuernberg.de\/antworten\/wp-json\/wp\/v2\/users\/4"}],"replies":[{"embeddable":true,"href":"https:\/\/wp2.ihk-nuernberg.de\/antworten\/wp-json\/wp\/v2\/comments?post=13559"}],"version-history":[{"count":4,"href":"https:\/\/wp2.ihk-nuernberg.de\/antworten\/wp-json\/wp\/v2\/pages\/13559\/revisions"}],"predecessor-version":[{"id":15267,"href":"https:\/\/wp2.ihk-nuernberg.de\/antworten\/wp-json\/wp\/v2\/pages\/13559\/revisions\/15267"}],"up":[{"embeddable":true,"href":"https:\/\/wp2.ihk-nuernberg.de\/antworten\/wp-json\/wp\/v2\/pages\/12239"}],"wp:attachment":[{"href":"https:\/\/wp2.ihk-nuernberg.de\/antworten\/wp-json\/wp\/v2\/media?parent=13559"}],"curies":[{"name":"wp","href":"https:\/\/api.w.org\/{rel}","templated":true}]}}