{"id":12335,"date":"2018-03-05T11:09:57","date_gmt":"2018-03-05T10:09:57","guid":{"rendered":"http:\/\/blogs.ihk-nuernberg.de\/antworten\/?page_id=12335"},"modified":"2024-10-11T10:38:13","modified_gmt":"2024-10-11T08:38:13","slug":"patente-franken","status":"publish","type":"page","link":"https:\/\/wp2.ihk-nuernberg.de\/antworten\/geschichte-woher-wir-kommen-und-wohin-wir-gehen\/patente-franken\/","title":{"rendered":"Patente Franken"},"content":{"rendered":"<p><div class=\"fusion-fullwidth fullwidth-box fusion-builder-row-1 fusion-flex-container nonhundred-percent-fullwidth non-hundred-percent-height-scrolling\" style=\"--awb-border-radius-top-left:0px;--awb-border-radius-top-right:0px;--awb-border-radius-bottom-right:0px;--awb-border-radius-bottom-left:0px;--awb-flex-wrap:wrap;\" ><div class=\"fusion-builder-row fusion-row fusion-flex-align-items-flex-start fusion-flex-content-wrap\" style=\"max-width:1144px;margin-left: calc(-4% \/ 2 );margin-right: calc(-4% \/ 2 );\"><div class=\"fusion-layout-column fusion_builder_column fusion-builder-column-0 fusion_builder_column_1_1 1_1 fusion-flex-column\" style=\"--awb-bg-size:cover;--awb-width-large:100%;--awb-margin-top-large:0px;--awb-spacing-right-large:1.92%;--awb-margin-bottom-large:0px;--awb-spacing-left-large:1.92%;--awb-width-medium:100%;--awb-spacing-right-medium:1.92%;--awb-spacing-left-medium:1.92%;--awb-width-small:100%;--awb-spacing-right-small:1.92%;--awb-spacing-left-small:1.92%;\"><div class=\"fusion-column-wrapper fusion-flex-justify-content-flex-start fusion-content-layout-column\"><div class=\"fusion-image-element \" style=\"text-align:center;--awb-liftup-border-radius:0px;--awb-caption-title-font-family:var(--h2_typography-font-family);--awb-caption-title-font-weight:var(--h2_typography-font-weight);--awb-caption-title-font-style:var(--h2_typography-font-style);--awb-caption-title-size:var(--h2_typography-font-size);--awb-caption-title-transform:var(--h2_typography-text-transform);--awb-caption-title-line-height:var(--h2_typography-line-height);--awb-caption-title-letter-spacing:var(--h2_typography-letter-spacing);\"><div class=\"awb-image-frame awb-image-frame-1 imageframe-liftup fusion-animated\" data-animationType=\"fadeInUp\" data-animationDuration=\"1.0\" data-animationOffset=\"bottom-in-view\"><span class=\" fusion-imageframe imageframe-none imageframe-1\"><a href=\"https:\/\/wp2.ihk-nuernberg.de\/antworten\/wp-content\/uploads\/sites\/19\/2018\/03\/09.15-Zeltner-Brauerei_Plakat.jpg\" class=\"fusion-lightbox\" data-rel=\"iLightbox[1]\" data-caption=\"Im Jahr 1836 erwarben Johannes Zeltner und sein Bruder Johann ein brachliegendes Brauhaus in der N\u00fcrnberger Altstadt, welches sie renovierten und wieder in Betrieb nahmen. \" data-title=\"Plakat der Brauerei Zeltner\" title=\"Plakat der Brauerei Zeltner\"><img decoding=\"async\" width=\"2560\" height=\"755\" src=\"https:\/\/wp2.ihk-nuernberg.de\/antworten\/wp-content\/uploads\/sites\/19\/2018\/03\/09.14-Zeltner-Brauerei_Plakat-scaled.jpg\" alt class=\"img-responsive wp-image-13591\" srcset=\"https:\/\/wp2.ihk-nuernberg.de\/antworten\/wp-content\/uploads\/sites\/19\/2018\/03\/09.14-Zeltner-Brauerei_Plakat-300x88.jpg 300w, https:\/\/wp2.ihk-nuernberg.de\/antworten\/wp-content\/uploads\/sites\/19\/2018\/03\/09.14-Zeltner-Brauerei_Plakat-768x226.jpg 768w, https:\/\/wp2.ihk-nuernberg.de\/antworten\/wp-content\/uploads\/sites\/19\/2018\/03\/09.14-Zeltner-Brauerei_Plakat-1024x302.jpg 1024w, https:\/\/wp2.ihk-nuernberg.de\/antworten\/wp-content\/uploads\/sites\/19\/2018\/03\/09.14-Zeltner-Brauerei_Plakat-1536x453.jpg 1536w, https:\/\/wp2.ihk-nuernberg.de\/antworten\/wp-content\/uploads\/sites\/19\/2018\/03\/09.14-Zeltner-Brauerei_Plakat-scaled.jpg 2560w\" sizes=\"(max-width: 2560px) 100vw, 2560px\" \/><\/a><\/span><\/div><\/div><div class=\"fusion-text fusion-text-1\"><p style=\"text-align: right\"><span class=\"copyright2\">Brauerei Zeltner<\/span><\/p>\n<\/div><div class=\"fusion-title title fusion-title-1 fusion-sep-none fusion-title-text fusion-title-size-one\" style=\"--awb-margin-bottom:;--awb-margin-top-small:0px;--awb-margin-right-small:0px;--awb-margin-bottom-small:20px;--awb-margin-left-small:0px;\"><h1 class=\"fusion-title-heading title-heading-left fusion-responsive-typography-calculated\" style=\"margin:0;text-transform:none;--fontSize:64;line-height:1.5;\">Patente Franken<\/h1><\/div><div class=\"fusion-text fusion-text-2\"><p>N\u00fcrnberg war schon immer gut f\u00fcr bahnbrechende Erfindungen. Kein Wunder deshalb, dass das erste deutsche Patent 1877 von einem Mitglied der Handelskammer N\u00fcrnberg angemeldet wird.<\/p>\n<\/div><\/div><\/div><\/div><\/div><div class=\"fusion-fullwidth fullwidth-box fusion-builder-row-2 fusion-flex-container nonhundred-percent-fullwidth non-hundred-percent-height-scrolling\" style=\"--awb-border-radius-top-left:0px;--awb-border-radius-top-right:0px;--awb-border-radius-bottom-right:0px;--awb-border-radius-bottom-left:0px;--awb-flex-wrap:wrap;\" ><div class=\"fusion-builder-row fusion-row fusion-flex-align-items-flex-start fusion-flex-content-wrap\" style=\"max-width:1144px;margin-left: calc(-4% \/ 2 );margin-right: calc(-4% \/ 2 );\"><div class=\"fusion-layout-column fusion_builder_column fusion-builder-column-1 fusion_builder_column_1_4 1_4 fusion-flex-column fusion-animated\" style=\"--awb-bg-size:cover;--awb-width-large:25%;--awb-margin-top-large:0px;--awb-spacing-right-large:7.68%;--awb-margin-bottom-large:0px;--awb-spacing-left-large:7.68%;--awb-width-medium:100%;--awb-spacing-right-medium:1.92%;--awb-spacing-left-medium:1.92%;--awb-width-small:100%;--awb-spacing-right-small:1.92%;--awb-spacing-left-small:1.92%;\" data-animationType=\"fadeInLeft\" data-animationDuration=\"1.0\" data-animationOffset=\"top-into-view\"><div class=\"fusion-column-wrapper fusion-flex-justify-content-flex-start fusion-content-layout-column\"><div class=\"fusion-image-element \" style=\"text-align:center;--awb-caption-title-font-family:var(--h2_typography-font-family);--awb-caption-title-font-weight:var(--h2_typography-font-weight);--awb-caption-title-font-style:var(--h2_typography-font-style);--awb-caption-title-size:var(--h2_typography-font-size);--awb-caption-title-transform:var(--h2_typography-text-transform);--awb-caption-title-line-height:var(--h2_typography-line-height);--awb-caption-title-letter-spacing:var(--h2_typography-letter-spacing);\"><span class=\" fusion-imageframe imageframe-none imageframe-2 hover-type-zoomin\"><a href=\"https:\/\/wp2.ihk-nuernberg.de\/antworten\/wp-content\/uploads\/sites\/19\/2018\/02\/09.10-Familienarchiv-Dieter-Beck_Johannes-Zeltner-1805-1882-scaled.jpg\" class=\"fusion-lightbox\" data-rel=\"iLightbox[1]\" data-title=\"Familienarchiv Dieter Beckh: Johannes Zeltner (1805-1882)\" title=\"Familienarchiv Dieter Beckh: Johannes Zeltner (1805-1882)\"><img decoding=\"async\" width=\"1780\" height=\"2560\" src=\"https:\/\/wp2.ihk-nuernberg.de\/antworten\/wp-content\/uploads\/sites\/19\/2018\/02\/09.10-Familienarchiv-Dieter-Beck_Johannes-Zeltner-1805-1882-scaled.jpg\" alt class=\"img-responsive wp-image-12526\" srcset=\"https:\/\/wp2.ihk-nuernberg.de\/antworten\/wp-content\/uploads\/sites\/19\/2018\/02\/09.10-Familienarchiv-Dieter-Beck_Johannes-Zeltner-1805-1882-209x300.jpg 209w, https:\/\/wp2.ihk-nuernberg.de\/antworten\/wp-content\/uploads\/sites\/19\/2018\/02\/09.10-Familienarchiv-Dieter-Beck_Johannes-Zeltner-1805-1882-712x1024.jpg 712w, https:\/\/wp2.ihk-nuernberg.de\/antworten\/wp-content\/uploads\/sites\/19\/2018\/02\/09.10-Familienarchiv-Dieter-Beck_Johannes-Zeltner-1805-1882-768x1104.jpg 768w, https:\/\/wp2.ihk-nuernberg.de\/antworten\/wp-content\/uploads\/sites\/19\/2018\/02\/09.10-Familienarchiv-Dieter-Beck_Johannes-Zeltner-1805-1882-1068x1536.jpg 1068w, https:\/\/wp2.ihk-nuernberg.de\/antworten\/wp-content\/uploads\/sites\/19\/2018\/02\/09.10-Familienarchiv-Dieter-Beck_Johannes-Zeltner-1805-1882-1424x2048.jpg 1424w, https:\/\/wp2.ihk-nuernberg.de\/antworten\/wp-content\/uploads\/sites\/19\/2018\/02\/09.10-Familienarchiv-Dieter-Beck_Johannes-Zeltner-1805-1882-scaled.jpg 1780w\" sizes=\"(max-width: 1780px) 100vw, 1780px\" \/><\/a><\/span><\/div><div class=\"fusion-text fusion-text-3\"><p style=\"text-align: left\"><span class=\"copyright2\">Familienarchiv Dieter Beckh<\/span><\/p>\n<\/div><\/div><\/div><div class=\"fusion-layout-column fusion_builder_column fusion-builder-column-2 fusion_builder_column_3_4 3_4 fusion-flex-column fusion-animated\" style=\"--awb-bg-size:cover;--awb-width-large:75%;--awb-margin-top-large:0px;--awb-spacing-right-large:2.56%;--awb-margin-bottom-large:0px;--awb-spacing-left-large:2.56%;--awb-width-medium:100%;--awb-spacing-right-medium:1.92%;--awb-spacing-left-medium:1.92%;--awb-width-small:100%;--awb-spacing-right-small:1.92%;--awb-spacing-left-small:1.92%;\" data-animationType=\"fadeInRight\" data-animationDuration=\"1.0\" data-animationOffset=\"top-into-view\"><div class=\"fusion-column-wrapper fusion-flex-justify-content-center fusion-content-layout-column\"><div class=\"fusion-text fusion-text-4\"><p>Am 1. Juli 1877 wird das Kaiserliche Patentamt in Berlin er\u00f6ffnet und einen Tag sp\u00e4ter wird dort Johannes Zeltner vorstellig. Es ist eine bekannte Pers\u00f6nlichkeit in N\u00fcrnberg: Gr\u00fcnder der Zeltner-Brauerei (1836) und der ersten Ultramarin-Fabrik Bayerns (1838). Der erfolgreiche Unternehmer und angesehene B\u00fcrger der Stadt N\u00fcrnberg ist auch Mitglied, bisweilen sogar stellvertretender Vorstand, der Handelskammer.<\/p>\n<p>Patentieren l\u00e4sst er sich an jenem 2. Juli 1877 ein \u201eVerfahren zur Herstellung einer rothen Ultramarinfarbe\u201c, das der Chemiker Justin Wunder in Zeltners 1855 gegr\u00fcndetem Forschungslabor in Lauf a. d. Pegnitz entwickelt hat. Die Erfindung wird unter der Nummer DE000001 eingetragen und gilt damit als erstes Patent in Deutschland. Es macht Johannes Zeltner noch erfolgreicher: Er sichert sich auf diese Weise f\u00fcr mehrere Jahre die alleinige Nutzung des neuartigen Herstellungsverfahrens von rotem Ultramarin und seiner Firma einen echten Wettbewerbsvorteil.<\/p>\n<\/div><\/div><\/div><div class=\"fusion-layout-column fusion_builder_column fusion-builder-column-3 fusion_builder_column_3_4 3_4 fusion-flex-column fusion-animated\" style=\"--awb-bg-size:cover;--awb-width-large:75%;--awb-margin-top-large:0px;--awb-spacing-right-large:2.56%;--awb-margin-bottom-large:0px;--awb-spacing-left-large:2.56%;--awb-width-medium:100%;--awb-spacing-right-medium:1.92%;--awb-spacing-left-medium:1.92%;--awb-width-small:100%;--awb-spacing-right-small:1.92%;--awb-spacing-left-small:1.92%;\" data-animationType=\"fadeInLeft\" data-animationDuration=\"1.0\" data-animationOffset=\"top-into-view\"><div class=\"fusion-column-wrapper fusion-flex-justify-content-center fusion-content-layout-column\"><div class=\"fusion-text fusion-text-5\"><p>Den hat er nicht zuletzt seiner Handelskammer zu verdanken: Denn die versteht es in den 1870er-Jahren als eine ihrer zentralen Aufgaben, die wirtschaftlichen und rechtlichen Ver\u00e4nderungen, die nach der Reichsgr\u00fcndung 1871 auf die Unternehmen zukommen, zu analysieren und ihren Mitgliedern zu vermitteln.<\/p>\n<p>Johannes Zeltner hat also offenbar im Vergleich zu anderen einen geh\u00f6rigen Wissensvorsprung, als er sich nach Berlin aufmacht. Denn damals war die Angst vor Ideenraub und die Notwendigkeit eines Kopierschutzes noch recht neu.<\/p>\n<p>Bis heute ist es ein gro\u00dfes Anliegen der IHK, Mittelfrankens Ideenreichtum zu mehren. Der ist schon heute gro\u00df: Als Forschungs- und High-Tech-Standort verzeichnet Mittelfranken die h\u00f6chste Patentdichte in Deutschland, so eine Erkenntnis des IHK-Patent-Reports.<\/p>\n<p>Damit das so bleibt, hat die IHK vielf\u00e4ltige Aktivit\u00e4ten zur St\u00e4rkung des Innovationsstandortes in Gang gesetzt: Eintreten f\u00fcr Hochschulausbau und Forschungsf\u00f6rderung, Lehrg\u00e4nge f\u00fcr Innovationsmanager, High-Tech-Anwenderclubs und Netzwerke wie das \u201eAutomation Valley Nordbayern\u201c sind einige von ihnen.<\/p>\n<\/div><\/div><\/div><div class=\"fusion-layout-column fusion_builder_column fusion-builder-column-4 fusion_builder_column_1_4 1_4 fusion-flex-column fusion-animated\" style=\"--awb-bg-size:cover;--awb-width-large:25%;--awb-margin-top-large:0px;--awb-spacing-right-large:7.68%;--awb-margin-bottom-large:0px;--awb-spacing-left-large:7.68%;--awb-width-medium:100%;--awb-spacing-right-medium:1.92%;--awb-spacing-left-medium:1.92%;--awb-width-small:100%;--awb-spacing-right-small:1.92%;--awb-spacing-left-small:1.92%;\" data-animationType=\"fadeInRight\" data-animationDuration=\"1.0\" data-animationOffset=\"top-into-view\"><div class=\"fusion-column-wrapper fusion-flex-justify-content-flex-start fusion-content-layout-column\"><div class=\"fusion-image-element \" style=\"--awb-caption-title-font-family:var(--h2_typography-font-family);--awb-caption-title-font-weight:var(--h2_typography-font-weight);--awb-caption-title-font-style:var(--h2_typography-font-style);--awb-caption-title-size:var(--h2_typography-font-size);--awb-caption-title-transform:var(--h2_typography-text-transform);--awb-caption-title-line-height:var(--h2_typography-line-height);--awb-caption-title-letter-spacing:var(--h2_typography-letter-spacing);\"><span class=\" fusion-imageframe imageframe-none imageframe-3 hover-type-zoomin\" style=\"border:1px solid #afafaf;\"><a href=\"https:\/\/wp2.ihk-nuernberg.de\/antworten\/wp-content\/uploads\/sites\/19\/2018\/02\/09.01-Deutsche-Patentschrift-No-1_gemeinfrei-scaled.jpg\" class=\"fusion-lightbox\" data-rel=\"iLightbox[1]\" data-title=\"Deckblatt des ersten deutschen Reichspatents von 1877 zur Herstellung des Farbstoffs Ultramarin.\" title=\"Deckblatt des ersten deutschen Reichspatents von 1877 zur Herstellung des Farbstoffs Ultramarin.\"><img decoding=\"async\" width=\"1885\" height=\"2560\" src=\"https:\/\/wp2.ihk-nuernberg.de\/antworten\/wp-content\/uploads\/sites\/19\/2018\/02\/09.01-Deutsche-Patentschrift-No-1_gemeinfrei-scaled.jpg\" alt class=\"img-responsive wp-image-12524\" srcset=\"https:\/\/wp2.ihk-nuernberg.de\/antworten\/wp-content\/uploads\/sites\/19\/2018\/02\/09.01-Deutsche-Patentschrift-No-1_gemeinfrei-221x300.jpg 221w, https:\/\/wp2.ihk-nuernberg.de\/antworten\/wp-content\/uploads\/sites\/19\/2018\/02\/09.01-Deutsche-Patentschrift-No-1_gemeinfrei-754x1024.jpg 754w, https:\/\/wp2.ihk-nuernberg.de\/antworten\/wp-content\/uploads\/sites\/19\/2018\/02\/09.01-Deutsche-Patentschrift-No-1_gemeinfrei-768x1043.jpg 768w, https:\/\/wp2.ihk-nuernberg.de\/antworten\/wp-content\/uploads\/sites\/19\/2018\/02\/09.01-Deutsche-Patentschrift-No-1_gemeinfrei-1131x1536.jpg 1131w, https:\/\/wp2.ihk-nuernberg.de\/antworten\/wp-content\/uploads\/sites\/19\/2018\/02\/09.01-Deutsche-Patentschrift-No-1_gemeinfrei-1508x2048.jpg 1508w, https:\/\/wp2.ihk-nuernberg.de\/antworten\/wp-content\/uploads\/sites\/19\/2018\/02\/09.01-Deutsche-Patentschrift-No-1_gemeinfrei-scaled.jpg 1885w\" sizes=\"(max-width: 1885px) 100vw, 1885px\" \/><\/a><\/span><\/div><\/div><\/div><div class=\"fusion-layout-column fusion_builder_column fusion-builder-column-5 fusion_builder_column_1_3 1_3 fusion-flex-column\" style=\"--awb-bg-size:cover;--awb-width-large:33.333333333333%;--awb-margin-top-large:0px;--awb-spacing-right-large:5.76%;--awb-margin-bottom-large:0px;--awb-spacing-left-large:5.76%;--awb-width-medium:100%;--awb-spacing-right-medium:1.92%;--awb-spacing-left-medium:1.92%;--awb-width-small:100%;--awb-spacing-right-small:1.92%;--awb-spacing-left-small:1.92%;\"><div class=\"fusion-column-wrapper fusion-flex-justify-content-flex-start fusion-content-layout-column\"><div class=\"fusion-image-element \" style=\"text-align:center;--awb-liftup-border-radius:0px;--awb-caption-title-font-family:var(--h2_typography-font-family);--awb-caption-title-font-weight:var(--h2_typography-font-weight);--awb-caption-title-font-style:var(--h2_typography-font-style);--awb-caption-title-size:var(--h2_typography-font-size);--awb-caption-title-transform:var(--h2_typography-text-transform);--awb-caption-title-line-height:var(--h2_typography-line-height);--awb-caption-title-letter-spacing:var(--h2_typography-letter-spacing);\"><div class=\"awb-image-frame awb-image-frame-4 imageframe-liftup fusion-animated\" data-animationType=\"fadeInUp\" data-animationDuration=\"1.0\" data-animationOffset=\"bottom-in-view\"><span class=\" fusion-imageframe imageframe-none imageframe-4\"><a href=\"https:\/\/wp2.ihk-nuernberg.de\/antworten\/wp-content\/uploads\/sites\/19\/2018\/02\/09.11-Familienarchiv-Dieter-Beck_Ultramarinfabrik-unbekannt.jpg\" class=\"fusion-lightbox\" data-rel=\"iLightbox[1]\" data-title=\"Familienarchiv Dieter Beckh: Ultramarinfabrik\" title=\"Familienarchiv Dieter Beckh: Ultramarinfabrik\"><img decoding=\"async\" width=\"1920\" height=\"1056\" src=\"https:\/\/wp2.ihk-nuernberg.de\/antworten\/wp-content\/uploads\/sites\/19\/2018\/02\/09.11-Familienarchiv-Dieter-Beck_Ultramarinfabrik-unbekannt.jpg\" alt class=\"img-responsive wp-image-12522\" srcset=\"https:\/\/wp2.ihk-nuernberg.de\/antworten\/wp-content\/uploads\/sites\/19\/2018\/02\/09.11-Familienarchiv-Dieter-Beck_Ultramarinfabrik-unbekannt-300x165.jpg 300w, https:\/\/wp2.ihk-nuernberg.de\/antworten\/wp-content\/uploads\/sites\/19\/2018\/02\/09.11-Familienarchiv-Dieter-Beck_Ultramarinfabrik-unbekannt-768x422.jpg 768w, https:\/\/wp2.ihk-nuernberg.de\/antworten\/wp-content\/uploads\/sites\/19\/2018\/02\/09.11-Familienarchiv-Dieter-Beck_Ultramarinfabrik-unbekannt-1024x563.jpg 1024w, https:\/\/wp2.ihk-nuernberg.de\/antworten\/wp-content\/uploads\/sites\/19\/2018\/02\/09.11-Familienarchiv-Dieter-Beck_Ultramarinfabrik-unbekannt-1536x845.jpg 1536w, https:\/\/wp2.ihk-nuernberg.de\/antworten\/wp-content\/uploads\/sites\/19\/2018\/02\/09.11-Familienarchiv-Dieter-Beck_Ultramarinfabrik-unbekannt.jpg 1920w\" sizes=\"(max-width: 1920px) 100vw, 1920px\" \/><\/a><\/span><\/div><\/div><div class=\"fusion-text fusion-text-6\"><p style=\"text-align: right\"><span class=\"copyright2\">Familienarchiv Dieter Beckh: Ultramarinfabrik<\/span><\/p>\n<\/div><\/div><\/div><div class=\"fusion-layout-column fusion_builder_column fusion-builder-column-6 fusion_builder_column_1_3 1_3 fusion-flex-column\" style=\"--awb-bg-size:cover;--awb-width-large:33.333333333333%;--awb-margin-top-large:0px;--awb-spacing-right-large:5.76%;--awb-margin-bottom-large:0px;--awb-spacing-left-large:5.76%;--awb-width-medium:100%;--awb-spacing-right-medium:1.92%;--awb-spacing-left-medium:1.92%;--awb-width-small:100%;--awb-spacing-right-small:1.92%;--awb-spacing-left-small:1.92%;\"><div class=\"fusion-column-wrapper fusion-flex-justify-content-flex-start fusion-content-layout-column\"><div class=\"fusion-image-element \" style=\"text-align:center;--awb-liftup-border-radius:0px;--awb-caption-title-font-family:var(--h2_typography-font-family);--awb-caption-title-font-weight:var(--h2_typography-font-weight);--awb-caption-title-font-style:var(--h2_typography-font-style);--awb-caption-title-size:var(--h2_typography-font-size);--awb-caption-title-transform:var(--h2_typography-text-transform);--awb-caption-title-line-height:var(--h2_typography-line-height);--awb-caption-title-letter-spacing:var(--h2_typography-letter-spacing);\"><div class=\"awb-image-frame awb-image-frame-5 imageframe-liftup fusion-animated\" data-animationType=\"fadeInUp\" data-animationDuration=\"1.0\" data-animationOffset=\"bottom-in-view\"><span class=\" fusion-imageframe imageframe-none imageframe-5\"><a href=\"https:\/\/wp2.ihk-nuernberg.de\/antworten\/wp-content\/uploads\/sites\/19\/2018\/02\/09.04-Familienarchiv-Dieter-Beck_1855-Besuch-Koenig-Max.jpg\" class=\"fusion-lightbox\" data-rel=\"iLightbox[1]\" data-title=\"Familienarchiv Dieter Beckh: 1855 besucht K\u00f6nig Maximilian die Ultramarinfabrik\" title=\"Familienarchiv Dieter Beckh: 1855 besucht K\u00f6nig Maximilian die Ultramarinfabrik\"><img decoding=\"async\" width=\"1920\" height=\"1356\" src=\"https:\/\/wp2.ihk-nuernberg.de\/antworten\/wp-content\/uploads\/sites\/19\/2018\/02\/09.04-Familienarchiv-Dieter-Beck_1855-Besuch-Koenig-Max.jpg\" alt class=\"img-responsive wp-image-12525\" srcset=\"https:\/\/wp2.ihk-nuernberg.de\/antworten\/wp-content\/uploads\/sites\/19\/2018\/02\/09.04-Familienarchiv-Dieter-Beck_1855-Besuch-Koenig-Max-300x212.jpg 300w, https:\/\/wp2.ihk-nuernberg.de\/antworten\/wp-content\/uploads\/sites\/19\/2018\/02\/09.04-Familienarchiv-Dieter-Beck_1855-Besuch-Koenig-Max-768x542.jpg 768w, https:\/\/wp2.ihk-nuernberg.de\/antworten\/wp-content\/uploads\/sites\/19\/2018\/02\/09.04-Familienarchiv-Dieter-Beck_1855-Besuch-Koenig-Max-1024x723.jpg 1024w, https:\/\/wp2.ihk-nuernberg.de\/antworten\/wp-content\/uploads\/sites\/19\/2018\/02\/09.04-Familienarchiv-Dieter-Beck_1855-Besuch-Koenig-Max-1536x1085.jpg 1536w, https:\/\/wp2.ihk-nuernberg.de\/antworten\/wp-content\/uploads\/sites\/19\/2018\/02\/09.04-Familienarchiv-Dieter-Beck_1855-Besuch-Koenig-Max.jpg 1920w\" sizes=\"(max-width: 1920px) 100vw, 1920px\" \/><\/a><\/span><\/div><\/div><div class=\"fusion-text fusion-text-7\"><p style=\"text-align: right\"><span class=\"copyright2\">Familienarchiv Dieter Beckh: Ultramarinfabrik<\/span><\/p>\n<\/div><\/div><\/div><div class=\"fusion-layout-column fusion_builder_column fusion-builder-column-7 fusion_builder_column_1_3 1_3 fusion-flex-column\" style=\"--awb-bg-size:cover;--awb-width-large:33.333333333333%;--awb-margin-top-large:0px;--awb-spacing-right-large:5.76%;--awb-margin-bottom-large:0px;--awb-spacing-left-large:5.76%;--awb-width-medium:100%;--awb-spacing-right-medium:1.92%;--awb-spacing-left-medium:1.92%;--awb-width-small:100%;--awb-spacing-right-small:1.92%;--awb-spacing-left-small:1.92%;\"><div class=\"fusion-column-wrapper fusion-flex-justify-content-flex-start fusion-content-layout-column\"><div class=\"fusion-image-element \" style=\"text-align:center;--awb-liftup-border-radius:0px;--awb-caption-title-font-family:var(--h2_typography-font-family);--awb-caption-title-font-weight:var(--h2_typography-font-weight);--awb-caption-title-font-style:var(--h2_typography-font-style);--awb-caption-title-size:var(--h2_typography-font-size);--awb-caption-title-transform:var(--h2_typography-text-transform);--awb-caption-title-line-height:var(--h2_typography-line-height);--awb-caption-title-letter-spacing:var(--h2_typography-letter-spacing);\"><div class=\"awb-image-frame awb-image-frame-6 imageframe-liftup fusion-animated\" data-animationType=\"fadeInUp\" data-animationDuration=\"1.0\" data-animationOffset=\"bottom-in-view\"><span class=\" fusion-imageframe imageframe-none imageframe-6\"><a href=\"https:\/\/wp2.ihk-nuernberg.de\/antworten\/wp-content\/uploads\/sites\/19\/2018\/02\/09.03-Familienarchiv-Dieter-Beck_1846-Ultramarinfabrik.jpg\" class=\"fusion-lightbox\" data-rel=\"iLightbox[1]\" data-title=\"Familienarchiv Dieter Beckh: Ultramarinfabrik 1846\" title=\"Familienarchiv Dieter Beckh: Ultramarinfabrik 1846\"><img decoding=\"async\" width=\"1920\" height=\"785\" src=\"https:\/\/wp2.ihk-nuernberg.de\/antworten\/wp-content\/uploads\/sites\/19\/2018\/02\/09.03-Familienarchiv-Dieter-Beck_1846-Ultramarinfabrik.jpg\" alt class=\"img-responsive wp-image-12523\" srcset=\"https:\/\/wp2.ihk-nuernberg.de\/antworten\/wp-content\/uploads\/sites\/19\/2018\/02\/09.03-Familienarchiv-Dieter-Beck_1846-Ultramarinfabrik-300x123.jpg 300w, https:\/\/wp2.ihk-nuernberg.de\/antworten\/wp-content\/uploads\/sites\/19\/2018\/02\/09.03-Familienarchiv-Dieter-Beck_1846-Ultramarinfabrik-768x314.jpg 768w, https:\/\/wp2.ihk-nuernberg.de\/antworten\/wp-content\/uploads\/sites\/19\/2018\/02\/09.03-Familienarchiv-Dieter-Beck_1846-Ultramarinfabrik-1024x419.jpg 1024w, https:\/\/wp2.ihk-nuernberg.de\/antworten\/wp-content\/uploads\/sites\/19\/2018\/02\/09.03-Familienarchiv-Dieter-Beck_1846-Ultramarinfabrik-1536x628.jpg 1536w, https:\/\/wp2.ihk-nuernberg.de\/antworten\/wp-content\/uploads\/sites\/19\/2018\/02\/09.03-Familienarchiv-Dieter-Beck_1846-Ultramarinfabrik.jpg 1920w\" sizes=\"(max-width: 1920px) 100vw, 1920px\" \/><\/a><\/span><\/div><\/div><div class=\"fusion-text fusion-text-8\"><p style=\"text-align: right\"><span class=\"copyright2\">Familienarchiv Dieter Beckh: Ultramarinfabrik<\/span><\/p>\n<\/div><\/div><\/div><\/div><\/div><div class=\"fusion-fullwidth fullwidth-box fusion-builder-row-3 fusion-flex-container hundred-percent-fullwidth non-hundred-percent-height-scrolling\" style=\"--awb-border-radius-top-left:0px;--awb-border-radius-top-right:0px;--awb-border-radius-bottom-right:0px;--awb-border-radius-bottom-left:0px;--awb-background-color:#cccccc;--awb-flex-wrap:wrap;\" ><div class=\"fusion-builder-row fusion-row fusion-flex-align-items-flex-start fusion-flex-content-wrap\" style=\"width:104% !important;max-width:104% !important;margin-left: calc(-4% \/ 2 );margin-right: calc(-4% \/ 2 );\"><div class=\"fusion-layout-column fusion_builder_column fusion-builder-column-8 fusion_builder_column_1_1 1_1 fusion-flex-column\" style=\"--awb-bg-size:cover;--awb-width-large:100%;--awb-margin-top-large:0px;--awb-spacing-right-large:1.92%;--awb-margin-bottom-large:0px;--awb-spacing-left-large:1.92%;--awb-width-medium:100%;--awb-spacing-right-medium:1.92%;--awb-spacing-left-medium:1.92%;--awb-width-small:100%;--awb-spacing-right-small:1.92%;--awb-spacing-left-small:1.92%;\"><div class=\"fusion-column-wrapper fusion-flex-justify-content-flex-start fusion-content-layout-column\"><div class=\"fusion-video fusion-youtube\" style=\"--awb-max-width:600px;--awb-max-height:360px;--awb-align-self:center;--awb-width:100%;\"><div class=\"video-shortcode\"><div class=\"fluid-width-video-wrapper\" style=\"padding-top:60%;\" ><iframe title=\"YouTube video player 1\" src=\"https:\/\/www.youtube.com\/embed\/eY4w4z_7GSE?wmode=transparent&autoplay=0\" width=\"600\" height=\"360\" allowfullscreen allow=\"autoplay; clipboard-write; encrypted-media; gyroscope; picture-in-picture;\"><\/iframe><\/div><\/div><\/div><\/div><\/div><\/div><\/div><div class=\"fusion-fullwidth fullwidth-box fusion-builder-row-4 fusion-flex-container nonhundred-percent-fullwidth non-hundred-percent-height-scrolling\" style=\"--awb-border-radius-top-left:0px;--awb-border-radius-top-right:0px;--awb-border-radius-bottom-right:0px;--awb-border-radius-bottom-left:0px;--awb-flex-wrap:wrap;\" ><div class=\"fusion-builder-row fusion-row fusion-flex-align-items-flex-start fusion-flex-content-wrap\" style=\"max-width:1144px;margin-left: calc(-4% \/ 2 );margin-right: calc(-4% \/ 2 );\"><div class=\"fusion-layout-column fusion_builder_column fusion-builder-column-9 fusion_builder_column_1_1 1_1 fusion-flex-column\" style=\"--awb-bg-size:cover;--awb-width-large:100%;--awb-margin-top-large:0px;--awb-spacing-right-large:1.92%;--awb-margin-bottom-large:0px;--awb-spacing-left-large:1.92%;--awb-width-medium:100%;--awb-spacing-right-medium:1.92%;--awb-spacing-left-medium:1.92%;--awb-width-small:100%;--awb-spacing-right-small:1.92%;--awb-spacing-left-small:1.92%;\"><div class=\"fusion-column-wrapper fusion-flex-justify-content-flex-start fusion-content-layout-column\"><\/div><\/div><div class=\"fusion-layout-column fusion_builder_column fusion-builder-column-10 fusion_builder_column_1_2 1_2 fusion-flex-column\" style=\"--awb-bg-size:cover;--awb-width-large:50%;--awb-margin-top-large:0px;--awb-spacing-right-large:3.84%;--awb-margin-bottom-large:0px;--awb-spacing-left-large:3.84%;--awb-width-medium:100%;--awb-spacing-right-medium:1.92%;--awb-spacing-left-medium:1.92%;--awb-width-small:100%;--awb-spacing-right-small:1.92%;--awb-spacing-left-small:1.92%;\"><div class=\"fusion-column-wrapper fusion-flex-justify-content-flex-start fusion-content-layout-column\"><div class=\"fusion-title title fusion-title-2 fusion-sep-none fusion-title-text fusion-title-size-three\" style=\"--awb-margin-top-small:0px;--awb-margin-right-small:0px;--awb-margin-bottom-small:20px;--awb-margin-left-small:0px;\"><h3 class=\"fusion-title-heading title-heading-left fusion-responsive-typography-calculated\" style=\"margin:0;text-transform:none;--fontSize:22;line-height:1.41;\">Mehr zum Thema<\/h3><\/div><ul style=\"--awb-size:13px;--awb-line-height:22.1px;--awb-icon-width:22.1px;--awb-icon-height:22.1px;--awb-icon-margin:9.1px;--awb-content-margin:31.2px;\" class=\"fusion-checklist fusion-checklist-1 fusion-checklist-default type-icons\"><li class=\"fusion-li-item\" style=\"\"><span class=\"icon-wrapper circle-no\"><i class=\"fusion-li-icon fa fa-chevron-right\" aria-hidden=\"true\"><\/i><\/span><div class=\"fusion-li-item-content\"><a href=\"http:\/\/www.mechanicalarts.de\/technik-alte-farben-und-lacke\/ultramarin-patent\" target=\"_blank\" rel=\"noopener\">Das erste deutsche Patent &#8211; Ultramarin<\/a><br \/>\nDie Suche nach k\u00fcnstlichem Ultramarin &#8211; Bericht auf mechanicalarts.de<\/div><\/li><li class=\"fusion-li-item\" style=\"\"><span class=\"icon-wrapper circle-no\"><i class=\"fusion-li-icon fa fa-chevron-right\" aria-hidden=\"true\"><\/i><\/span><div class=\"fusion-li-item-content\"><a href=\"https:\/\/www.ihk-nuernberg.de\/de\/Geschaeftsbereiche\/Innovation-Umwelt\/innovation-und-forschung\/Schutzrechte\/ihk-report-patente-in-bayern-2016-2017-\" target=\"_blank\" rel=\"noopener\">IHK-Report &#8222;Patente in Bayern 2016\/2017&#8220;<\/a><br \/>\nDie wichtigsten Technologieprofile und Patentanmelder in Bayern<\/div><\/li><li class=\"fusion-li-item\" style=\"\"><span class=\"icon-wrapper circle-no\"><i class=\"fusion-li-icon fa fa-chevron-right\" aria-hidden=\"true\"><\/i><\/span><div class=\"fusion-li-item-content\"><a href=\"https:\/\/www.dpma.de\/\" target=\"_blank\" rel=\"noopener\">Deutsches Patent- und Markenamt<\/a><br \/>\nZentralbeh\u00f6rde f\u00fcr den gewerblichen Rechtschutz<\/div><\/li><li class=\"fusion-li-item\" style=\"\"><span class=\"icon-wrapper circle-no\"><i class=\"fusion-li-icon fa fa-chevron-right\" aria-hidden=\"true\"><\/i><\/span><div class=\"fusion-li-item-content\"><a href=\"https:\/\/www.ihk-nuernberg.de\/de\/Geschaeftsbereiche\/Innovation-Umwelt\/innovation-und-forschung\/\" target=\"_blank\" rel=\"noopener\">IHK N\u00fcrnberg f\u00fcr Mittelfranken &#8211; Themenbereich Innovation und Forschung<\/a><br \/>\nUnsere Angebote zur St\u00e4rkung der Forschungs- und Entwicklungsregion Mittelfranken<\/div><\/li><\/ul><\/div><\/div><div class=\"fusion-layout-column fusion_builder_column fusion-builder-column-11 fusion_builder_column_1_2 1_2 fusion-flex-column\" style=\"--awb-bg-size:cover;--awb-width-large:50%;--awb-margin-top-large:0px;--awb-spacing-right-large:3.84%;--awb-margin-bottom-large:0px;--awb-spacing-left-large:3.84%;--awb-width-medium:100%;--awb-spacing-right-medium:1.92%;--awb-spacing-left-medium:1.92%;--awb-width-small:100%;--awb-spacing-right-small:1.92%;--awb-spacing-left-small:1.92%;\"><div class=\"fusion-column-wrapper fusion-flex-justify-content-flex-start fusion-content-layout-column\"><div class=\"fusion-title title fusion-title-3 fusion-sep-none fusion-title-text fusion-title-size-three\" style=\"--awb-margin-top-small:0px;--awb-margin-right-small:0px;--awb-margin-bottom-small:20px;--awb-margin-left-small:0px;\"><h3 class=\"fusion-title-heading title-heading-left fusion-responsive-typography-calculated\" style=\"margin:0;text-transform:none;--fontSize:22;line-height:1.41;\">Diese Geschichte in der WiM<\/h3><\/div><div class=\"fusion-text fusion-text-9\"><p><strong>Patentes N\u00fcrnberg<\/strong> \u2013\u00a0Innovativ von Anfang an: Die erste Patentanmeldung in Deutschland kam aus N\u00fcrnberg.\u00a0<strong><br \/>\n<\/strong><\/p>\n<\/div><ul style=\"--awb-size:13px;--awb-line-height:22.1px;--awb-icon-width:22.1px;--awb-icon-height:22.1px;--awb-icon-margin:9.1px;--awb-content-margin:31.2px;\" class=\"fusion-checklist fusion-checklist-2 fusion-checklist-default type-icons\"><li class=\"fusion-li-item\" style=\"\"><span class=\"icon-wrapper circle-no\"><i class=\"fusion-li-icon awb-icon-check\" aria-hidden=\"true\"><\/i><\/span><div class=\"fusion-li-item-content\">\n<p><a href=\"https:\/\/www.wim-magazin.de\/frontend\/getcatalog.do?catalogId=728027&amp;catalogVersion=1&amp;lang=de#page_48\" target=\"_blank\" rel=\"noopener\">Im Bl\u00e4tterkatalog<\/a><\/p>\n<\/div><\/li><li class=\"fusion-li-item\" style=\"\"><span class=\"icon-wrapper circle-no\"><i class=\"fusion-li-icon awb-icon-check\" aria-hidden=\"true\"><\/i><\/span><div class=\"fusion-li-item-content\">\n<p><a href=\"https:\/\/wp2.ihk-nuernberg.de\/antworten\/wp-content\/uploads\/sites\/19\/2024\/10\/Patentes-Nuernberg.pdf\" target=\"_blank\" rel=\"noopener\">Als PDF<\/a><\/p>\n<\/div><\/li><\/ul><\/div><\/div><\/div><\/div><\/p>\n","protected":false},"excerpt":{"rendered":"","protected":false},"author":2,"featured_media":0,"parent":12239,"menu_order":0,"comment_status":"closed","ping_status":"closed","template":"100-width.php","meta":{"footnotes":""},"class_list":["post-12335","page","type-page","status-publish","hentry"],"_links":{"self":[{"href":"https:\/\/wp2.ihk-nuernberg.de\/antworten\/wp-json\/wp\/v2\/pages\/12335","targetHints":{"allow":["GET"]}}],"collection":[{"href":"https:\/\/wp2.ihk-nuernberg.de\/antworten\/wp-json\/wp\/v2\/pages"}],"about":[{"href":"https:\/\/wp2.ihk-nuernberg.de\/antworten\/wp-json\/wp\/v2\/types\/page"}],"author":[{"embeddable":true,"href":"https:\/\/wp2.ihk-nuernberg.de\/antworten\/wp-json\/wp\/v2\/users\/2"}],"replies":[{"embeddable":true,"href":"https:\/\/wp2.ihk-nuernberg.de\/antworten\/wp-json\/wp\/v2\/comments?post=12335"}],"version-history":[{"count":3,"href":"https:\/\/wp2.ihk-nuernberg.de\/antworten\/wp-json\/wp\/v2\/pages\/12335\/revisions"}],"predecessor-version":[{"id":15269,"href":"https:\/\/wp2.ihk-nuernberg.de\/antworten\/wp-json\/wp\/v2\/pages\/12335\/revisions\/15269"}],"up":[{"embeddable":true,"href":"https:\/\/wp2.ihk-nuernberg.de\/antworten\/wp-json\/wp\/v2\/pages\/12239"}],"wp:attachment":[{"href":"https:\/\/wp2.ihk-nuernberg.de\/antworten\/wp-json\/wp\/v2\/media?parent=12335"}],"curies":[{"name":"wp","href":"https:\/\/api.w.org\/{rel}","templated":true}]}}