{"id":12326,"date":"2018-03-05T11:08:35","date_gmt":"2018-03-05T10:08:35","guid":{"rendered":"http:\/\/blogs.ihk-nuernberg.de\/antworten\/?page_id=12326"},"modified":"2024-10-11T10:08:06","modified_gmt":"2024-10-11T08:08:06","slug":"bildungsauftrag","status":"publish","type":"page","link":"https:\/\/wp2.ihk-nuernberg.de\/antworten\/geschichte-woher-wir-kommen-und-wohin-wir-gehen\/bildungsauftrag\/","title":{"rendered":"Bildungsauftrag"},"content":{"rendered":"<p><div class=\"fusion-fullwidth fullwidth-box fusion-builder-row-1 fusion-flex-container nonhundred-percent-fullwidth non-hundred-percent-height-scrolling\" style=\"--awb-border-radius-top-left:0px;--awb-border-radius-top-right:0px;--awb-border-radius-bottom-right:0px;--awb-border-radius-bottom-left:0px;--awb-flex-wrap:wrap;\" ><div class=\"fusion-builder-row fusion-row fusion-flex-align-items-flex-start fusion-flex-content-wrap\" style=\"max-width:1144px;margin-left: calc(-4% \/ 2 );margin-right: calc(-4% \/ 2 );\"><div class=\"fusion-layout-column fusion_builder_column fusion-builder-column-0 fusion_builder_column_1_1 1_1 fusion-flex-column\" style=\"--awb-bg-size:cover;--awb-width-large:100%;--awb-margin-top-large:0px;--awb-spacing-right-large:1.92%;--awb-margin-bottom-large:0px;--awb-spacing-left-large:1.92%;--awb-width-medium:100%;--awb-spacing-right-medium:1.92%;--awb-spacing-left-medium:1.92%;--awb-width-small:100%;--awb-spacing-right-small:1.92%;--awb-spacing-left-small:1.92%;\"><div class=\"fusion-column-wrapper fusion-flex-justify-content-flex-start fusion-content-layout-column\"><div class=\"fusion-image-element \" style=\"text-align:center;--awb-caption-title-font-family:var(--h2_typography-font-family);--awb-caption-title-font-weight:var(--h2_typography-font-weight);--awb-caption-title-font-style:var(--h2_typography-font-style);--awb-caption-title-size:var(--h2_typography-font-size);--awb-caption-title-transform:var(--h2_typography-text-transform);--awb-caption-title-line-height:var(--h2_typography-line-height);--awb-caption-title-letter-spacing:var(--h2_typography-letter-spacing);\"><span class=\" fusion-imageframe imageframe-none imageframe-1 hover-type-none fusion-animated\" data-animationType=\"fadeInUp\" data-animationDuration=\"1.0\" data-animationOffset=\"top-into-view\"><a href=\"https:\/\/wp2.ihk-nuernberg.de\/antworten\/wp-content\/uploads\/sites\/19\/2018\/03\/05.09-Siemens-Healthcare-1950_Siemens-Healthineers-MedArchiv-AFE4_90_R.504.53I.jpg\" class=\"fusion-lightbox\" data-rel=\"iLightbox[1]\" data-title=\"Lehrwerkstatt bei Siemens um 1950\" title=\"Lehrwerkstatt bei Siemens um 1950\"><img decoding=\"async\" width=\"2560\" height=\"755\" src=\"https:\/\/wp2.ihk-nuernberg.de\/antworten\/wp-content\/uploads\/sites\/19\/2018\/03\/05.10-Siemens-Healthcare-1950_Siemens-Healthineers-MedArchiv-AFE4_90_R.504.53I_web_extrem-breit-scaled.jpg\" alt class=\"img-responsive wp-image-13576\" srcset=\"https:\/\/wp2.ihk-nuernberg.de\/antworten\/wp-content\/uploads\/sites\/19\/2018\/03\/05.10-Siemens-Healthcare-1950_Siemens-Healthineers-MedArchiv-AFE4_90_R.504.53I_web_extrem-breit-300x88.jpg 300w, https:\/\/wp2.ihk-nuernberg.de\/antworten\/wp-content\/uploads\/sites\/19\/2018\/03\/05.10-Siemens-Healthcare-1950_Siemens-Healthineers-MedArchiv-AFE4_90_R.504.53I_web_extrem-breit-768x227.jpg 768w, https:\/\/wp2.ihk-nuernberg.de\/antworten\/wp-content\/uploads\/sites\/19\/2018\/03\/05.10-Siemens-Healthcare-1950_Siemens-Healthineers-MedArchiv-AFE4_90_R.504.53I_web_extrem-breit-1024x302.jpg 1024w, https:\/\/wp2.ihk-nuernberg.de\/antworten\/wp-content\/uploads\/sites\/19\/2018\/03\/05.10-Siemens-Healthcare-1950_Siemens-Healthineers-MedArchiv-AFE4_90_R.504.53I_web_extrem-breit-1536x453.jpg 1536w, https:\/\/wp2.ihk-nuernberg.de\/antworten\/wp-content\/uploads\/sites\/19\/2018\/03\/05.10-Siemens-Healthcare-1950_Siemens-Healthineers-MedArchiv-AFE4_90_R.504.53I_web_extrem-breit-scaled.jpg 2560w\" sizes=\"(max-width: 2560px) 100vw, 2560px\" \/><\/a><\/span><\/div><div class=\"fusion-text fusion-text-1\"><p style=\"text-align: right\"><span class=\"copyright2\">Siemens Healthcare, 1950<\/span><\/p>\n<\/div><div class=\"fusion-title title fusion-title-1 fusion-sep-none fusion-title-text fusion-title-size-one\" style=\"--awb-margin-top-small:0px;--awb-margin-right-small:0px;--awb-margin-bottom-small:20px;--awb-margin-left-small:0px;\"><h1 class=\"fusion-title-heading title-heading-left fusion-responsive-typography-calculated\" style=\"margin:0;text-transform:none;--fontSize:64;line-height:1.5;\">Bildungsauftrag<\/h1><\/div><div class=\"fusion-text fusion-text-2\"><p>Der Handel braucht fachkundigen Nachwuchs, der den neuen Anforderungen der Industrialisierung und des Au\u00dfenhandels gerecht wird. Mit dieser Pr\u00e4misse setzt sich die Handelskammer N\u00fcrnberg f\u00fcr die Errichtung einer Handelshochschule in N\u00fcrnberg ein, die schlie\u00dflich im Jahr 1919 den Lehrbetrieb aufnimmt.<\/p>\n<\/div><\/div><\/div><\/div><\/div><div class=\"fusion-fullwidth fullwidth-box fusion-builder-row-2 fusion-flex-container nonhundred-percent-fullwidth non-hundred-percent-height-scrolling\" style=\"--awb-border-radius-top-left:0px;--awb-border-radius-top-right:0px;--awb-border-radius-bottom-right:0px;--awb-border-radius-bottom-left:0px;--awb-flex-wrap:wrap;\" ><div class=\"fusion-builder-row fusion-row fusion-flex-align-items-flex-start fusion-flex-content-wrap\" style=\"max-width:1144px;margin-left: calc(-4% \/ 2 );margin-right: calc(-4% \/ 2 );\"><div class=\"fusion-layout-column fusion_builder_column fusion-builder-column-1 fusion_builder_column_2_3 2_3 fusion-flex-column fusion-animated\" style=\"--awb-bg-size:cover;--awb-width-large:66.666666666667%;--awb-margin-top-large:10px;--awb-spacing-right-large:2.88%;--awb-margin-bottom-large:10px;--awb-spacing-left-large:2.88%;--awb-width-medium:100%;--awb-spacing-right-medium:1.92%;--awb-spacing-left-medium:1.92%;--awb-width-small:100%;--awb-spacing-right-small:1.92%;--awb-spacing-left-small:1.92%;\" data-animationType=\"fadeInLeft\" data-animationDuration=\"1.0\" data-animationOffset=\"top-into-view\"><div class=\"fusion-column-wrapper fusion-flex-justify-content-flex-start fusion-content-layout-column\"><div class=\"fusion-text fusion-text-3\"><p>\u201eDem Gesch\u00e4ftsmann treten heute ganz andere Aufgaben entgegen als fr\u00fcher.\u201c Mit dieser Feststellung verbindet die Handelskammer im Jahr 1904 erstmals die Forderung nach einer Handelshochschule und setzt sich zugleich vehement f\u00fcr deren Errichtung in N\u00fcrnberg ein. Denn auch die Landeshauptstadt M\u00fcnchen buhlt damals um dieses akademische Prestigeprojekt.<\/p>\n<\/div><\/div><\/div><div class=\"fusion-layout-column fusion_builder_column fusion-builder-column-2 fusion_builder_column_1_3 1_3 fusion-flex-column\" style=\"--awb-bg-size:cover;--awb-width-large:33.333333333333%;--awb-margin-top-large:0px;--awb-spacing-right-large:5.76%;--awb-margin-bottom-large:0px;--awb-spacing-left-large:5.76%;--awb-width-medium:100%;--awb-spacing-right-medium:1.92%;--awb-spacing-left-medium:1.92%;--awb-width-small:100%;--awb-spacing-right-small:1.92%;--awb-spacing-left-small:1.92%;\"><div class=\"fusion-column-wrapper fusion-flex-justify-content-flex-start fusion-content-layout-column\"><div class=\"fusion-image-element \" style=\"--awb-caption-title-font-family:var(--h2_typography-font-family);--awb-caption-title-font-weight:var(--h2_typography-font-weight);--awb-caption-title-font-style:var(--h2_typography-font-style);--awb-caption-title-size:var(--h2_typography-font-size);--awb-caption-title-transform:var(--h2_typography-text-transform);--awb-caption-title-line-height:var(--h2_typography-line-height);--awb-caption-title-letter-spacing:var(--h2_typography-letter-spacing);\"><span class=\" fusion-imageframe imageframe-none imageframe-2 hover-type-zoomin fusion-animated\" data-animationType=\"fadeInLeft\" data-animationDuration=\"1.0\" data-animationOffset=\"top-into-view\"><a href=\"https:\/\/wp2.ihk-nuernberg.de\/antworten\/files\/2018\/03\/05.08-A38_C_143_14_Findelgasse7_Schulhaus_1916.jpg\" class=\"fusion-lightbox\" data-rel=\"iLightbox[1]\" title=\"Das Geb\u00e4ude der &#8222;Freien Hochschule f\u00fcr Handel, Industrie und allgemeine Volksbildung&#8220; 1916.\"><img decoding=\"async\" width=\"1920\" height=\"1408\" src=\"https:\/\/wp2.ihk-nuernberg.de\/antworten\/wp-content\/uploads\/sites\/19\/2018\/03\/05.08-A38_C_143_14_Findelgasse7_Schulhaus_1916.jpg\" alt class=\"img-responsive wp-image-12687\" srcset=\"https:\/\/wp2.ihk-nuernberg.de\/antworten\/wp-content\/uploads\/sites\/19\/2018\/03\/05.08-A38_C_143_14_Findelgasse7_Schulhaus_1916-300x220.jpg 300w, https:\/\/wp2.ihk-nuernberg.de\/antworten\/wp-content\/uploads\/sites\/19\/2018\/03\/05.08-A38_C_143_14_Findelgasse7_Schulhaus_1916-768x563.jpg 768w, https:\/\/wp2.ihk-nuernberg.de\/antworten\/wp-content\/uploads\/sites\/19\/2018\/03\/05.08-A38_C_143_14_Findelgasse7_Schulhaus_1916-1024x751.jpg 1024w, https:\/\/wp2.ihk-nuernberg.de\/antworten\/wp-content\/uploads\/sites\/19\/2018\/03\/05.08-A38_C_143_14_Findelgasse7_Schulhaus_1916-1536x1126.jpg 1536w, https:\/\/wp2.ihk-nuernberg.de\/antworten\/wp-content\/uploads\/sites\/19\/2018\/03\/05.08-A38_C_143_14_Findelgasse7_Schulhaus_1916.jpg 1920w\" sizes=\"(max-width: 1920px) 100vw, 1920px\" \/><\/a><\/span><\/div><div class=\"fusion-text fusion-text-4\"><p style=\"text-align: left\"><span class=\"copyright2\">Stadtarchiv N\u00fcrnberg A38 C 143-14<\/span><\/p>\n<\/div><\/div><\/div><div class=\"fusion-layout-column fusion_builder_column fusion-builder-column-3 fusion_builder_column_1_3 1_3 fusion-flex-column fusion-animated\" style=\"--awb-bg-size:cover;--awb-width-large:33.333333333333%;--awb-margin-top-large:20px;--awb-spacing-right-large:5.76%;--awb-margin-bottom-large:0px;--awb-spacing-left-large:5.76%;--awb-width-medium:100%;--awb-spacing-right-medium:1.92%;--awb-spacing-left-medium:1.92%;--awb-width-small:100%;--awb-spacing-right-small:1.92%;--awb-spacing-left-small:1.92%;\" data-animationType=\"fadeInRight\" data-animationDuration=\"1.0\" data-animationOffset=\"top-into-view\"><div class=\"fusion-column-wrapper fusion-flex-justify-content-flex-start fusion-content-layout-column\"><div class=\"fusion-image-element \" style=\"--awb-caption-title-font-family:var(--h2_typography-font-family);--awb-caption-title-font-weight:var(--h2_typography-font-weight);--awb-caption-title-font-style:var(--h2_typography-font-style);--awb-caption-title-size:var(--h2_typography-font-size);--awb-caption-title-transform:var(--h2_typography-text-transform);--awb-caption-title-line-height:var(--h2_typography-line-height);--awb-caption-title-letter-spacing:var(--h2_typography-letter-spacing);\"><span class=\" fusion-imageframe imageframe-none imageframe-3 hover-type-zoomin\"><a href=\"https:\/\/wp2.ihk-nuernberg.de\/antworten\/files\/2018\/02\/05.01-Eric-Koch_Anefo__Ludwig_Erhard.jpg\" class=\"fusion-lightbox\" data-rel=\"iLightbox[1]\" title=\"Ludwig Erhard 1964\"><img decoding=\"async\" width=\"924\" height=\"610\" src=\"https:\/\/wp2.ihk-nuernberg.de\/antworten\/wp-content\/uploads\/sites\/19\/2018\/02\/05.02-Eric-Koch_Anefo__Ludwig_Erhard2.jpg\" alt class=\"img-responsive wp-image-12461\" srcset=\"https:\/\/wp2.ihk-nuernberg.de\/antworten\/wp-content\/uploads\/sites\/19\/2018\/02\/05.02-Eric-Koch_Anefo__Ludwig_Erhard2-300x198.jpg 300w, https:\/\/wp2.ihk-nuernberg.de\/antworten\/wp-content\/uploads\/sites\/19\/2018\/02\/05.02-Eric-Koch_Anefo__Ludwig_Erhard2-768x507.jpg 768w, https:\/\/wp2.ihk-nuernberg.de\/antworten\/wp-content\/uploads\/sites\/19\/2018\/02\/05.02-Eric-Koch_Anefo__Ludwig_Erhard2.jpg 924w\" sizes=\"(max-width: 924px) 100vw, 924px\" \/><\/a><\/span><\/div><div class=\"fusion-text fusion-text-5\"><p style=\"text-align: left\"><span class=\"copyright2\">Eric Koch &#8211; Anefo<\/span><\/p>\n<\/div><\/div><\/div><div class=\"fusion-layout-column fusion_builder_column fusion-builder-column-4 fusion_builder_column_2_3 2_3 fusion-flex-column fusion-animated\" style=\"--awb-bg-size:cover;--awb-width-large:66.666666666667%;--awb-margin-top-large:0px;--awb-spacing-right-large:2.88%;--awb-margin-bottom-large:0px;--awb-spacing-left-large:2.88%;--awb-width-medium:100%;--awb-spacing-right-medium:1.92%;--awb-spacing-left-medium:1.92%;--awb-width-small:100%;--awb-spacing-right-small:1.92%;--awb-spacing-left-small:1.92%;\" data-animationType=\"fadeInRight\" data-animationDuration=\"1.0\" data-animationOffset=\"top-into-view\"><div class=\"fusion-column-wrapper fusion-flex-justify-content-flex-start fusion-content-layout-column\"><div class=\"fusion-text fusion-text-6\"><p>Aber N\u00fcrnberg kann sich behaupten: \u00a0Am 27. Mai 1918 wird die \u201eFreie Hochschule f\u00fcr Handel, Industrie und allgemeine Volksbildung\u201c gegr\u00fcndet und am 15. Oktober 1919 der Lehrbetrieb in der Findelgasse 7 aufgenommen. Unter den 170 Studierenden \u2013 auch immerhin sechs Frauen beginnen damals ihr Studium \u2013 ist der 22-j\u00e4hrige Ludwig Erhard, der hier das wissenschaftliche Fundament f\u00fcr seine gro\u00dfe unternehmerische und politische Karriere legt. Ab 1925 nennt sich die Einrichtung \u201eHochschule f\u00fcr Wirtschafts- und Sozialwissenschaften\u201c, im Jahr 1961 wird sie schlie\u00dflich als Wirtschafts- und Sozialwissenschaftliche Fakult\u00e4t der Friedrich-Alexander-Universit\u00e4t Erlangen-N\u00fcrnberg angegliedert.<\/p>\n<\/div><\/div><\/div><div class=\"fusion-layout-column fusion_builder_column fusion-builder-column-5 fusion_builder_column_1_3 1_3 fusion-flex-column fusion-animated\" style=\"--awb-bg-size:cover;--awb-width-large:33.333333333333%;--awb-margin-top-large:0px;--awb-spacing-right-large:5.76%;--awb-margin-bottom-large:0px;--awb-spacing-left-large:5.76%;--awb-width-medium:100%;--awb-spacing-right-medium:1.92%;--awb-spacing-left-medium:1.92%;--awb-width-small:100%;--awb-spacing-right-small:1.92%;--awb-spacing-left-small:1.92%;\" data-animationType=\"fadeInLeft\" data-animationDuration=\"1.0\" data-animationOffset=\"top-into-view\"><div class=\"fusion-column-wrapper fusion-flex-justify-content-flex-start fusion-content-layout-column\"><div class=\"fusion-text fusion-text-7\"><p>Berufliche Bildung, Fachkr\u00e4ftesicherung und Einsatz f\u00fcr eine leistungsf\u00e4hige Hochschul- und Forschungslandschaft: Diese Aktivit\u00e4ten geh\u00f6ren auch heute noch gleichsam zur DNA der IHK N\u00fcrnberg. Sie reichen von der Betreuung der \u00fcber 21\u00a0000 Auszubildenden in Mittelfranken \u00fcber die vielf\u00e4ltigen Weiterbildungsangebote an der IHK-Akademie Mittelfranken bis zum Hochschulausbau und Technologietransfer.<\/p>\n<\/div><\/div><\/div><div class=\"fusion-layout-column fusion_builder_column fusion-builder-column-6 fusion_builder_column_1_3 1_3 fusion-flex-column\" style=\"--awb-bg-size:cover;--awb-width-large:33.333333333333%;--awb-margin-top-large:0px;--awb-spacing-right-large:5.76%;--awb-margin-bottom-large:0px;--awb-spacing-left-large:5.76%;--awb-width-medium:100%;--awb-spacing-right-medium:1.92%;--awb-spacing-left-medium:1.92%;--awb-width-small:100%;--awb-spacing-right-small:1.92%;--awb-spacing-left-small:1.92%;\"><div class=\"fusion-column-wrapper fusion-flex-justify-content-flex-start fusion-content-layout-column\"><div class=\"fusion-image-element \" style=\"--awb-caption-title-font-family:var(--h2_typography-font-family);--awb-caption-title-font-weight:var(--h2_typography-font-weight);--awb-caption-title-font-style:var(--h2_typography-font-style);--awb-caption-title-size:var(--h2_typography-font-size);--awb-caption-title-transform:var(--h2_typography-text-transform);--awb-caption-title-line-height:var(--h2_typography-line-height);--awb-caption-title-letter-spacing:var(--h2_typography-letter-spacing);\"><span class=\" fusion-imageframe imageframe-none imageframe-4 hover-type-zoomin fusion-animated\" data-animationType=\"fadeInRight\" data-animationDuration=\"1.0\" data-animationOffset=\"top-into-view\"><a href=\"https:\/\/wp2.ihk-nuernberg.de\/antworten\/files\/2018\/02\/05.06-FUX031017_IHKAkademie7672.jpg\" class=\"fusion-lightbox\" data-rel=\"iLightbox[1]\" title=\"IHK Akademie Mittelfranken\"><img decoding=\"async\" width=\"1920\" height=\"1277\" src=\"https:\/\/wp2.ihk-nuernberg.de\/antworten\/wp-content\/uploads\/sites\/19\/2018\/02\/05.06-FUX031017_IHKAkademie7672.jpg\" alt class=\"img-responsive wp-image-12465\" srcset=\"https:\/\/wp2.ihk-nuernberg.de\/antworten\/wp-content\/uploads\/sites\/19\/2018\/02\/05.06-FUX031017_IHKAkademie7672-300x200.jpg 300w, https:\/\/wp2.ihk-nuernberg.de\/antworten\/wp-content\/uploads\/sites\/19\/2018\/02\/05.06-FUX031017_IHKAkademie7672-768x511.jpg 768w, https:\/\/wp2.ihk-nuernberg.de\/antworten\/wp-content\/uploads\/sites\/19\/2018\/02\/05.06-FUX031017_IHKAkademie7672-1024x681.jpg 1024w, https:\/\/wp2.ihk-nuernberg.de\/antworten\/wp-content\/uploads\/sites\/19\/2018\/02\/05.06-FUX031017_IHKAkademie7672-1536x1022.jpg 1536w, https:\/\/wp2.ihk-nuernberg.de\/antworten\/wp-content\/uploads\/sites\/19\/2018\/02\/05.06-FUX031017_IHKAkademie7672.jpg 1920w\" sizes=\"(max-width: 1920px) 100vw, 1920px\" \/><\/a><\/span><\/div><div class=\"fusion-text fusion-text-8\"><p style=\"text-align: left\"><span class=\"copyright2\">Kurt Fuchs<\/span><\/p>\n<\/div><\/div><\/div><div class=\"fusion-layout-column fusion_builder_column fusion-builder-column-7 fusion_builder_column_1_3 1_3 fusion-flex-column\" style=\"--awb-bg-size:cover;--awb-width-large:33.333333333333%;--awb-margin-top-large:0px;--awb-spacing-right-large:5.76%;--awb-margin-bottom-large:0px;--awb-spacing-left-large:5.76%;--awb-width-medium:100%;--awb-spacing-right-medium:1.92%;--awb-spacing-left-medium:1.92%;--awb-width-small:100%;--awb-spacing-right-small:1.92%;--awb-spacing-left-small:1.92%;\"><div class=\"fusion-column-wrapper fusion-flex-justify-content-flex-start fusion-content-layout-column\"><div class=\"fusion-image-element \" style=\"--awb-caption-title-font-family:var(--h2_typography-font-family);--awb-caption-title-font-weight:var(--h2_typography-font-weight);--awb-caption-title-font-style:var(--h2_typography-font-style);--awb-caption-title-size:var(--h2_typography-font-size);--awb-caption-title-transform:var(--h2_typography-text-transform);--awb-caption-title-line-height:var(--h2_typography-line-height);--awb-caption-title-letter-spacing:var(--h2_typography-letter-spacing);\"><span class=\" fusion-imageframe imageframe-none imageframe-5 hover-type-zoomin fusion-animated\" data-animationType=\"fadeInRight\" data-animationDuration=\"1.0\" data-animationOffset=\"top-into-view\"><a href=\"https:\/\/wp2.ihk-nuernberg.de\/antworten\/files\/2018\/02\/05.03-FAU_David-Hartfiel_Fachbereich-Wirtschaftswissenschaften_Kontext.jpg\" class=\"fusion-lightbox\" data-rel=\"iLightbox[1]\" title=\"Fachbereich Wirtschaftswissenschaften der FAU\"><img decoding=\"async\" width=\"1920\" height=\"1282\" src=\"https:\/\/wp2.ihk-nuernberg.de\/antworten\/wp-content\/uploads\/sites\/19\/2018\/02\/05.03-FAU_David-Hartfiel_Fachbereich-Wirtschaftswissenschaften_Kontext.jpg\" alt class=\"img-responsive wp-image-12462\" srcset=\"https:\/\/wp2.ihk-nuernberg.de\/antworten\/wp-content\/uploads\/sites\/19\/2018\/02\/05.03-FAU_David-Hartfiel_Fachbereich-Wirtschaftswissenschaften_Kontext-300x200.jpg 300w, https:\/\/wp2.ihk-nuernberg.de\/antworten\/wp-content\/uploads\/sites\/19\/2018\/02\/05.03-FAU_David-Hartfiel_Fachbereich-Wirtschaftswissenschaften_Kontext-768x513.jpg 768w, https:\/\/wp2.ihk-nuernberg.de\/antworten\/wp-content\/uploads\/sites\/19\/2018\/02\/05.03-FAU_David-Hartfiel_Fachbereich-Wirtschaftswissenschaften_Kontext-1024x684.jpg 1024w, https:\/\/wp2.ihk-nuernberg.de\/antworten\/wp-content\/uploads\/sites\/19\/2018\/02\/05.03-FAU_David-Hartfiel_Fachbereich-Wirtschaftswissenschaften_Kontext-1536x1026.jpg 1536w, https:\/\/wp2.ihk-nuernberg.de\/antworten\/wp-content\/uploads\/sites\/19\/2018\/02\/05.03-FAU_David-Hartfiel_Fachbereich-Wirtschaftswissenschaften_Kontext.jpg 1920w\" sizes=\"(max-width: 1920px) 100vw, 1920px\" \/><\/a><\/span><\/div><div class=\"fusion-text fusion-text-9\"><p style=\"text-align: left\"><span class=\"copyright2\">FAU\/David Hartfiel<\/span><\/p>\n<\/div><\/div><\/div><\/div><\/div><div class=\"fusion-fullwidth fullwidth-box fusion-builder-row-3 fusion-flex-container hundred-percent-fullwidth non-hundred-percent-height-scrolling\" style=\"--awb-border-radius-top-left:0px;--awb-border-radius-top-right:0px;--awb-border-radius-bottom-right:0px;--awb-border-radius-bottom-left:0px;--awb-background-color:#cccccc;--awb-flex-wrap:wrap;\" ><div class=\"fusion-builder-row fusion-row fusion-flex-align-items-flex-start fusion-flex-content-wrap\" style=\"width:104% !important;max-width:104% !important;margin-left: calc(-4% \/ 2 );margin-right: calc(-4% \/ 2 );\"><div class=\"fusion-layout-column fusion_builder_column fusion-builder-column-8 fusion_builder_column_1_1 1_1 fusion-flex-column\" style=\"--awb-bg-size:cover;--awb-width-large:100%;--awb-margin-top-large:0px;--awb-spacing-right-large:1.92%;--awb-margin-bottom-large:0px;--awb-spacing-left-large:1.92%;--awb-width-medium:100%;--awb-spacing-right-medium:1.92%;--awb-spacing-left-medium:1.92%;--awb-width-small:100%;--awb-spacing-right-small:1.92%;--awb-spacing-left-small:1.92%;\"><div class=\"fusion-column-wrapper fusion-flex-justify-content-flex-start fusion-content-layout-column\"><div class=\"fusion-video fusion-youtube\" style=\"--awb-max-width:600px;--awb-max-height:360px;--awb-align-self:center;--awb-width:100%;\"><div class=\"video-shortcode\"><div class=\"fluid-width-video-wrapper\" style=\"padding-top:60%;\" ><iframe title=\"YouTube video player 1\" src=\"https:\/\/www.youtube.com\/embed\/bN9pAKqvVu0?wmode=transparent&autoplay=0\" width=\"600\" height=\"360\" allowfullscreen allow=\"autoplay; clipboard-write; encrypted-media; gyroscope; picture-in-picture;\"><\/iframe><\/div><\/div><\/div><\/div><\/div><\/div><\/div><div class=\"fusion-fullwidth fullwidth-box fusion-builder-row-4 fusion-flex-container nonhundred-percent-fullwidth non-hundred-percent-height-scrolling\" style=\"--awb-border-radius-top-left:0px;--awb-border-radius-top-right:0px;--awb-border-radius-bottom-right:0px;--awb-border-radius-bottom-left:0px;--awb-flex-wrap:wrap;\" ><div class=\"fusion-builder-row fusion-row fusion-flex-align-items-flex-start fusion-flex-content-wrap\" style=\"max-width:1144px;margin-left: calc(-4% \/ 2 );margin-right: calc(-4% \/ 2 );\"><div class=\"fusion-layout-column fusion_builder_column fusion-builder-column-9 fusion_builder_column_1_1 1_1 fusion-flex-column\" style=\"--awb-bg-size:cover;--awb-width-large:100%;--awb-margin-top-large:0px;--awb-spacing-right-large:1.92%;--awb-margin-bottom-large:0px;--awb-spacing-left-large:1.92%;--awb-width-medium:100%;--awb-spacing-right-medium:1.92%;--awb-spacing-left-medium:1.92%;--awb-width-small:100%;--awb-spacing-right-small:1.92%;--awb-spacing-left-small:1.92%;\"><div class=\"fusion-column-wrapper fusion-flex-justify-content-flex-start fusion-content-layout-column\"><\/div><\/div><div class=\"fusion-layout-column fusion_builder_column fusion-builder-column-10 fusion_builder_column_1_2 1_2 fusion-flex-column\" style=\"--awb-bg-size:cover;--awb-width-large:50%;--awb-margin-top-large:0px;--awb-spacing-right-large:3.84%;--awb-margin-bottom-large:0px;--awb-spacing-left-large:3.84%;--awb-width-medium:100%;--awb-spacing-right-medium:1.92%;--awb-spacing-left-medium:1.92%;--awb-width-small:100%;--awb-spacing-right-small:1.92%;--awb-spacing-left-small:1.92%;\"><div class=\"fusion-column-wrapper fusion-flex-justify-content-flex-start fusion-content-layout-column\"><div class=\"fusion-title title fusion-title-2 fusion-sep-none fusion-title-text fusion-title-size-three\" style=\"--awb-margin-top-small:0px;--awb-margin-right-small:0px;--awb-margin-bottom-small:20px;--awb-margin-left-small:0px;\"><h3 class=\"fusion-title-heading title-heading-left fusion-responsive-typography-calculated\" style=\"margin:0;text-transform:none;--fontSize:22;line-height:1.41;\">Mehr zum Thema<\/h3><\/div><ul style=\"--awb-size:13px;--awb-line-height:22.1px;--awb-icon-width:22.1px;--awb-icon-height:22.1px;--awb-icon-margin:9.1px;--awb-content-margin:31.2px;\" class=\"fusion-checklist fusion-checklist-1 fusion-checklist-default type-icons\"><li class=\"fusion-li-item\" style=\"\"><span class=\"icon-wrapper circle-no\"><i class=\"fusion-li-icon fa fa-chevron-right\" aria-hidden=\"true\"><\/i><\/span><div class=\"fusion-li-item-content\"><a href=\"http:\/\/www.ihk-akademie-mittelfranken.de\/\" target=\"_blank\" rel=\"noopener\">IHK Akademie Mittelfranken<\/a><br \/>\nWissen, das Sie weiter bringt!<\/div><\/li><li class=\"fusion-li-item\" style=\"\"><span class=\"icon-wrapper circle-no\"><i class=\"fusion-li-icon fa fa-chevron-right\" aria-hidden=\"true\"><\/i><\/span><div class=\"fusion-li-item-content\"><a href=\"https:\/\/www.ihk-nuernberg.de\/hdkf\" target=\"_blank\" rel=\"noopener\">Haus der kleinen Forscher<\/a><br \/>\nDeutschlands gr\u00f6\u00dfte Fortbildungsinitiative f\u00fcr p\u00e4dagogische Fach- und Lehrkr\u00e4fte<\/div><\/li><li class=\"fusion-li-item\" style=\"\"><span class=\"icon-wrapper circle-no\"><i class=\"fusion-li-icon fa fa-chevron-right\" aria-hidden=\"true\"><\/i><\/span><div class=\"fusion-li-item-content\"><a href=\"http:\/\/www.ludwig-erhard.de\/\" target=\"_blank\" rel=\"noopener\">Ludwig Erhard Stiftung e.V.<\/a><br \/>\nF\u00fcr Freiheit und Verantwortung<\/div><\/li><li class=\"fusion-li-item\" style=\"\"><span class=\"icon-wrapper circle-no\"><i class=\"fusion-li-icon fa fa-chevron-right\" aria-hidden=\"true\"><\/i><\/span><div class=\"fusion-li-item-content\"><a href=\"https:\/\/www.wiso.rw.fau.de\/\" target=\"_blank\" rel=\"noopener\">Friedrich-Alexander-Universit\u00e4t Erlangen-N\u00fcrnberg<\/a><br \/>\nFachbereich Wirtschaftswissenschaften (WiSo)<\/div><\/li><\/ul><\/div><\/div><div class=\"fusion-layout-column fusion_builder_column fusion-builder-column-11 fusion_builder_column_1_2 1_2 fusion-flex-column\" style=\"--awb-bg-size:cover;--awb-width-large:50%;--awb-margin-top-large:0px;--awb-spacing-right-large:3.84%;--awb-margin-bottom-large:0px;--awb-spacing-left-large:3.84%;--awb-width-medium:100%;--awb-spacing-right-medium:1.92%;--awb-spacing-left-medium:1.92%;--awb-width-small:100%;--awb-spacing-right-small:1.92%;--awb-spacing-left-small:1.92%;\"><div class=\"fusion-column-wrapper fusion-flex-justify-content-flex-start fusion-content-layout-column\"><div class=\"fusion-title title fusion-title-3 fusion-sep-none fusion-title-text fusion-title-size-three\" style=\"--awb-margin-top-small:0px;--awb-margin-right-small:0px;--awb-margin-bottom-small:20px;--awb-margin-left-small:0px;\"><h3 class=\"fusion-title-heading title-heading-left fusion-responsive-typography-calculated\" style=\"margin:0;text-transform:none;--fontSize:22;line-height:1.41;\"><p class=\"title-heading-left\" data-lineheight=\"31\" data-fontsize=\"22\">Diese Geschichte in der WiM<\/p><\/h3><\/div><div class=\"fusion-text fusion-text-10\"><p><strong>Wissbegierig<\/strong> &#8211; Berufliche Bildung geh\u00f6rt zur DNA der Industrie- und Handelskammer.<\/p>\n<\/div><ul style=\"--awb-size:13px;--awb-line-height:22.1px;--awb-icon-width:22.1px;--awb-icon-height:22.1px;--awb-icon-margin:9.1px;--awb-content-margin:31.2px;\" class=\"fusion-checklist fusion-checklist-2 fusion-checklist-default type-icons\"><li class=\"fusion-li-item\" style=\"\"><span class=\"icon-wrapper circle-no\"><i class=\"fusion-li-icon fa-chevron-right fas\" aria-hidden=\"true\"><\/i><\/span><div class=\"fusion-li-item-content\">\n<p><a href=\"https:\/\/www.wim-magazin.de\/frontend\/getcatalog.do?catalogId=728441&amp;catalogVersion=1&amp;lang=de#page_50\" target=\"_blank\" rel=\"noopener\">Im Bl\u00e4tterkatalog<\/a><\/p>\n<\/div><\/li><li class=\"fusion-li-item\" style=\"\"><span class=\"icon-wrapper circle-no\"><i class=\"fusion-li-icon fa-chevron-right fas\" aria-hidden=\"true\"><\/i><\/span><div class=\"fusion-li-item-content\">\n<p><a href=\"https:\/\/wp2.ihk-nuernberg.de\/antworten\/wp-content\/uploads\/sites\/19\/2024\/10\/Wissbegierig.pdf\" target=\"_blank\" rel=\"noopener\">Als PDF<\/a><\/p>\n<\/div><\/li><\/ul><\/div><\/div><\/div><\/div><\/p>\n","protected":false},"excerpt":{"rendered":"","protected":false},"author":2,"featured_media":0,"parent":12239,"menu_order":0,"comment_status":"closed","ping_status":"closed","template":"100-width.php","meta":{"footnotes":""},"class_list":["post-12326","page","type-page","status-publish","hentry"],"_links":{"self":[{"href":"https:\/\/wp2.ihk-nuernberg.de\/antworten\/wp-json\/wp\/v2\/pages\/12326","targetHints":{"allow":["GET"]}}],"collection":[{"href":"https:\/\/wp2.ihk-nuernberg.de\/antworten\/wp-json\/wp\/v2\/pages"}],"about":[{"href":"https:\/\/wp2.ihk-nuernberg.de\/antworten\/wp-json\/wp\/v2\/types\/page"}],"author":[{"embeddable":true,"href":"https:\/\/wp2.ihk-nuernberg.de\/antworten\/wp-json\/wp\/v2\/users\/2"}],"replies":[{"embeddable":true,"href":"https:\/\/wp2.ihk-nuernberg.de\/antworten\/wp-json\/wp\/v2\/comments?post=12326"}],"version-history":[{"count":3,"href":"https:\/\/wp2.ihk-nuernberg.de\/antworten\/wp-json\/wp\/v2\/pages\/12326\/revisions"}],"predecessor-version":[{"id":15263,"href":"https:\/\/wp2.ihk-nuernberg.de\/antworten\/wp-json\/wp\/v2\/pages\/12326\/revisions\/15263"}],"up":[{"embeddable":true,"href":"https:\/\/wp2.ihk-nuernberg.de\/antworten\/wp-json\/wp\/v2\/pages\/12239"}],"wp:attachment":[{"href":"https:\/\/wp2.ihk-nuernberg.de\/antworten\/wp-json\/wp\/v2\/media?parent=12326"}],"curies":[{"name":"wp","href":"https:\/\/api.w.org\/{rel}","templated":true}]}}