{"id":12324,"date":"2018-03-05T11:10:39","date_gmt":"2018-03-05T10:10:39","guid":{"rendered":"http:\/\/blogs.ihk-nuernberg.de\/antworten\/?page_id=12324"},"modified":"2024-10-11T11:06:18","modified_gmt":"2024-10-11T09:06:18","slug":"weltausstellung","status":"publish","type":"page","link":"https:\/\/wp2.ihk-nuernberg.de\/antworten\/geschichte-woher-wir-kommen-und-wohin-wir-gehen\/weltausstellung\/","title":{"rendered":"Weltausstellung"},"content":{"rendered":"<p><div class=\"fusion-fullwidth fullwidth-box fusion-builder-row-1 fusion-flex-container nonhundred-percent-fullwidth non-hundred-percent-height-scrolling\" style=\"--awb-border-radius-top-left:0px;--awb-border-radius-top-right:0px;--awb-border-radius-bottom-right:0px;--awb-border-radius-bottom-left:0px;--awb-flex-wrap:wrap;\" ><div class=\"fusion-builder-row fusion-row fusion-flex-align-items-flex-start fusion-flex-content-wrap\" style=\"max-width:1144px;margin-left: calc(-4% \/ 2 );margin-right: calc(-4% \/ 2 );\"><div class=\"fusion-layout-column fusion_builder_column fusion-builder-column-0 fusion_builder_column_1_1 1_1 fusion-flex-column\" style=\"--awb-bg-size:cover;--awb-width-large:100%;--awb-margin-top-large:0px;--awb-spacing-right-large:1.92%;--awb-margin-bottom-large:0px;--awb-spacing-left-large:1.92%;--awb-width-medium:100%;--awb-spacing-right-medium:1.92%;--awb-spacing-left-medium:1.92%;--awb-width-small:100%;--awb-spacing-right-small:1.92%;--awb-spacing-left-small:1.92%;\"><div class=\"fusion-column-wrapper fusion-flex-justify-content-flex-start fusion-content-layout-column\"><div class=\"fusion-image-element \" style=\"text-align:center;--awb-caption-title-font-family:var(--h2_typography-font-family);--awb-caption-title-font-weight:var(--h2_typography-font-weight);--awb-caption-title-font-style:var(--h2_typography-font-style);--awb-caption-title-size:var(--h2_typography-font-size);--awb-caption-title-transform:var(--h2_typography-text-transform);--awb-caption-title-line-height:var(--h2_typography-line-height);--awb-caption-title-letter-spacing:var(--h2_typography-letter-spacing);\"><span class=\" fusion-imageframe imageframe-none imageframe-1 hover-type-none fusion-animated\" data-animationType=\"fadeInUp\" data-animationDuration=\"1.0\" data-animationOffset=\"top-into-view\"><a href=\"https:\/\/wp2.ihk-nuernberg.de\/antworten\/wp-content\/uploads\/sites\/19\/2018\/02\/04.10-Unknown_PD-US_1893_world_columbian_exposition.jpg\" class=\"fusion-lightbox\" data-rel=\"iLightbox[1]\" data-title=\"1893 World Columbian Exposition\" title=\"Plakat der Weltausstellung 1893 in Chicago\"><img decoding=\"async\" width=\"1200\" height=\"354\" src=\"https:\/\/wp2.ihk-nuernberg.de\/antworten\/wp-content\/uploads\/sites\/19\/2018\/03\/04.10-Unknown_PD-US_1893_world_columbian_expositions-Zuschnitt.jpg\" alt class=\"img-responsive wp-image-12797\" srcset=\"https:\/\/wp2.ihk-nuernberg.de\/antworten\/wp-content\/uploads\/sites\/19\/2018\/03\/04.10-Unknown_PD-US_1893_world_columbian_expositions-Zuschnitt-300x89.jpg 300w, https:\/\/wp2.ihk-nuernberg.de\/antworten\/wp-content\/uploads\/sites\/19\/2018\/03\/04.10-Unknown_PD-US_1893_world_columbian_expositions-Zuschnitt-768x227.jpg 768w, https:\/\/wp2.ihk-nuernberg.de\/antworten\/wp-content\/uploads\/sites\/19\/2018\/03\/04.10-Unknown_PD-US_1893_world_columbian_expositions-Zuschnitt-1024x302.jpg 1024w, https:\/\/wp2.ihk-nuernberg.de\/antworten\/wp-content\/uploads\/sites\/19\/2018\/03\/04.10-Unknown_PD-US_1893_world_columbian_expositions-Zuschnitt.jpg 1200w\" sizes=\"(max-width: 1200px) 100vw, 1200px\" \/><\/a><\/span><\/div><div class=\"fusion-text fusion-text-1\"><p style=\"text-align: right\"><span class=\"copyright2\">Public Domain<\/span><\/p>\n<\/div><div class=\"fusion-title title fusion-title-1 fusion-sep-none fusion-title-text fusion-title-size-one\" style=\"--awb-margin-top-small:0px;--awb-margin-right-small:0px;--awb-margin-bottom-small:20px;--awb-margin-left-small:0px;\"><h1 class=\"fusion-title-heading title-heading-left fusion-responsive-typography-calculated\" style=\"margin:0;text-transform:none;--fontSize:64;line-height:1.5;\">Weltausstellung<\/h1><\/div><div class=\"fusion-text fusion-text-2\"><p>Auf den Weltausstellungen in Paris und London l\u00e4sst sich die Handelskammer N\u00fcrnberg Mitte des 19. Jahrhunderts von neuen Technologien und Produkten inspirieren und tr\u00e4gt umgekehrt Innovationen aus der Region in die weite Welt.<\/p>\n<\/div><\/div><\/div><\/div><\/div><div class=\"fusion-fullwidth fullwidth-box fusion-builder-row-2 fusion-flex-container nonhundred-percent-fullwidth non-hundred-percent-height-scrolling\" style=\"--awb-border-radius-top-left:0px;--awb-border-radius-top-right:0px;--awb-border-radius-bottom-right:0px;--awb-border-radius-bottom-left:0px;--awb-flex-wrap:wrap;\" ><div class=\"fusion-builder-row fusion-row fusion-flex-align-items-flex-start fusion-flex-content-wrap\" style=\"max-width:1144px;margin-left: calc(-4% \/ 2 );margin-right: calc(-4% \/ 2 );\"><div class=\"fusion-layout-column fusion_builder_column fusion-builder-column-1 fusion_builder_column_1_3 1_3 fusion-flex-column fusion-animated\" style=\"--awb-bg-size:cover;--awb-width-large:33.333333333333%;--awb-margin-top-large:0px;--awb-spacing-right-large:5.76%;--awb-margin-bottom-large:0px;--awb-spacing-left-large:5.76%;--awb-width-medium:100%;--awb-spacing-right-medium:1.92%;--awb-spacing-left-medium:1.92%;--awb-width-small:100%;--awb-spacing-right-small:1.92%;--awb-spacing-left-small:1.92%;\" data-animationType=\"fadeInLeft\" data-animationDuration=\"1.0\" data-animationOffset=\"top-into-view\"><div class=\"fusion-column-wrapper fusion-flex-justify-content-flex-start fusion-content-layout-column\"><div class=\"fusion-image-element \" style=\"--awb-caption-title-font-family:var(--h2_typography-font-family);--awb-caption-title-font-weight:var(--h2_typography-font-weight);--awb-caption-title-font-style:var(--h2_typography-font-style);--awb-caption-title-size:var(--h2_typography-font-size);--awb-caption-title-transform:var(--h2_typography-text-transform);--awb-caption-title-line-height:var(--h2_typography-line-height);--awb-caption-title-letter-spacing:var(--h2_typography-letter-spacing);\"><span class=\" fusion-imageframe imageframe-none imageframe-2 hover-type-zoomin\"><a href=\"https:\/\/wp2.ihk-nuernberg.de\/antworten\/wp-content\/uploads\/sites\/19\/2018\/02\/04.01-1862_London_expo.jpg\" class=\"fusion-lightbox\" data-rel=\"iLightbox[1]\" data-caption=\"Organisator der Weltausstellung war die Royal Society of Arts. Erkl\u00e4rtes Ziel war, die Weltausstellung von 1851 bei weitem zu \u00fcbertreffen.\" data-title=\"Londoner Weltausstellung 1862: Stereoskopisches Bild des Ausstellungspalastes von Westen.\" title=\"Londoner Weltausstellung 1862: Stereoskopisches Bild des Ausstellungspalastes von Westen.\"><img decoding=\"async\" width=\"1920\" height=\"928\" src=\"https:\/\/wp2.ihk-nuernberg.de\/antworten\/wp-content\/uploads\/sites\/19\/2018\/02\/04.01-1862_London_expo.jpg\" alt class=\"img-responsive wp-image-12507\" srcset=\"https:\/\/wp2.ihk-nuernberg.de\/antworten\/wp-content\/uploads\/sites\/19\/2018\/02\/04.01-1862_London_expo-300x145.jpg 300w, https:\/\/wp2.ihk-nuernberg.de\/antworten\/wp-content\/uploads\/sites\/19\/2018\/02\/04.01-1862_London_expo-768x371.jpg 768w, https:\/\/wp2.ihk-nuernberg.de\/antworten\/wp-content\/uploads\/sites\/19\/2018\/02\/04.01-1862_London_expo-1024x495.jpg 1024w, https:\/\/wp2.ihk-nuernberg.de\/antworten\/wp-content\/uploads\/sites\/19\/2018\/02\/04.01-1862_London_expo-1536x742.jpg 1536w, https:\/\/wp2.ihk-nuernberg.de\/antworten\/wp-content\/uploads\/sites\/19\/2018\/02\/04.01-1862_London_expo.jpg 1920w\" sizes=\"(max-width: 1920px) 100vw, 1920px\" \/><\/a><\/span><\/div><div class=\"fusion-text fusion-text-3\"><p style=\"text-align: right\"><span class=\"copyright2\">Public Domain<\/span><\/p>\n<\/div><\/div><\/div><div class=\"fusion-layout-column fusion_builder_column fusion-builder-column-2 fusion_builder_column_2_3 2_3 fusion-flex-column fusion-animated\" style=\"--awb-bg-size:cover;--awb-width-large:66.666666666667%;--awb-margin-top-large:0px;--awb-spacing-right-large:2.88%;--awb-margin-bottom-large:0px;--awb-spacing-left-large:2.88%;--awb-width-medium:100%;--awb-spacing-right-medium:1.92%;--awb-spacing-left-medium:1.92%;--awb-width-small:100%;--awb-spacing-right-small:1.92%;--awb-spacing-left-small:1.92%;\" data-animationType=\"fadeInRight\" data-animationDuration=\"1.0\" data-animationOffset=\"top-into-view\"><div class=\"fusion-column-wrapper fusion-flex-justify-content-center fusion-content-layout-column\"><div class=\"fusion-text fusion-text-4\"><p>Es ist damals eine der wenigen Chancen, sich auf weltweitem Terrain zu pr\u00e4sentieren: Deshalb ist die Handelskammer N\u00fcrnberg dabei, als bei der Weltausstellung in London 1862 zum Beispiel moderne Baukunst und in Paris 1867 der erste hydraulische Fahrstuhl vorgestellt werden. Technologische Entwicklungen werden dokumentiert, wertvolle Kontakte \u00fcber Landesgrenzen hinweg gepflegt und besonders bemerkenswerte St\u00fccke erworben und mit nach N\u00fcrnberg gebracht.<\/p>\n<\/div><\/div><\/div><div class=\"fusion-layout-column fusion_builder_column fusion-builder-column-3 fusion_builder_column_2_3 2_3 fusion-flex-column fusion-animated\" style=\"--awb-bg-size:cover;--awb-width-large:66.666666666667%;--awb-margin-top-large:0px;--awb-spacing-right-large:2.88%;--awb-margin-bottom-large:0px;--awb-spacing-left-large:2.88%;--awb-width-medium:100%;--awb-spacing-right-medium:1.92%;--awb-spacing-left-medium:1.92%;--awb-width-small:100%;--awb-spacing-right-small:1.92%;--awb-spacing-left-small:1.92%;\" data-animationType=\"fadeInLeft\" data-animationDuration=\"1.0\" data-animationOffset=\"top-into-view\"><div class=\"fusion-column-wrapper fusion-flex-justify-content-center fusion-content-layout-column\"><div class=\"fusion-text fusion-text-5\"><p>Das Erlebnis der Weltausstellungen setzt in N\u00fcrnberg ein besonderes Projekt in Gang: 1869 wird hier das Gewerbemuseum gegr\u00fcndet, dessen Exponate N\u00fcrnberg als erfolgreichen und vielseitigen Wirtschaftsstandort pr\u00e4sentieren.<\/p>\n<p>Doch nicht immer sind die Erfahrungen im Ausland positiv: Bei der Weltausstellung 1876 in Philadelphia werden deutsche Waren 1876 als billig und von schlechter Qualit\u00e4t bezeichnet. Die deutschen H\u00e4ndler kehren den Weltausstellungen deshalb f\u00fcr einige Jahre den R\u00fccken und stellen lieber auf Fachmessen aus. Auf Initiative des Gewerbemuseums N\u00fcrnberg zeigen dann 1893 in Chicago doch wieder 63 Firmen aus N\u00fcrnberg und F\u00fcrth, was die deutsche Wirtschaft alles kann \u2013 in einer Gemeinschaftsausstellung im deutschen Pavillon.<\/p>\n<p>Bis heute ist es ein zentrales Anliegen der IHK N\u00fcrnberg f\u00fcr Mittelfranken, ihre Mitglieder international zu vernetzen \u2013 durch Messebeteiligungen, L\u00e4ndersprechtage, Marktinformationen, Delegationsreisen und viele Aktivit\u00e4ten mehr.<\/p>\n<\/div><\/div><\/div><div class=\"fusion-layout-column fusion_builder_column fusion-builder-column-4 fusion_builder_column_1_3 1_3 fusion-flex-column fusion-animated\" style=\"--awb-bg-size:cover;--awb-width-large:33.333333333333%;--awb-margin-top-large:0px;--awb-spacing-right-large:5.76%;--awb-margin-bottom-large:0px;--awb-spacing-left-large:5.76%;--awb-width-medium:100%;--awb-spacing-right-medium:1.92%;--awb-spacing-left-medium:1.92%;--awb-width-small:100%;--awb-spacing-right-small:1.92%;--awb-spacing-left-small:1.92%;\" data-animationType=\"fadeInRight\" data-animationDuration=\"1.0\" data-animationOffset=\"top-into-view\"><div class=\"fusion-column-wrapper fusion-flex-justify-content-flex-start fusion-content-layout-column\"><div class=\"fusion-image-element \" style=\"text-align:center;--awb-caption-title-font-family:var(--h2_typography-font-family);--awb-caption-title-font-weight:var(--h2_typography-font-weight);--awb-caption-title-font-style:var(--h2_typography-font-style);--awb-caption-title-size:var(--h2_typography-font-size);--awb-caption-title-transform:var(--h2_typography-text-transform);--awb-caption-title-line-height:var(--h2_typography-line-height);--awb-caption-title-letter-spacing:var(--h2_typography-letter-spacing);\"><span class=\" fusion-imageframe imageframe-none imageframe-3 hover-type-zoomin\"><a href=\"https:\/\/wp2.ihk-nuernberg.de\/antworten\/wp-content\/uploads\/sites\/19\/2018\/02\/04.03-Eine_elektrische_Kueche_Chicago_1893_gemeinfrei.jpg\" class=\"fusion-lightbox\" data-rel=\"iLightbox[1]\" data-title=\"Eine K\u00fcche mit elektrischen Apparaturen auf der Weltausstellung in Chicago 1893.\" title=\"Eine K\u00fcche mit elektrischen Apparaturen auf der Weltausstellung in Chicago 1893.\"><img decoding=\"async\" width=\"819\" height=\"948\" src=\"https:\/\/wp2.ihk-nuernberg.de\/antworten\/wp-content\/uploads\/sites\/19\/2018\/02\/04.03-Eine_elektrische_Kueche_Chicago_1893_gemeinfrei.jpg\" alt class=\"img-responsive wp-image-12453\" srcset=\"https:\/\/wp2.ihk-nuernberg.de\/antworten\/wp-content\/uploads\/sites\/19\/2018\/02\/04.03-Eine_elektrische_Kueche_Chicago_1893_gemeinfrei-259x300.jpg 259w, https:\/\/wp2.ihk-nuernberg.de\/antworten\/wp-content\/uploads\/sites\/19\/2018\/02\/04.03-Eine_elektrische_Kueche_Chicago_1893_gemeinfrei-768x889.jpg 768w, https:\/\/wp2.ihk-nuernberg.de\/antworten\/wp-content\/uploads\/sites\/19\/2018\/02\/04.03-Eine_elektrische_Kueche_Chicago_1893_gemeinfrei.jpg 819w\" sizes=\"(max-width: 819px) 100vw, 819px\" \/><\/a><\/span><\/div><div class=\"fusion-text fusion-text-6\"><p style=\"text-align: center\"><span class=\"copyright2\">Public Domain<\/span><\/p>\n<\/div><\/div><\/div><\/div><\/div><div class=\"fusion-fullwidth fullwidth-box fusion-builder-row-3 fusion-flex-container hundred-percent-fullwidth non-hundred-percent-height-scrolling\" style=\"--awb-border-radius-top-left:0px;--awb-border-radius-top-right:0px;--awb-border-radius-bottom-right:0px;--awb-border-radius-bottom-left:0px;--awb-background-color:#cccccc;--awb-flex-wrap:wrap;\" ><div class=\"fusion-builder-row fusion-row fusion-flex-align-items-flex-start fusion-flex-content-wrap\" style=\"width:104% !important;max-width:104% !important;margin-left: calc(-4% \/ 2 );margin-right: calc(-4% \/ 2 );\"><div class=\"fusion-layout-column fusion_builder_column fusion-builder-column-5 fusion_builder_column_1_1 1_1 fusion-flex-column\" style=\"--awb-bg-size:cover;--awb-width-large:100%;--awb-margin-top-large:0px;--awb-spacing-right-large:1.92%;--awb-margin-bottom-large:0px;--awb-spacing-left-large:1.92%;--awb-width-medium:100%;--awb-spacing-right-medium:1.92%;--awb-spacing-left-medium:1.92%;--awb-width-small:100%;--awb-spacing-right-small:1.92%;--awb-spacing-left-small:1.92%;\"><div class=\"fusion-column-wrapper fusion-flex-justify-content-flex-start fusion-content-layout-column\"><div class=\"fusion-video fusion-youtube\" style=\"--awb-max-width:600px;--awb-max-height:360px;--awb-align-self:center;--awb-width:100%;\"><div class=\"video-shortcode\"><div class=\"fluid-width-video-wrapper\" style=\"padding-top:60%;\" ><iframe title=\"YouTube video player 1\" src=\"https:\/\/www.youtube.com\/embed\/4dX0BI510lE?wmode=transparent&autoplay=0\" width=\"600\" height=\"360\" allowfullscreen allow=\"autoplay; clipboard-write; encrypted-media; gyroscope; picture-in-picture;\"><\/iframe><\/div><\/div><\/div><\/div><\/div><\/div><\/div><div class=\"fusion-fullwidth fullwidth-box fusion-builder-row-4 fusion-flex-container nonhundred-percent-fullwidth non-hundred-percent-height-scrolling\" style=\"--awb-border-radius-top-left:0px;--awb-border-radius-top-right:0px;--awb-border-radius-bottom-right:0px;--awb-border-radius-bottom-left:0px;--awb-flex-wrap:wrap;\" ><div class=\"fusion-builder-row fusion-row fusion-flex-align-items-flex-start fusion-flex-content-wrap\" style=\"max-width:1144px;margin-left: calc(-4% \/ 2 );margin-right: calc(-4% \/ 2 );\"><div class=\"fusion-layout-column fusion_builder_column fusion-builder-column-6 fusion_builder_column_1_1 1_1 fusion-flex-column fusion-animated\" style=\"--awb-bg-size:cover;--awb-width-large:100%;--awb-margin-top-large:0px;--awb-spacing-right-large:1.92%;--awb-margin-bottom-large:0px;--awb-spacing-left-large:1.92%;--awb-width-medium:100%;--awb-spacing-right-medium:1.92%;--awb-spacing-left-medium:1.92%;--awb-width-small:100%;--awb-spacing-right-small:1.92%;--awb-spacing-left-small:1.92%;\" data-animationType=\"fadeInUp\" data-animationDuration=\"1.0\" data-animationOffset=\"top-into-view\"><div class=\"fusion-column-wrapper fusion-flex-justify-content-flex-start fusion-content-layout-column\"><div class=\"awb-gallery-wrapper awb-gallery-wrapper-1 button-span-no\" style=\"--more-btn-alignment:center;\"><div style=\"margin:-5px;--awb-bordersize:0px;\" class=\"fusion-gallery fusion-gallery-container fusion-grid-3 fusion-columns-total-9 fusion-gallery-layout-masonry fusion-gallery-1\"><div class=\"fusion-grid-column fusion-gallery-column fusion-gallery-column-3 hover-type-zoomin fusion-grid-sizer\"><\/div><div style=\"padding:5px;\" class=\"fusion-grid-column fusion-gallery-column fusion-gallery-column-3 hover-type-zoomin fusion-element-grid\"><div class=\"fusion-gallery-image\"><a href=\"https:\/\/wp2.ihk-nuernberg.de\/antworten\/wp-content\/uploads\/sites\/19\/2018\/02\/04.04-DasdeutscheHausChicago04.03-1893_Architekt-Karl-Hoffacker-1856\u20131919.jpg\" data-title=\"Das Deutsche Haus in Chicago, 1893, Architekt: Karl Hoffacker (1856\u20131919)\" title=\"Das Deutsche Haus in Chicago, 1893, Architekt: Karl Hoffacker (1856\u20131919)\" rel=\"noreferrer\" data-rel=\"iLightbox[gallery_image_1]\" class=\"fusion-lightbox\" target=\"_self\"><div style=\"background-image:url(https:\/\/wp2.ihk-nuernberg.de\/antworten\/wp-content\/uploads\/sites\/19\/2018\/02\/04.04-DasdeutscheHausChicago04.03-1893_Architekt-Karl-Hoffacker-1856\u20131919.jpg);padding-top:calc((100% + 10px) * 0.8 - 5px);background-position:;\" class=\"fusion-masonry-element-container\"><img decoding=\"async\" src=\"https:\/\/wp2.ihk-nuernberg.de\/antworten\/wp-content\/uploads\/sites\/19\/2018\/02\/04.04-DasdeutscheHausChicago04.03-1893_Architekt-Karl-Hoffacker-1856\u20131919.jpg\" width=\"1920\" height=\"2105\" alt=\"\" title=\"Das Deutsche Haus in Chicago, 1893, Architekt: Karl Hoffacker (1856\u20131919)\" aria-label=\"Das Deutsche Haus in Chicago, 1893, Architekt: Karl Hoffacker (1856\u20131919)\" class=\"img-responsive wp-image-12454\" srcset=\"https:\/\/wp2.ihk-nuernberg.de\/antworten\/wp-content\/uploads\/sites\/19\/2018\/02\/04.04-DasdeutscheHausChicago04.03-1893_Architekt-Karl-Hoffacker-1856\u20131919-274x300.jpg 274w, https:\/\/wp2.ihk-nuernberg.de\/antworten\/wp-content\/uploads\/sites\/19\/2018\/02\/04.04-DasdeutscheHausChicago04.03-1893_Architekt-Karl-Hoffacker-1856\u20131919-768x842.jpg 768w, https:\/\/wp2.ihk-nuernberg.de\/antworten\/wp-content\/uploads\/sites\/19\/2018\/02\/04.04-DasdeutscheHausChicago04.03-1893_Architekt-Karl-Hoffacker-1856\u20131919-934x1024.jpg 934w, https:\/\/wp2.ihk-nuernberg.de\/antworten\/wp-content\/uploads\/sites\/19\/2018\/02\/04.04-DasdeutscheHausChicago04.03-1893_Architekt-Karl-Hoffacker-1856\u20131919-1401x1536.jpg 1401w, https:\/\/wp2.ihk-nuernberg.de\/antworten\/wp-content\/uploads\/sites\/19\/2018\/02\/04.04-DasdeutscheHausChicago04.03-1893_Architekt-Karl-Hoffacker-1856\u20131919-1868x2048.jpg 1868w, https:\/\/wp2.ihk-nuernberg.de\/antworten\/wp-content\/uploads\/sites\/19\/2018\/02\/04.04-DasdeutscheHausChicago04.03-1893_Architekt-Karl-Hoffacker-1856\u20131919.jpg 1920w\" sizes=\"(max-width: 1920px) 100vw, 1920px\" \/><\/div><\/a><\/div><\/div><div style=\"padding:5px;\" class=\"fusion-grid-column fusion-gallery-column fusion-gallery-column-3 hover-type-zoomin fusion-element-grid\"><div class=\"fusion-gallery-image\"><a href=\"https:\/\/wp2.ihk-nuernberg.de\/antworten\/wp-content\/uploads\/sites\/19\/2018\/02\/04.05-GNM_Medaille-Kramer.png\" data-title=\"Germanisches Nationalmuseum: Preismedaille f\u00fcr Theodor von Kramer auf der Weltausstellung in Chicago von 1893.\" title=\"Germanisches Nationalmuseum: Preismedaille f\u00fcr Theodor von Kramer auf der Weltausstellung in Chicago von 1893.\" rel=\"noreferrer\" data-rel=\"iLightbox[gallery_image_1]\" class=\"fusion-lightbox\" target=\"_self\"><div style=\"background-image:url(https:\/\/wp2.ihk-nuernberg.de\/antworten\/wp-content\/uploads\/sites\/19\/2018\/02\/04.05-GNM_Medaille-Kramer.png);padding-top:calc((100% + 10px) * 0.8 - 5px);background-position:;\" class=\"fusion-masonry-element-container\"><img decoding=\"async\" src=\"https:\/\/wp2.ihk-nuernberg.de\/antworten\/wp-content\/uploads\/sites\/19\/2018\/02\/04.05-GNM_Medaille-Kramer.png\" width=\"1920\" height=\"1920\" alt=\"\" title=\"Germanisches Nationalmuseum: Preismedaille f\u00fcr Theodor von Kramer auf der Weltausstellung in Chicago von 1893.\" aria-label=\"Germanisches Nationalmuseum: Preismedaille f\u00fcr Theodor von Kramer auf der Weltausstellung in Chicago von 1893.\" class=\"img-responsive wp-image-12443\" srcset=\"https:\/\/wp2.ihk-nuernberg.de\/antworten\/wp-content\/uploads\/sites\/19\/2018\/02\/04.05-GNM_Medaille-Kramer-150x150.png 150w, https:\/\/wp2.ihk-nuernberg.de\/antworten\/wp-content\/uploads\/sites\/19\/2018\/02\/04.05-GNM_Medaille-Kramer-300x300.png 300w, https:\/\/wp2.ihk-nuernberg.de\/antworten\/wp-content\/uploads\/sites\/19\/2018\/02\/04.05-GNM_Medaille-Kramer-768x768.png 768w, https:\/\/wp2.ihk-nuernberg.de\/antworten\/wp-content\/uploads\/sites\/19\/2018\/02\/04.05-GNM_Medaille-Kramer-1024x1024.png 1024w, https:\/\/wp2.ihk-nuernberg.de\/antworten\/wp-content\/uploads\/sites\/19\/2018\/02\/04.05-GNM_Medaille-Kramer-1536x1536.png 1536w, https:\/\/wp2.ihk-nuernberg.de\/antworten\/wp-content\/uploads\/sites\/19\/2018\/02\/04.05-GNM_Medaille-Kramer.png 1920w\" sizes=\"(max-width: 1920px) 100vw, 1920px\" \/><\/div><\/a><\/div><\/div><div style=\"padding:5px;\" class=\"fusion-grid-column fusion-gallery-column fusion-gallery-column-3 hover-type-zoomin fusion-element-grid\"><div class=\"fusion-gallery-image\"><a href=\"https:\/\/wp2.ihk-nuernberg.de\/antworten\/wp-content\/uploads\/sites\/19\/2018\/02\/04.06-GNM_Medaille-Kramer_02.png\" data-title=\"Germanisches Nationalmuseum: Preismedaille f\u00fcr Theodor von Kramer auf der Weltausstellung in Chicago von 1893.\" title=\"Germanisches Nationalmuseum: Preismedaille f\u00fcr Theodor von Kramer auf der Weltausstellung in Chicago von 1893.\" rel=\"noreferrer\" data-rel=\"iLightbox[gallery_image_1]\" class=\"fusion-lightbox\" target=\"_self\"><div style=\"background-image:url(https:\/\/wp2.ihk-nuernberg.de\/antworten\/wp-content\/uploads\/sites\/19\/2018\/02\/04.06-GNM_Medaille-Kramer_02.png);padding-top:calc((100% + 10px) * 0.8 - 5px);background-position:;\" class=\"fusion-masonry-element-container\"><img decoding=\"async\" src=\"https:\/\/wp2.ihk-nuernberg.de\/antworten\/wp-content\/uploads\/sites\/19\/2018\/02\/04.06-GNM_Medaille-Kramer_02.png\" width=\"1920\" height=\"1920\" alt=\"\" title=\"Germanisches Nationalmuseum: Preismedaille f\u00fcr Theodor von Kramer auf der Weltausstellung in Chicago von 1893.\" aria-label=\"Germanisches Nationalmuseum: Preismedaille f\u00fcr Theodor von Kramer auf der Weltausstellung in Chicago von 1893.\" class=\"img-responsive wp-image-12444\" srcset=\"https:\/\/wp2.ihk-nuernberg.de\/antworten\/wp-content\/uploads\/sites\/19\/2018\/02\/04.06-GNM_Medaille-Kramer_02-150x150.png 150w, https:\/\/wp2.ihk-nuernberg.de\/antworten\/wp-content\/uploads\/sites\/19\/2018\/02\/04.06-GNM_Medaille-Kramer_02-300x300.png 300w, https:\/\/wp2.ihk-nuernberg.de\/antworten\/wp-content\/uploads\/sites\/19\/2018\/02\/04.06-GNM_Medaille-Kramer_02-768x768.png 768w, https:\/\/wp2.ihk-nuernberg.de\/antworten\/wp-content\/uploads\/sites\/19\/2018\/02\/04.06-GNM_Medaille-Kramer_02-1024x1024.png 1024w, https:\/\/wp2.ihk-nuernberg.de\/antworten\/wp-content\/uploads\/sites\/19\/2018\/02\/04.06-GNM_Medaille-Kramer_02-1536x1536.png 1536w, https:\/\/wp2.ihk-nuernberg.de\/antworten\/wp-content\/uploads\/sites\/19\/2018\/02\/04.06-GNM_Medaille-Kramer_02.png 1920w\" sizes=\"(max-width: 1920px) 100vw, 1920px\" \/><\/div><\/a><\/div><\/div><div style=\"padding:5px;\" class=\"fusion-grid-column fusion-gallery-column fusion-gallery-column-3 hover-type-zoomin fusion-element-portrait\"><div class=\"fusion-gallery-image\"><a href=\"https:\/\/wp2.ihk-nuernberg.de\/antworten\/wp-content\/uploads\/sites\/19\/2018\/02\/04.12-Worlds-Columbian-Exposition-1893-Chicago-Ill-scaled.jpg\" data-title=\"Lageplan der Weltausstellung 1893 in Chicago\" title=\"Lageplan der Weltausstellung 1893 in Chicago\" rel=\"noreferrer\" data-rel=\"iLightbox[gallery_image_1]\" class=\"fusion-lightbox\" target=\"_self\"><div style=\"background-image:url(https:\/\/wp2.ihk-nuernberg.de\/antworten\/wp-content\/uploads\/sites\/19\/2018\/02\/04.12-Worlds-Columbian-Exposition-1893-Chicago-Ill-scaled.jpg);padding-top:calc((100% + 10px) * 1.6);background-position:;\" class=\"fusion-masonry-element-container\"><img decoding=\"async\" src=\"https:\/\/wp2.ihk-nuernberg.de\/antworten\/wp-content\/uploads\/sites\/19\/2018\/02\/04.12-Worlds-Columbian-Exposition-1893-Chicago-Ill-scaled.jpg\" width=\"1678\" height=\"2560\" alt=\"\" title=\"Lageplan der Weltausstellung 1893 in Chicago\" aria-label=\"Lageplan der Weltausstellung 1893 in Chicago\" class=\"img-responsive wp-image-12450\" srcset=\"https:\/\/wp2.ihk-nuernberg.de\/antworten\/wp-content\/uploads\/sites\/19\/2018\/02\/04.12-Worlds-Columbian-Exposition-1893-Chicago-Ill-197x300.jpg 197w, https:\/\/wp2.ihk-nuernberg.de\/antworten\/wp-content\/uploads\/sites\/19\/2018\/02\/04.12-Worlds-Columbian-Exposition-1893-Chicago-Ill-671x1024.jpg 671w, https:\/\/wp2.ihk-nuernberg.de\/antworten\/wp-content\/uploads\/sites\/19\/2018\/02\/04.12-Worlds-Columbian-Exposition-1893-Chicago-Ill-768x1172.jpg 768w, https:\/\/wp2.ihk-nuernberg.de\/antworten\/wp-content\/uploads\/sites\/19\/2018\/02\/04.12-Worlds-Columbian-Exposition-1893-Chicago-Ill-1007x1536.jpg 1007w, https:\/\/wp2.ihk-nuernberg.de\/antworten\/wp-content\/uploads\/sites\/19\/2018\/02\/04.12-Worlds-Columbian-Exposition-1893-Chicago-Ill-1342x2048.jpg 1342w, https:\/\/wp2.ihk-nuernberg.de\/antworten\/wp-content\/uploads\/sites\/19\/2018\/02\/04.12-Worlds-Columbian-Exposition-1893-Chicago-Ill-scaled.jpg 1678w\" sizes=\"(max-width: 1678px) 100vw, 1678px\" \/><\/div><\/a><\/div><\/div><div style=\"padding:5px;\" class=\"fusion-grid-column fusion-gallery-column fusion-gallery-column-3 hover-type-zoomin fusion-element-landscape\"><div class=\"fusion-gallery-image\"><a href=\"https:\/\/wp2.ihk-nuernberg.de\/antworten\/wp-content\/uploads\/sites\/19\/2018\/02\/04.07-Unknown_PD_Exposition_Universelle_1867.jpg\" data-title=\"32 L\u00e4nder mit insgesamt 52.200 Ausstellern nahmen an der Weltausstellung 1867 in Paris teil. Neuheiten waren zum Beispiel der hydraulische Fahrstuhl und Stahlbeton.\" title=\"32 L\u00e4nder mit insgesamt 52.200 Ausstellern nahmen an der Weltausstellung 1867 in Paris teil. Neuheiten waren zum Beispiel der hydraulische Fahrstuhl und Stahlbeton.\" rel=\"noreferrer\" data-rel=\"iLightbox[gallery_image_1]\" class=\"fusion-lightbox\" target=\"_self\"><div style=\"background-image:url(https:\/\/wp2.ihk-nuernberg.de\/antworten\/wp-content\/uploads\/sites\/19\/2018\/02\/04.07-Unknown_PD_Exposition_Universelle_1867.jpg);padding-top:calc((100% + 10px) * 0.4 - 5px);background-position:;\" class=\"fusion-masonry-element-container\"><img decoding=\"async\" src=\"https:\/\/wp2.ihk-nuernberg.de\/antworten\/wp-content\/uploads\/sites\/19\/2018\/02\/04.07-Unknown_PD_Exposition_Universelle_1867.jpg\" width=\"1920\" height=\"870\" alt=\"\" title=\"32 L\u00e4nder mit insgesamt 52.200 Ausstellern nahmen an der Weltausstellung 1867 in Paris teil. Neuheiten waren zum Beispiel der hydraulische Fahrstuhl und Stahlbeton.\" aria-label=\"32 L\u00e4nder mit insgesamt 52.200 Ausstellern nahmen an der Weltausstellung 1867 in Paris teil. Neuheiten waren zum Beispiel der hydraulische Fahrstuhl und Stahlbeton.\" class=\"img-responsive wp-image-12445\" srcset=\"https:\/\/wp2.ihk-nuernberg.de\/antworten\/wp-content\/uploads\/sites\/19\/2018\/02\/04.07-Unknown_PD_Exposition_Universelle_1867-300x136.jpg 300w, https:\/\/wp2.ihk-nuernberg.de\/antworten\/wp-content\/uploads\/sites\/19\/2018\/02\/04.07-Unknown_PD_Exposition_Universelle_1867-768x348.jpg 768w, https:\/\/wp2.ihk-nuernberg.de\/antworten\/wp-content\/uploads\/sites\/19\/2018\/02\/04.07-Unknown_PD_Exposition_Universelle_1867-1024x464.jpg 1024w, https:\/\/wp2.ihk-nuernberg.de\/antworten\/wp-content\/uploads\/sites\/19\/2018\/02\/04.07-Unknown_PD_Exposition_Universelle_1867-1536x696.jpg 1536w, https:\/\/wp2.ihk-nuernberg.de\/antworten\/wp-content\/uploads\/sites\/19\/2018\/02\/04.07-Unknown_PD_Exposition_Universelle_1867.jpg 1920w\" sizes=\"(max-width: 1920px) 100vw, 1920px\" \/><\/div><\/a><\/div><\/div><div style=\"padding:5px;\" class=\"fusion-grid-column fusion-gallery-column fusion-gallery-column-3 hover-type-zoomin fusion-element-grid\"><div class=\"fusion-gallery-image\"><a href=\"https:\/\/wp2.ihk-nuernberg.de\/antworten\/wp-content\/uploads\/sites\/19\/2018\/02\/04.08-Unknown_PD_Ferris-wheel_chicago_1893.jpg\" data-title=\"Ferris Wheel &#8211; das erste Riesenrad von George Washington Gale Ferris.\" title=\"Ferris Wheel &#8211; das erste Riesenrad von George Washington Gale Ferris.\" rel=\"noreferrer\" data-rel=\"iLightbox[gallery_image_1]\" class=\"fusion-lightbox\" target=\"_self\"><div style=\"background-image:url(https:\/\/wp2.ihk-nuernberg.de\/antworten\/wp-content\/uploads\/sites\/19\/2018\/02\/04.08-Unknown_PD_Ferris-wheel_chicago_1893.jpg);padding-top:calc((100% + 10px) * 0.8 - 5px);background-position:;\" class=\"fusion-masonry-element-container\"><img decoding=\"async\" src=\"https:\/\/wp2.ihk-nuernberg.de\/antworten\/wp-content\/uploads\/sites\/19\/2018\/02\/04.08-Unknown_PD_Ferris-wheel_chicago_1893.jpg\" width=\"800\" height=\"592\" alt=\"\" title=\"Ferris Wheel &#8211; das erste Riesenrad von George Washington Gale Ferris.\" aria-label=\"Ferris Wheel &#8211; das erste Riesenrad von George Washington Gale Ferris.\" class=\"img-responsive wp-image-12446\" srcset=\"https:\/\/wp2.ihk-nuernberg.de\/antworten\/wp-content\/uploads\/sites\/19\/2018\/02\/04.08-Unknown_PD_Ferris-wheel_chicago_1893-300x222.jpg 300w, https:\/\/wp2.ihk-nuernberg.de\/antworten\/wp-content\/uploads\/sites\/19\/2018\/02\/04.08-Unknown_PD_Ferris-wheel_chicago_1893-768x568.jpg 768w, https:\/\/wp2.ihk-nuernberg.de\/antworten\/wp-content\/uploads\/sites\/19\/2018\/02\/04.08-Unknown_PD_Ferris-wheel_chicago_1893.jpg 800w\" sizes=\"(max-width: 800px) 100vw, 800px\" \/><\/div><\/a><\/div><\/div><div style=\"padding:5px;\" class=\"fusion-grid-column fusion-gallery-column fusion-gallery-column-3 hover-type-zoomin fusion-element-portrait\"><div class=\"fusion-gallery-image\"><a href=\"https:\/\/wp2.ihk-nuernberg.de\/antworten\/wp-content\/uploads\/sites\/19\/2018\/02\/04.16-GNM_Georg-Janssen_Reklameblatt_Faber_1855-scaled.jpg\" data-title=\"Germanisches Nationalmuseum: Georg Jan\u00dfen, Reklameblatt der Bleistiftfabrik A. W. Faber in N\u00fcrnberg, 1855\" title=\"Germanisches Nationalmuseum: Georg Jan\u00dfen, Reklameblatt der Bleistiftfabrik A. W. Faber in N\u00fcrnberg, 1855\" rel=\"noreferrer\" data-rel=\"iLightbox[gallery_image_1]\" class=\"fusion-lightbox\" target=\"_self\"><div style=\"background-image:url(https:\/\/wp2.ihk-nuernberg.de\/antworten\/wp-content\/uploads\/sites\/19\/2018\/02\/04.16-GNM_Georg-Janssen_Reklameblatt_Faber_1855-scaled.jpg);padding-top:calc((100% + 10px) * 1.6);background-position:;\" class=\"fusion-masonry-element-container\"><img decoding=\"async\" src=\"https:\/\/wp2.ihk-nuernberg.de\/antworten\/wp-content\/uploads\/sites\/19\/2018\/02\/04.16-GNM_Georg-Janssen_Reklameblatt_Faber_1855-scaled.jpg\" width=\"1366\" height=\"2560\" alt=\"\" title=\"Germanisches Nationalmuseum: Georg Jan\u00dfen, Reklameblatt der Bleistiftfabrik A. W. Faber in N\u00fcrnberg, 1855\" aria-label=\"Germanisches Nationalmuseum: Georg Jan\u00dfen, Reklameblatt der Bleistiftfabrik A. W. Faber in N\u00fcrnberg, 1855\" class=\"img-responsive wp-image-12510\" srcset=\"https:\/\/wp2.ihk-nuernberg.de\/antworten\/wp-content\/uploads\/sites\/19\/2018\/02\/04.16-GNM_Georg-Janssen_Reklameblatt_Faber_1855-160x300.jpg 160w, https:\/\/wp2.ihk-nuernberg.de\/antworten\/wp-content\/uploads\/sites\/19\/2018\/02\/04.16-GNM_Georg-Janssen_Reklameblatt_Faber_1855-547x1024.jpg 547w, https:\/\/wp2.ihk-nuernberg.de\/antworten\/wp-content\/uploads\/sites\/19\/2018\/02\/04.16-GNM_Georg-Janssen_Reklameblatt_Faber_1855-768x1439.jpg 768w, https:\/\/wp2.ihk-nuernberg.de\/antworten\/wp-content\/uploads\/sites\/19\/2018\/02\/04.16-GNM_Georg-Janssen_Reklameblatt_Faber_1855-820x1536.jpg 820w, https:\/\/wp2.ihk-nuernberg.de\/antworten\/wp-content\/uploads\/sites\/19\/2018\/02\/04.16-GNM_Georg-Janssen_Reklameblatt_Faber_1855-1093x2048.jpg 1093w, https:\/\/wp2.ihk-nuernberg.de\/antworten\/wp-content\/uploads\/sites\/19\/2018\/02\/04.16-GNM_Georg-Janssen_Reklameblatt_Faber_1855-scaled.jpg 1366w\" sizes=\"(max-width: 1366px) 100vw, 1366px\" \/><\/div><\/a><\/div><\/div><div style=\"padding:5px;\" class=\"fusion-grid-column fusion-gallery-column fusion-gallery-column-3 hover-type-zoomin fusion-element-grid\"><div class=\"fusion-gallery-image\"><a href=\"https:\/\/wp2.ihk-nuernberg.de\/antworten\/wp-content\/uploads\/sites\/19\/2018\/02\/04.09-Unknown_PD_Weltausstellung-chicago_brockhaus.jpg\" data-title=\"Weltausstellung 1893 in Chicago aus der Vogelperspektive\" title=\"Weltausstellung 1893 in Chicago aus der Vogelperspektive\" rel=\"noreferrer\" data-rel=\"iLightbox[gallery_image_1]\" class=\"fusion-lightbox\" target=\"_self\"><div style=\"background-image:url(https:\/\/wp2.ihk-nuernberg.de\/antworten\/wp-content\/uploads\/sites\/19\/2018\/02\/04.09-Unknown_PD_Weltausstellung-chicago_brockhaus.jpg);padding-top:calc((100% + 10px) * 0.8 - 5px);background-position:;\" class=\"fusion-masonry-element-container\"><img decoding=\"async\" src=\"https:\/\/wp2.ihk-nuernberg.de\/antworten\/wp-content\/uploads\/sites\/19\/2018\/02\/04.09-Unknown_PD_Weltausstellung-chicago_brockhaus.jpg\" width=\"1920\" height=\"1166\" alt=\"\" title=\"Weltausstellung 1893 in Chicago aus der Vogelperspektive\" aria-label=\"Weltausstellung 1893 in Chicago aus der Vogelperspektive\" class=\"img-responsive wp-image-12447\" srcset=\"https:\/\/wp2.ihk-nuernberg.de\/antworten\/wp-content\/uploads\/sites\/19\/2018\/02\/04.09-Unknown_PD_Weltausstellung-chicago_brockhaus-300x182.jpg 300w, https:\/\/wp2.ihk-nuernberg.de\/antworten\/wp-content\/uploads\/sites\/19\/2018\/02\/04.09-Unknown_PD_Weltausstellung-chicago_brockhaus-768x466.jpg 768w, https:\/\/wp2.ihk-nuernberg.de\/antworten\/wp-content\/uploads\/sites\/19\/2018\/02\/04.09-Unknown_PD_Weltausstellung-chicago_brockhaus-1024x622.jpg 1024w, https:\/\/wp2.ihk-nuernberg.de\/antworten\/wp-content\/uploads\/sites\/19\/2018\/02\/04.09-Unknown_PD_Weltausstellung-chicago_brockhaus-1536x933.jpg 1536w, https:\/\/wp2.ihk-nuernberg.de\/antworten\/wp-content\/uploads\/sites\/19\/2018\/02\/04.09-Unknown_PD_Weltausstellung-chicago_brockhaus.jpg 1920w\" sizes=\"(max-width: 1920px) 100vw, 1920px\" \/><\/div><\/a><\/div><\/div><div style=\"padding:5px;\" class=\"fusion-grid-column fusion-gallery-column fusion-gallery-column-3 hover-type-zoomin fusion-element-grid\"><div class=\"fusion-gallery-image\"><a href=\"https:\/\/wp2.ihk-nuernberg.de\/antworten\/wp-content\/uploads\/sites\/19\/2018\/02\/04.02-Centennial_photographic_Company_PD_Philadelphia_-_Expo_Philadelphia_1876.jpg\" data-title=\"Stereoskopisches Bild der italienischen Abteilung auf der Weltausstellung 1876 in Philadelphia\" title=\"Stereoskopisches Bild der italienischen Abteilung auf der Weltausstellung 1876 in Philadelphia\" rel=\"noreferrer\" data-rel=\"iLightbox[gallery_image_1]\" class=\"fusion-lightbox\" target=\"_self\"><div style=\"background-image:url(https:\/\/wp2.ihk-nuernberg.de\/antworten\/wp-content\/uploads\/sites\/19\/2018\/02\/04.02-Centennial_photographic_Company_PD_Philadelphia_-_Expo_Philadelphia_1876.jpg);padding-top:calc((100% + 10px) * 0.8 - 5px);background-position:;\" class=\"fusion-masonry-element-container\"><img decoding=\"async\" src=\"https:\/\/wp2.ihk-nuernberg.de\/antworten\/wp-content\/uploads\/sites\/19\/2018\/02\/04.02-Centennial_photographic_Company_PD_Philadelphia_-_Expo_Philadelphia_1876.jpg\" width=\"1057\" height=\"639\" alt=\"\" title=\"Stereoskopisches Bild der italienischen Abteilung auf der Weltausstellung 1876 in Philadelphia\" aria-label=\"Stereoskopisches Bild der italienischen Abteilung auf der Weltausstellung 1876 in Philadelphia\" class=\"img-responsive wp-image-12452\" srcset=\"https:\/\/wp2.ihk-nuernberg.de\/antworten\/wp-content\/uploads\/sites\/19\/2018\/02\/04.02-Centennial_photographic_Company_PD_Philadelphia_-_Expo_Philadelphia_1876-300x181.jpg 300w, https:\/\/wp2.ihk-nuernberg.de\/antworten\/wp-content\/uploads\/sites\/19\/2018\/02\/04.02-Centennial_photographic_Company_PD_Philadelphia_-_Expo_Philadelphia_1876-768x464.jpg 768w, https:\/\/wp2.ihk-nuernberg.de\/antworten\/wp-content\/uploads\/sites\/19\/2018\/02\/04.02-Centennial_photographic_Company_PD_Philadelphia_-_Expo_Philadelphia_1876-1024x619.jpg 1024w, https:\/\/wp2.ihk-nuernberg.de\/antworten\/wp-content\/uploads\/sites\/19\/2018\/02\/04.02-Centennial_photographic_Company_PD_Philadelphia_-_Expo_Philadelphia_1876.jpg 1057w\" sizes=\"(max-width: 1057px) 100vw, 1057px\" \/><\/div><\/a><\/div><\/div><\/div><\/div><\/div><\/div><\/div><\/div><div class=\"fusion-fullwidth fullwidth-box fusion-builder-row-5 fusion-flex-container nonhundred-percent-fullwidth non-hundred-percent-height-scrolling\" style=\"--awb-border-radius-top-left:0px;--awb-border-radius-top-right:0px;--awb-border-radius-bottom-right:0px;--awb-border-radius-bottom-left:0px;--awb-flex-wrap:wrap;\" ><div class=\"fusion-builder-row fusion-row fusion-flex-align-items-flex-start fusion-flex-content-wrap\" style=\"max-width:1144px;margin-left: calc(-4% \/ 2 );margin-right: calc(-4% \/ 2 );\"><div class=\"fusion-layout-column fusion_builder_column fusion-builder-column-7 fusion_builder_column_1_1 1_1 fusion-flex-column\" style=\"--awb-bg-size:cover;--awb-width-large:100%;--awb-margin-top-large:0px;--awb-spacing-right-large:1.92%;--awb-margin-bottom-large:0px;--awb-spacing-left-large:1.92%;--awb-width-medium:100%;--awb-spacing-right-medium:1.92%;--awb-spacing-left-medium:1.92%;--awb-width-small:100%;--awb-spacing-right-small:1.92%;--awb-spacing-left-small:1.92%;\"><div class=\"fusion-column-wrapper fusion-flex-justify-content-flex-start fusion-content-layout-column\"><\/div><\/div><div class=\"fusion-layout-column fusion_builder_column fusion-builder-column-8 fusion_builder_column_1_2 1_2 fusion-flex-column\" style=\"--awb-bg-size:cover;--awb-width-large:50%;--awb-margin-top-large:0px;--awb-spacing-right-large:3.84%;--awb-margin-bottom-large:0px;--awb-spacing-left-large:3.84%;--awb-width-medium:100%;--awb-spacing-right-medium:1.92%;--awb-spacing-left-medium:1.92%;--awb-width-small:100%;--awb-spacing-right-small:1.92%;--awb-spacing-left-small:1.92%;\"><div class=\"fusion-column-wrapper fusion-flex-justify-content-flex-start fusion-content-layout-column\"><ul style=\"--awb-size:13px;--awb-line-height:22.1px;--awb-icon-width:22.1px;--awb-icon-height:22.1px;--awb-icon-margin:9.1px;--awb-content-margin:31.2px;\" class=\"fusion-checklist fusion-checklist-1 fusion-checklist-default type-icons\"><li class=\"fusion-li-item\" style=\"\"><span class=\"icon-wrapper circle-no\"><i class=\"fusion-li-icon fa fa-chevron-right\" aria-hidden=\"true\"><\/i><\/span><div class=\"fusion-li-item-content\"><a href=\"http:\/\/www.presseclub-nuernberg.de\/\" target=\"_blank\" rel=\"noopener\">Presseclub N\u00fcrnberg e.V.<\/a><br \/>\nDer Presseclub hat seinen Sitz im ehemaligen Gewerbemuseum der Wirtschaft in N\u00fcrnberg<\/div><\/li><li class=\"fusion-li-item\" style=\"\"><span class=\"icon-wrapper circle-no\"><i class=\"fusion-li-icon fa fa-chevron-right\" aria-hidden=\"true\"><\/i><\/span><div class=\"fusion-li-item-content\"><a href=\"https:\/\/worldexpositions.info\/geschichte.html\" target=\"_blank\" rel=\"noopener\">Geschichte der Weltausstellungen<\/a><br \/>\nHistorische Informationen und Bilder aller Weltausstellungen von 1851 &#8211; 2000<\/div><\/li><li class=\"fusion-li-item\" style=\"\"><span class=\"icon-wrapper circle-no\"><i class=\"fusion-li-icon fa fa-chevron-right\" aria-hidden=\"true\"><\/i><\/span><div class=\"fusion-li-item-content\"><a href=\"https:\/\/www.ihk-nuernberg.de\/de\/Geschaeftsbereiche\/international\/\" target=\"_blank\" rel=\"noopener\">IHK N\u00fcrnberg f\u00fcr Mittelfranken &#8211; Gesch\u00e4ftsbereich International<\/a><br \/>\nUnser Service zur F\u00f6rderung und Festigung der au\u00dfenwirtschaftlichen Beziehungen<\/div><\/li><li class=\"fusion-li-item\" style=\"\"><span class=\"icon-wrapper circle-no\"><i class=\"fusion-li-icon fa fa-chevron-right\" aria-hidden=\"true\"><\/i><\/span><div class=\"fusion-li-item-content\"><a href=\"https:\/\/www.bayern-international.de\/\" target=\"_blank\" rel=\"noopener\">Bayern International<\/a><br \/>\nService f\u00fcr Ihren Exporterfolg<\/div><\/li><\/ul><div class=\"fusion-title title fusion-title-2 fusion-sep-none fusion-title-text fusion-title-size-three\" style=\"--awb-margin-top-small:0px;--awb-margin-right-small:0px;--awb-margin-bottom-small:20px;--awb-margin-left-small:0px;\"><h3 class=\"fusion-title-heading title-heading-left fusion-responsive-typography-calculated\" style=\"margin:0;text-transform:none;--fontSize:22;line-height:1.41;\">Mehr zum Thema<\/h3><\/div><\/div><\/div><div class=\"fusion-layout-column fusion_builder_column fusion-builder-column-9 fusion_builder_column_1_2 1_2 fusion-flex-column\" style=\"--awb-bg-size:cover;--awb-width-large:50%;--awb-margin-top-large:0px;--awb-spacing-right-large:3.84%;--awb-margin-bottom-large:0px;--awb-spacing-left-large:3.84%;--awb-width-medium:100%;--awb-spacing-right-medium:1.92%;--awb-spacing-left-medium:1.92%;--awb-width-small:100%;--awb-spacing-right-small:1.92%;--awb-spacing-left-small:1.92%;\"><div class=\"fusion-column-wrapper fusion-flex-justify-content-flex-start fusion-content-layout-column\"><div class=\"fusion-title title fusion-title-3 fusion-sep-none fusion-title-text fusion-title-size-three\" style=\"--awb-margin-top-small:0px;--awb-margin-right-small:0px;--awb-margin-bottom-small:20px;--awb-margin-left-small:0px;\"><h3 class=\"fusion-title-heading title-heading-left fusion-responsive-typography-calculated\" style=\"margin:0;text-transform:none;--fontSize:22;line-height:1.41;\">Diese Geschichte in der WiM<\/h3><\/div><div class=\"fusion-text fusion-text-7\"><p><strong>Leistungsschau<\/strong>\u00a0\u2013 Internationale Kontakte aufbauen &#8211; das machte die IHK bereits bei den legend\u00e4ren Weltausstellungen im 19. Jahrhundert.<\/p>\n<\/div><ul style=\"--awb-size:13px;--awb-line-height:22.1px;--awb-icon-width:22.1px;--awb-icon-height:22.1px;--awb-icon-margin:9.1px;--awb-content-margin:31.2px;\" class=\"fusion-checklist fusion-checklist-2 fusion-checklist-default type-icons\"><li class=\"fusion-li-item\" style=\"\"><span class=\"icon-wrapper circle-no\"><i class=\"fusion-li-icon awb-icon-check\" aria-hidden=\"true\"><\/i><\/span><div class=\"fusion-li-item-content\">\n<p><a href=\"https:\/\/www.wim-magazin.de\/frontend\/getcatalog.do?catalogId=728024&amp;catalogVersion=1&amp;lang=de#page_40\" target=\"_blank\" rel=\"noopener\">Im Bl\u00e4tterkatalog<\/a><\/p>\n<\/div><\/li><li class=\"fusion-li-item\" style=\"\"><span class=\"icon-wrapper circle-no\"><i class=\"fusion-li-icon awb-icon-check\" aria-hidden=\"true\"><\/i><\/span><div class=\"fusion-li-item-content\">\n<p><a href=\"https:\/\/wp2.ihk-nuernberg.de\/antworten\/wp-content\/uploads\/sites\/19\/2024\/10\/Leistungsschau.pdf\" target=\"_blank\" rel=\"noopener\">Als PDF<\/a><\/p>\n<\/div><\/li><\/ul><\/div><\/div><\/div><\/div><\/p>\n","protected":false},"excerpt":{"rendered":"","protected":false},"author":2,"featured_media":0,"parent":12239,"menu_order":0,"comment_status":"closed","ping_status":"closed","template":"100-width.php","meta":{"footnotes":""},"class_list":["post-12324","page","type-page","status-publish","hentry"],"_links":{"self":[{"href":"https:\/\/wp2.ihk-nuernberg.de\/antworten\/wp-json\/wp\/v2\/pages\/12324","targetHints":{"allow":["GET"]}}],"collection":[{"href":"https:\/\/wp2.ihk-nuernberg.de\/antworten\/wp-json\/wp\/v2\/pages"}],"about":[{"href":"https:\/\/wp2.ihk-nuernberg.de\/antworten\/wp-json\/wp\/v2\/types\/page"}],"author":[{"embeddable":true,"href":"https:\/\/wp2.ihk-nuernberg.de\/antworten\/wp-json\/wp\/v2\/users\/2"}],"replies":[{"embeddable":true,"href":"https:\/\/wp2.ihk-nuernberg.de\/antworten\/wp-json\/wp\/v2\/comments?post=12324"}],"version-history":[{"count":3,"href":"https:\/\/wp2.ihk-nuernberg.de\/antworten\/wp-json\/wp\/v2\/pages\/12324\/revisions"}],"predecessor-version":[{"id":15270,"href":"https:\/\/wp2.ihk-nuernberg.de\/antworten\/wp-json\/wp\/v2\/pages\/12324\/revisions\/15270"}],"up":[{"embeddable":true,"href":"https:\/\/wp2.ihk-nuernberg.de\/antworten\/wp-json\/wp\/v2\/pages\/12239"}],"wp:attachment":[{"href":"https:\/\/wp2.ihk-nuernberg.de\/antworten\/wp-json\/wp\/v2\/media?parent=12324"}],"curies":[{"name":"wp","href":"https:\/\/api.w.org\/{rel}","templated":true}]}}