{"id":12322,"date":"2018-03-05T11:09:11","date_gmt":"2018-03-05T10:09:11","guid":{"rendered":"http:\/\/blogs.ihk-nuernberg.de\/antworten\/?page_id=12322"},"modified":"2024-10-10T12:56:53","modified_gmt":"2024-10-10T10:56:53","slug":"wirtschaft-verbindet","status":"publish","type":"page","link":"https:\/\/wp2.ihk-nuernberg.de\/antworten\/geschichte-woher-wir-kommen-und-wohin-wir-gehen\/wirtschaft-verbindet\/","title":{"rendered":"Wirtschaft verbindet"},"content":{"rendered":"<p><div class=\"fusion-fullwidth fullwidth-box fusion-builder-row-1 fusion-flex-container nonhundred-percent-fullwidth non-hundred-percent-height-scrolling\" style=\"--awb-border-radius-top-left:0px;--awb-border-radius-top-right:0px;--awb-border-radius-bottom-right:0px;--awb-border-radius-bottom-left:0px;--awb-flex-wrap:wrap;\" ><div class=\"fusion-builder-row fusion-row fusion-flex-align-items-flex-start fusion-flex-content-wrap\" style=\"max-width:1144px;margin-left: calc(-4% \/ 2 );margin-right: calc(-4% \/ 2 );\"><div class=\"fusion-layout-column fusion_builder_column fusion-builder-column-0 fusion_builder_column_1_1 1_1 fusion-flex-column\" style=\"--awb-bg-size:cover;--awb-width-large:100%;--awb-margin-top-large:0px;--awb-spacing-right-large:1.92%;--awb-margin-bottom-large:0px;--awb-spacing-left-large:1.92%;--awb-width-medium:100%;--awb-spacing-right-medium:1.92%;--awb-spacing-left-medium:1.92%;--awb-width-small:100%;--awb-spacing-right-small:1.92%;--awb-spacing-left-small:1.92%;\"><div class=\"fusion-column-wrapper fusion-flex-justify-content-flex-start fusion-content-layout-column\"><div class=\"fusion-image-element \" style=\"text-align:center;--awb-caption-title-font-family:var(--h2_typography-font-family);--awb-caption-title-font-weight:var(--h2_typography-font-weight);--awb-caption-title-font-style:var(--h2_typography-font-style);--awb-caption-title-size:var(--h2_typography-font-size);--awb-caption-title-transform:var(--h2_typography-text-transform);--awb-caption-title-line-height:var(--h2_typography-line-height);--awb-caption-title-letter-spacing:var(--h2_typography-letter-spacing);\"><span class=\" fusion-imageframe imageframe-none imageframe-1 hover-type-none fusion-animated\" data-animationType=\"fadeInUp\" data-animationDuration=\"1.0\" data-animationOffset=\"top-into-view\"><a href=\"https:\/\/wp2.ihk-nuernberg.de\/antworten\/wp-content\/uploads\/sites\/19\/2018\/02\/03.05-Sandro-Schroeder-CC-BY-2.jpg\" class=\"fusion-lightbox\" data-rel=\"iLightbox[1]\" data-title=\"Brandenburger Tor\" title=\"Brandenburger Tor\"><img decoding=\"async\" width=\"1200\" height=\"354\" src=\"https:\/\/wp2.ihk-nuernberg.de\/antworten\/wp-content\/uploads\/sites\/19\/2018\/03\/03.01-Sandro-Schroeder-CC-BY-2_web-zuschnitt.jpg\" alt class=\"img-responsive wp-image-12773\" srcset=\"https:\/\/wp2.ihk-nuernberg.de\/antworten\/wp-content\/uploads\/sites\/19\/2018\/03\/03.01-Sandro-Schroeder-CC-BY-2_web-zuschnitt-300x89.jpg 300w, https:\/\/wp2.ihk-nuernberg.de\/antworten\/wp-content\/uploads\/sites\/19\/2018\/03\/03.01-Sandro-Schroeder-CC-BY-2_web-zuschnitt-768x227.jpg 768w, https:\/\/wp2.ihk-nuernberg.de\/antworten\/wp-content\/uploads\/sites\/19\/2018\/03\/03.01-Sandro-Schroeder-CC-BY-2_web-zuschnitt-1024x302.jpg 1024w, https:\/\/wp2.ihk-nuernberg.de\/antworten\/wp-content\/uploads\/sites\/19\/2018\/03\/03.01-Sandro-Schroeder-CC-BY-2_web-zuschnitt.jpg 1200w\" sizes=\"(max-width: 1200px) 100vw, 1200px\" \/><\/a><\/span><\/div><div class=\"fusion-text fusion-text-1\"><p style=\"text-align: right;\"><span class=\"copyright2\">Sandro Schroeder &#8211; CC BY 2.0<\/span><\/p>\n<\/div><div class=\"fusion-title title fusion-title-1 fusion-sep-none fusion-title-text fusion-title-size-one\" style=\"--awb-margin-top-small:0px;--awb-margin-right-small:0px;--awb-margin-bottom-small:20px;--awb-margin-left-small:0px;\"><h1 class=\"fusion-title-heading title-heading-left fusion-responsive-typography-calculated\" style=\"margin:0;text-transform:none;--fontSize:64;line-height:1.5;\">Wirtschaft verbindet<\/h1><\/div><div class=\"fusion-text fusion-text-2\"><p>Weizenbier und Burgunder, Deutschland und la France \u2013 heute geht das perfekt zusammen. Unmittelbar nach dem Zweiten Weltkrieg ist das nat\u00fcrlich anders. In diplomatisch und wirtschaftlich schwierigen Zeiten setzt sich die IHK N\u00fcrnberg f\u00fcr eine Ann\u00e4herung an den einstigen Kriegsgegner ein.<\/p>\n<\/div><\/div><\/div><\/div><\/div><div class=\"fusion-fullwidth fullwidth-box fusion-builder-row-2 fusion-flex-container nonhundred-percent-fullwidth non-hundred-percent-height-scrolling\" style=\"--awb-border-radius-top-left:0px;--awb-border-radius-top-right:0px;--awb-border-radius-bottom-right:0px;--awb-border-radius-bottom-left:0px;--awb-flex-wrap:wrap;\" ><div class=\"fusion-builder-row fusion-row fusion-flex-align-items-flex-start fusion-flex-content-wrap\" style=\"max-width:1144px;margin-left: calc(-4% \/ 2 );margin-right: calc(-4% \/ 2 );\"><div class=\"fusion-layout-column fusion_builder_column fusion-builder-column-1 fusion_builder_column_1_3 1_3 fusion-flex-column\" style=\"--awb-bg-size:cover;--awb-width-large:33.333333333333%;--awb-margin-top-large:0px;--awb-spacing-right-large:5.76%;--awb-margin-bottom-large:0px;--awb-spacing-left-large:5.76%;--awb-width-medium:100%;--awb-spacing-right-medium:1.92%;--awb-spacing-left-medium:1.92%;--awb-width-small:100%;--awb-spacing-right-small:1.92%;--awb-spacing-left-small:1.92%;\"><div class=\"fusion-column-wrapper fusion-flex-justify-content-flex-start fusion-content-layout-column\"><div class=\"fusion-image-element \" style=\"text-align:left;--awb-caption-title-font-family:var(--h2_typography-font-family);--awb-caption-title-font-weight:var(--h2_typography-font-weight);--awb-caption-title-font-style:var(--h2_typography-font-style);--awb-caption-title-size:var(--h2_typography-font-size);--awb-caption-title-transform:var(--h2_typography-text-transform);--awb-caption-title-line-height:var(--h2_typography-line-height);--awb-caption-title-letter-spacing:var(--h2_typography-letter-spacing);\"><span class=\" fusion-imageframe imageframe-none imageframe-2 hover-type-zoomin fusion-animated\" data-animationType=\"fadeInLeft\" data-animationDuration=\"1.0\" data-animationOffset=\"top-into-view\"><a href=\"https:\/\/wp2.ihk-nuernberg.de\/antworten\/wp-content\/uploads\/sites\/19\/2018\/02\/03.03-Heinz-Geitner_Saar-nostalgie_Grenze_Kaplaneihof_web.jpg\" class=\"fusion-lightbox\" data-rel=\"iLightbox[1]\" data-caption=\"Grenz\u00fcbergang Kaplaneihof zwischen Rheinland-Pfalz und dem von Frankreich kontrollierten Saarland.\" data-title=\"Grenzen zwischen Frankreich und Deutschland\" title=\"Grenzen zwischen Frankreich und Deutschland\"><img decoding=\"async\" width=\"1295\" height=\"1000\" src=\"https:\/\/wp2.ihk-nuernberg.de\/antworten\/wp-content\/uploads\/sites\/19\/2018\/02\/03.03-Heinz-Geitner_Saar-nostalgie_Grenze_Kaplaneihof_web.jpg\" alt class=\"img-responsive wp-image-12457\" srcset=\"https:\/\/wp2.ihk-nuernberg.de\/antworten\/wp-content\/uploads\/sites\/19\/2018\/02\/03.03-Heinz-Geitner_Saar-nostalgie_Grenze_Kaplaneihof_web-300x232.jpg 300w, https:\/\/wp2.ihk-nuernberg.de\/antworten\/wp-content\/uploads\/sites\/19\/2018\/02\/03.03-Heinz-Geitner_Saar-nostalgie_Grenze_Kaplaneihof_web-768x593.jpg 768w, https:\/\/wp2.ihk-nuernberg.de\/antworten\/wp-content\/uploads\/sites\/19\/2018\/02\/03.03-Heinz-Geitner_Saar-nostalgie_Grenze_Kaplaneihof_web-1024x791.jpg 1024w, https:\/\/wp2.ihk-nuernberg.de\/antworten\/wp-content\/uploads\/sites\/19\/2018\/02\/03.03-Heinz-Geitner_Saar-nostalgie_Grenze_Kaplaneihof_web.jpg 1295w\" sizes=\"(max-width: 1295px) 100vw, 1295px\" \/><\/a><\/span><\/div><div class=\"fusion-text fusion-text-3\"><p style=\"text-align: left;\"><span class=\"copyright2\">Heinz Geitner<\/span><\/p>\n<\/div><\/div><\/div><div class=\"fusion-layout-column fusion_builder_column fusion-builder-column-2 fusion_builder_column_2_3 2_3 fusion-flex-column fusion-animated\" style=\"--awb-bg-size:cover;--awb-width-large:66.666666666667%;--awb-margin-top-large:0px;--awb-spacing-right-large:2.88%;--awb-margin-bottom-large:0px;--awb-spacing-left-large:2.88%;--awb-width-medium:100%;--awb-spacing-right-medium:1.92%;--awb-spacing-left-medium:1.92%;--awb-width-small:100%;--awb-spacing-right-small:1.92%;--awb-spacing-left-small:1.92%;\" data-animationType=\"fadeInRight\" data-animationDuration=\"1.0\" data-animationOffset=\"top-into-view\"><div class=\"fusion-column-wrapper fusion-flex-justify-content-flex-start fusion-content-layout-column\"><div class=\"fusion-text fusion-text-4\"><p>Spielzeug, Metallbearbeitungsmaschinen, Pinsel und Stifte, selbst Hopfen aus N\u00fcrnberg werden bis Ende der 1930er Jahre in gro\u00dfem Umfang nach Frankreich exportiert. Die IHK N\u00fcrnberg hat sich seit jeher daf\u00fcr eingesetzt, den Handel mit dem franz\u00f6sischen Nachbarn zu f\u00f6rdern. Nach dem Zweiten Weltkrieg ist dies umso mehr der Fall, wobei sie auf politischer Seite von der Stadt N\u00fcrnberg unterst\u00fctzt wird. In einem Schreiben an den Oberb\u00fcrgermeister der Stadt bekr\u00e4ftigt die Handelskammer am 3. Juni 1949 nochmals ihr Vorhaben, wieder franz\u00f6sische Waren einf\u00fchren zu wollen und betont das steigende Interesse Frankreichs an Wirtschaftsbeziehungen zu Westdeutschland. Dazu richtet die IHK sogar einen \u201eArbeitskreis Frankreich\u201c ein.<\/p>\n<\/div><\/div><\/div><\/div><\/div><div class=\"fusion-fullwidth fullwidth-box fusion-builder-row-3 fusion-flex-container nonhundred-percent-fullwidth non-hundred-percent-height-scrolling\" style=\"--awb-border-sizes-top:0px;--awb-border-sizes-bottom:0px;--awb-border-sizes-left:0px;--awb-border-sizes-right:0px;--awb-border-color:#666666;--awb-border-radius-top-left:0px;--awb-border-radius-top-right:0px;--awb-border-radius-bottom-right:0px;--awb-border-radius-bottom-left:0px;--awb-flex-wrap:wrap;\" ><div class=\"fusion-builder-row fusion-row fusion-flex-align-items-flex-start fusion-flex-content-wrap\" style=\"max-width:1144px;margin-left: calc(-4% \/ 2 );margin-right: calc(-4% \/ 2 );\"><div class=\"fusion-layout-column fusion_builder_column fusion-builder-column-3 fusion_builder_column_1_3 1_3 fusion-flex-column fusion-animated\" style=\"--awb-bg-size:cover;--awb-width-large:33.333333333333%;--awb-margin-top-large:0px;--awb-spacing-right-large:5.76%;--awb-margin-bottom-large:0px;--awb-spacing-left-large:5.76%;--awb-width-medium:100%;--awb-spacing-right-medium:1.92%;--awb-spacing-left-medium:1.92%;--awb-width-small:100%;--awb-spacing-right-small:1.92%;--awb-spacing-left-small:1.92%;\" data-animationType=\"fadeInUp\" data-animationDuration=\"1.0\" data-animationOffset=\"top-into-view\"><div class=\"fusion-column-wrapper fusion-flex-justify-content-flex-start fusion-content-layout-column\"><div class=\"fusion-image-element \" style=\"text-align:left;--awb-caption-title-font-family:var(--h2_typography-font-family);--awb-caption-title-font-weight:var(--h2_typography-font-weight);--awb-caption-title-font-style:var(--h2_typography-font-style);--awb-caption-title-size:var(--h2_typography-font-size);--awb-caption-title-transform:var(--h2_typography-text-transform);--awb-caption-title-line-height:var(--h2_typography-line-height);--awb-caption-title-letter-spacing:var(--h2_typography-letter-spacing);\"><span class=\" fusion-imageframe imageframe-none imageframe-3 hover-type-zoomin\"><a href=\"https:\/\/wp2.ihk-nuernberg.de\/antworten\/wp-content\/uploads\/sites\/19\/2018\/02\/03.05-B-145-Bild-00012938_Adenauer_de_Gaulle_Elysee.jpg\" class=\"fusion-lightbox\" data-rel=\"iLightbox[1]\" data-caption=\"Am 22. Januar 1963 unterzeichnen Staatspr\u00e4sident Charles de Gaulle und Bundeskanzler Konrad Adenauer den Elys\u00e9e-Vertrag, der eine neue \u00c4ra zwischen den L\u00e4ndern einl\u00e4utet.\" data-title=\"Deutsch-Franz\u00f6sischer Freundschaftsvertrag\" title=\"Deutsch-Franz\u00f6sischer Freundschaftsvertrag\"><img decoding=\"async\" width=\"1920\" height=\"1424\" src=\"https:\/\/wp2.ihk-nuernberg.de\/antworten\/wp-content\/uploads\/sites\/19\/2018\/02\/03.05-B-145-Bild-00012938_Adenauer_de_Gaulle_Elysee.jpg\" alt class=\"img-responsive wp-image-12597\" srcset=\"https:\/\/wp2.ihk-nuernberg.de\/antworten\/wp-content\/uploads\/sites\/19\/2018\/02\/03.05-B-145-Bild-00012938_Adenauer_de_Gaulle_Elysee-300x223.jpg 300w, https:\/\/wp2.ihk-nuernberg.de\/antworten\/wp-content\/uploads\/sites\/19\/2018\/02\/03.05-B-145-Bild-00012938_Adenauer_de_Gaulle_Elysee-768x570.jpg 768w, https:\/\/wp2.ihk-nuernberg.de\/antworten\/wp-content\/uploads\/sites\/19\/2018\/02\/03.05-B-145-Bild-00012938_Adenauer_de_Gaulle_Elysee-1024x759.jpg 1024w, https:\/\/wp2.ihk-nuernberg.de\/antworten\/wp-content\/uploads\/sites\/19\/2018\/02\/03.05-B-145-Bild-00012938_Adenauer_de_Gaulle_Elysee-1536x1139.jpg 1536w, https:\/\/wp2.ihk-nuernberg.de\/antworten\/wp-content\/uploads\/sites\/19\/2018\/02\/03.05-B-145-Bild-00012938_Adenauer_de_Gaulle_Elysee.jpg 1920w\" sizes=\"(max-width: 1920px) 100vw, 1920px\" \/><\/a><\/span><\/div><div class=\"fusion-text fusion-text-5\"><p style=\"text-align: left;\"><span class=\"copyright2\">Bundesarchiv, B145 Bild-00012938<\/span><\/p>\n<\/div><\/div><\/div><div class=\"fusion-layout-column fusion_builder_column fusion-builder-column-4 fusion_builder_column_1_3 1_3 fusion-flex-column fusion-animated\" style=\"--awb-bg-size:cover;--awb-width-large:33.333333333333%;--awb-margin-top-large:0px;--awb-spacing-right-large:5.76%;--awb-margin-bottom-large:0px;--awb-spacing-left-large:5.76%;--awb-width-medium:100%;--awb-spacing-right-medium:1.92%;--awb-spacing-left-medium:1.92%;--awb-width-small:100%;--awb-spacing-right-small:1.92%;--awb-spacing-left-small:1.92%;\" data-animationType=\"fadeInUp\" data-animationDuration=\"1.0\" data-animationOffset=\"top-into-view\"><div class=\"fusion-column-wrapper fusion-flex-justify-content-flex-start fusion-content-layout-column\"><div class=\"fusion-image-element \" style=\"text-align:left;--awb-caption-title-font-family:var(--h2_typography-font-family);--awb-caption-title-font-weight:var(--h2_typography-font-weight);--awb-caption-title-font-style:var(--h2_typography-font-style);--awb-caption-title-size:var(--h2_typography-font-size);--awb-caption-title-transform:var(--h2_typography-text-transform);--awb-caption-title-line-height:var(--h2_typography-line-height);--awb-caption-title-letter-spacing:var(--h2_typography-letter-spacing);\"><span class=\" fusion-imageframe imageframe-none imageframe-4 hover-type-zoomin\"><a href=\"https:\/\/wp2.ihk-nuernberg.de\/antworten\/wp-content\/uploads\/sites\/19\/2018\/02\/03.02-Fotolia_rook76_22496489_L_web.jpg\" class=\"fusion-lightbox\" data-rel=\"iLightbox[1]\" data-caption=\"Briefmarke von 1988 zum 25-j\u00e4hrigen Jubil\u00e4um des Elys\u00e9e-Vertrags und der damit beginnenden deutsch-franz\u00f6sischen Freundschaft.\" data-title=\"Briefmarke, Deutsche Bundespost\" title=\"Briefmarke, Deutsche Bundespost\"><img decoding=\"async\" width=\"1920\" height=\"1180\" src=\"https:\/\/wp2.ihk-nuernberg.de\/antworten\/wp-content\/uploads\/sites\/19\/2018\/02\/03.02-Fotolia_rook76_22496489_L_web.jpg\" alt class=\"img-responsive wp-image-12456\" srcset=\"https:\/\/wp2.ihk-nuernberg.de\/antworten\/wp-content\/uploads\/sites\/19\/2018\/02\/03.02-Fotolia_rook76_22496489_L_web-300x184.jpg 300w, https:\/\/wp2.ihk-nuernberg.de\/antworten\/wp-content\/uploads\/sites\/19\/2018\/02\/03.02-Fotolia_rook76_22496489_L_web-768x472.jpg 768w, https:\/\/wp2.ihk-nuernberg.de\/antworten\/wp-content\/uploads\/sites\/19\/2018\/02\/03.02-Fotolia_rook76_22496489_L_web-1024x629.jpg 1024w, https:\/\/wp2.ihk-nuernberg.de\/antworten\/wp-content\/uploads\/sites\/19\/2018\/02\/03.02-Fotolia_rook76_22496489_L_web-1536x944.jpg 1536w, https:\/\/wp2.ihk-nuernberg.de\/antworten\/wp-content\/uploads\/sites\/19\/2018\/02\/03.02-Fotolia_rook76_22496489_L_web.jpg 1920w\" sizes=\"(max-width: 1920px) 100vw, 1920px\" \/><\/a><\/span><\/div><div class=\"fusion-text fusion-text-6\"><p style=\"text-align: left;\"><span class=\"copyright2\">rook76 &#8211; Fotolia.com<\/span><\/p>\n<\/div><\/div><\/div><div class=\"fusion-layout-column fusion_builder_column fusion-builder-column-5 fusion_builder_column_1_3 1_3 fusion-flex-column fusion-animated\" style=\"--awb-bg-size:cover;--awb-width-large:33.333333333333%;--awb-margin-top-large:0px;--awb-spacing-right-large:5.76%;--awb-margin-bottom-large:0px;--awb-spacing-left-large:5.76%;--awb-width-medium:100%;--awb-spacing-right-medium:1.92%;--awb-spacing-left-medium:1.92%;--awb-width-small:100%;--awb-spacing-right-small:1.92%;--awb-spacing-left-small:1.92%;\" data-animationType=\"fadeInUp\" data-animationDuration=\"1.0\" data-animationOffset=\"top-into-view\"><div class=\"fusion-column-wrapper fusion-flex-justify-content-flex-start fusion-content-layout-column\"><div class=\"fusion-image-element \" style=\"text-align:left;--awb-caption-title-font-family:var(--h2_typography-font-family);--awb-caption-title-font-weight:var(--h2_typography-font-weight);--awb-caption-title-font-style:var(--h2_typography-font-style);--awb-caption-title-size:var(--h2_typography-font-size);--awb-caption-title-transform:var(--h2_typography-text-transform);--awb-caption-title-line-height:var(--h2_typography-line-height);--awb-caption-title-letter-spacing:var(--h2_typography-letter-spacing);\"><span class=\" fusion-imageframe imageframe-none imageframe-5 hover-type-zoomin\"><a href=\"https:\/\/wp2.ihk-nuernberg.de\/antworten\/wp-content\/uploads\/sites\/19\/2018\/03\/03.06-Stadtarchiv-Nuernberg-A40_L_446_F2_50.jpg\" class=\"fusion-lightbox\" data-rel=\"iLightbox[1]\" data-caption=\"N\u00fcrnberger B\u00fcrgermeister Andreas Urschlechter mit Teilnehmern des ersten Sch\u00fcleraustauschs von 1958 zwischen dem Wirtschaftsgymnasium N\u00fcrnberg und zwei weiteren Oberrealschulen der Stadt und dem Lyc\u00e9e Mass\u00e9na aus Nizza.\" data-title=\"Erste Ann\u00e4herungen zwischen deutschen und franz\u00f6sischen Jugendlichen\" title=\"Erste Ann\u00e4herungen zwischen deutschen und franz\u00f6sischen Jugendlichen\"><img decoding=\"async\" width=\"1920\" height=\"1216\" src=\"https:\/\/wp2.ihk-nuernberg.de\/antworten\/wp-content\/uploads\/sites\/19\/2018\/03\/03.06-Stadtarchiv-Nuernberg-A40_L_446_F2_50.jpg\" alt class=\"img-responsive wp-image-13619\" srcset=\"https:\/\/wp2.ihk-nuernberg.de\/antworten\/wp-content\/uploads\/sites\/19\/2018\/03\/03.06-Stadtarchiv-Nuernberg-A40_L_446_F2_50-300x190.jpg 300w, https:\/\/wp2.ihk-nuernberg.de\/antworten\/wp-content\/uploads\/sites\/19\/2018\/03\/03.06-Stadtarchiv-Nuernberg-A40_L_446_F2_50-768x486.jpg 768w, https:\/\/wp2.ihk-nuernberg.de\/antworten\/wp-content\/uploads\/sites\/19\/2018\/03\/03.06-Stadtarchiv-Nuernberg-A40_L_446_F2_50-1024x649.jpg 1024w, https:\/\/wp2.ihk-nuernberg.de\/antworten\/wp-content\/uploads\/sites\/19\/2018\/03\/03.06-Stadtarchiv-Nuernberg-A40_L_446_F2_50-1536x973.jpg 1536w, https:\/\/wp2.ihk-nuernberg.de\/antworten\/wp-content\/uploads\/sites\/19\/2018\/03\/03.06-Stadtarchiv-Nuernberg-A40_L_446_F2_50.jpg 1920w\" sizes=\"(max-width: 1920px) 100vw, 1920px\" \/><\/a><\/span><\/div><div class=\"fusion-text fusion-text-7\"><p style=\"text-align: left;\"><span class=\"copyright2\">Stadtarchiv N\u00fcrnberg, A40 L 446 F2 50<\/span><\/p>\n<\/div><\/div><\/div><\/div><\/div><div class=\"fusion-fullwidth fullwidth-box fusion-builder-row-4 fusion-flex-container nonhundred-percent-fullwidth non-hundred-percent-height-scrolling\" style=\"--awb-border-radius-top-left:0px;--awb-border-radius-top-right:0px;--awb-border-radius-bottom-right:0px;--awb-border-radius-bottom-left:0px;--awb-flex-wrap:wrap;\" ><div class=\"fusion-builder-row fusion-row fusion-flex-align-items-flex-start fusion-flex-content-wrap\" style=\"max-width:1144px;margin-left: calc(-4% \/ 2 );margin-right: calc(-4% \/ 2 );\"><div class=\"fusion-layout-column fusion_builder_column fusion-builder-column-6 fusion_builder_column_1_1 1_1 fusion-flex-column fusion-animated\" style=\"--awb-bg-size:cover;--awb-width-large:100%;--awb-margin-top-large:0px;--awb-spacing-right-large:1.92%;--awb-margin-bottom-large:0px;--awb-spacing-left-large:1.92%;--awb-width-medium:100%;--awb-spacing-right-medium:1.92%;--awb-spacing-left-medium:1.92%;--awb-width-small:100%;--awb-spacing-right-small:1.92%;--awb-spacing-left-small:1.92%;\" data-animationType=\"fadeInUp\" data-animationDuration=\"1.0\" data-animationOffset=\"top-into-view\"><div class=\"fusion-column-wrapper fusion-flex-justify-content-flex-start fusion-content-layout-column\"><div class=\"fusion-text fusion-text-8\"><p>Nat\u00fcrlich gibt es Anlaufschwierigkeiten: Die Zahlung in Dollar erschwert den deutsch-franz\u00f6sischen Handel ebenso wie die Zur\u00fcckhaltung der amerikanischen Besatzungsmacht bei der Erteilung von Einfuhrgenehmigungen. Fr\u00e4nkische Kaufleute m\u00fcssen oft monatelang auf Einreisegenehmigungen nach Frankreich warten. Doch schrittweise normalisiert sich der Austausch. Ein wichtiger Meilenstein ist 1955 die Gr\u00fcndung Deutsch-Franz\u00f6sischen Auslandshandelskammer in Paris, die heute rund 850 Mitglieder z\u00e4hlt und das starke Band zwischen Frankreich und Deutschland festigt.<\/p>\n<\/div><\/div><\/div><\/div><\/div><div class=\"fusion-fullwidth fullwidth-box fusion-builder-row-5 fusion-flex-container nonhundred-percent-fullwidth non-hundred-percent-height-scrolling\" style=\"--awb-border-radius-top-left:0px;--awb-border-radius-top-right:0px;--awb-border-radius-bottom-right:0px;--awb-border-radius-bottom-left:0px;--awb-flex-wrap:wrap;\" ><div class=\"fusion-builder-row fusion-row fusion-flex-align-items-flex-start fusion-flex-content-wrap\" style=\"max-width:1144px;margin-left: calc(-4% \/ 2 );margin-right: calc(-4% \/ 2 );\"><div class=\"fusion-layout-column fusion_builder_column fusion-builder-column-7 fusion_builder_column_1_1 1_1 fusion-flex-column\" style=\"--awb-bg-size:cover;--awb-width-large:100%;--awb-margin-top-large:0px;--awb-spacing-right-large:1.92%;--awb-margin-bottom-large:0px;--awb-spacing-left-large:1.92%;--awb-width-medium:100%;--awb-spacing-right-medium:1.92%;--awb-spacing-left-medium:1.92%;--awb-width-small:100%;--awb-spacing-right-small:1.92%;--awb-spacing-left-small:1.92%;\"><div class=\"fusion-column-wrapper fusion-flex-justify-content-flex-start fusion-content-layout-column\"><\/div><\/div><div class=\"fusion-layout-column fusion_builder_column fusion-builder-column-8 fusion_builder_column_1_2 1_2 fusion-flex-column\" style=\"--awb-bg-size:cover;--awb-width-large:50%;--awb-margin-top-large:0px;--awb-spacing-right-large:3.84%;--awb-margin-bottom-large:0px;--awb-spacing-left-large:3.84%;--awb-width-medium:100%;--awb-spacing-right-medium:1.92%;--awb-spacing-left-medium:1.92%;--awb-width-small:100%;--awb-spacing-right-small:1.92%;--awb-spacing-left-small:1.92%;\"><div class=\"fusion-column-wrapper fusion-flex-justify-content-flex-start fusion-content-layout-column\"><div class=\"fusion-title title fusion-title-2 fusion-sep-none fusion-title-text fusion-title-size-three\" style=\"--awb-margin-top-small:0px;--awb-margin-right-small:0px;--awb-margin-bottom-small:20px;--awb-margin-left-small:0px;\"><h3 class=\"fusion-title-heading title-heading-left fusion-responsive-typography-calculated\" style=\"margin:0;text-transform:none;--fontSize:22;line-height:1.41;\">Mehr zum Thema<\/h3><\/div><ul style=\"--awb-size:13px;--awb-line-height:22.1px;--awb-icon-width:22.1px;--awb-icon-height:22.1px;--awb-icon-margin:9.1px;--awb-content-margin:31.2px;\" class=\"fusion-checklist fusion-checklist-1 fusion-checklist-default type-icons\"><li class=\"fusion-li-item\" style=\"\"><span class=\"icon-wrapper circle-no\"><i class=\"fusion-li-icon fa-chevron-right fas\" aria-hidden=\"true\"><\/i><\/span><div class=\"fusion-li-item-content\"><a href=\"https:\/\/www.ihk-nuernberg.de\/ihk-themen\/internationale-wirtschaft\" target=\"_blank\" rel=\"noopener\">IHK N\u00fcrnberg f\u00fcr Mittelfranken &#8211; Gesch\u00e4ftsbereich International<\/a><br \/>\nUnser Service zur F\u00f6rderung und Festigung der au\u00dfenwirtschaftlichen Beziehungen<\/div><\/li><li class=\"fusion-li-item\" style=\"\"><span class=\"icon-wrapper circle-no\"><i class=\"fusion-li-icon fa-chevron-right fas\" aria-hidden=\"true\"><\/i><\/span><div class=\"fusion-li-item-content\">\n<p><a href=\"https:\/\/www.francoallemand.com\/\" target=\"_blank\" rel=\"noopener\">AHK Frankreich<\/a><br \/>\nDie Auslandshandelskammer ist der Partner im deutsch-franz\u00f6sischen Markt<\/p>\n<\/div><\/li><\/ul><\/div><\/div><div class=\"fusion-layout-column fusion_builder_column fusion-builder-column-9 fusion_builder_column_1_2 1_2 fusion-flex-column\" style=\"--awb-bg-size:cover;--awb-width-large:50%;--awb-margin-top-large:0px;--awb-spacing-right-large:3.84%;--awb-margin-bottom-large:0px;--awb-spacing-left-large:3.84%;--awb-width-medium:100%;--awb-spacing-right-medium:1.92%;--awb-spacing-left-medium:1.92%;--awb-width-small:100%;--awb-spacing-right-small:1.92%;--awb-spacing-left-small:1.92%;\"><div class=\"fusion-column-wrapper fusion-flex-justify-content-flex-start fusion-content-layout-column\"><div class=\"fusion-title title fusion-title-3 fusion-sep-none fusion-title-text fusion-title-size-three\" style=\"--awb-margin-top-small:0px;--awb-margin-right-small:0px;--awb-margin-bottom-small:20px;--awb-margin-left-small:0px;\"><h3 class=\"fusion-title-heading title-heading-left fusion-responsive-typography-calculated\" style=\"margin:0;text-transform:none;--fontSize:22;line-height:1.41;\">Diese Geschichte in der WiM<\/h3><\/div><div class=\"fusion-text fusion-text-9\"><p><strong>Handel verbindet<\/strong> \u2013\u00a0Die IHK N\u00fcrnberg leistet nach dem Zweiten Weltkrieg ihren Beitrag zur deutsch-franz\u00f6sischen Freundschaft.<strong><br \/>\n<\/strong><\/p>\n<\/div><ul style=\"--awb-size:13px;--awb-line-height:22.1px;--awb-icon-width:22.1px;--awb-icon-height:22.1px;--awb-icon-margin:9.1px;--awb-content-margin:31.2px;\" class=\"fusion-checklist fusion-checklist-2 fusion-checklist-default type-icons\"><li class=\"fusion-li-item\" style=\"\"><span class=\"icon-wrapper circle-no\"><i class=\"fusion-li-icon awb-icon-check\" aria-hidden=\"true\"><\/i><\/span><div class=\"fusion-li-item-content\">\n<p><a href=\"https:\/\/www.wim-magazin.de\/frontend\/getcatalog.do?catalogId=728435&amp;catalogVersion=1&amp;lang=de#page_52\" target=\"_blank\" rel=\"noopener\">Im Bl\u00e4tterkatalog<\/a><\/p>\n<\/div><\/li><li class=\"fusion-li-item\" style=\"\"><span class=\"icon-wrapper circle-no\"><i class=\"fusion-li-icon awb-icon-check\" aria-hidden=\"true\"><\/i><\/span><div class=\"fusion-li-item-content\">\n<p><a href=\"https:\/\/wp2.ihk-nuernberg.de\/antworten\/wp-content\/uploads\/sites\/19\/2024\/10\/Handel-verbindet.pdf\">Als PDF-Dokument<\/a><\/p>\n<\/div><\/li><\/ul><\/div><\/div><\/div><\/div><\/p>\n","protected":false},"excerpt":{"rendered":"","protected":false},"author":2,"featured_media":0,"parent":12239,"menu_order":0,"comment_status":"closed","ping_status":"closed","template":"100-width.php","meta":{"footnotes":""},"class_list":["post-12322","page","type-page","status-publish","hentry"],"_links":{"self":[{"href":"https:\/\/wp2.ihk-nuernberg.de\/antworten\/wp-json\/wp\/v2\/pages\/12322","targetHints":{"allow":["GET"]}}],"collection":[{"href":"https:\/\/wp2.ihk-nuernberg.de\/antworten\/wp-json\/wp\/v2\/pages"}],"about":[{"href":"https:\/\/wp2.ihk-nuernberg.de\/antworten\/wp-json\/wp\/v2\/types\/page"}],"author":[{"embeddable":true,"href":"https:\/\/wp2.ihk-nuernberg.de\/antworten\/wp-json\/wp\/v2\/users\/2"}],"replies":[{"embeddable":true,"href":"https:\/\/wp2.ihk-nuernberg.de\/antworten\/wp-json\/wp\/v2\/comments?post=12322"}],"version-history":[{"count":3,"href":"https:\/\/wp2.ihk-nuernberg.de\/antworten\/wp-json\/wp\/v2\/pages\/12322\/revisions"}],"predecessor-version":[{"id":15248,"href":"https:\/\/wp2.ihk-nuernberg.de\/antworten\/wp-json\/wp\/v2\/pages\/12322\/revisions\/15248"}],"up":[{"embeddable":true,"href":"https:\/\/wp2.ihk-nuernberg.de\/antworten\/wp-json\/wp\/v2\/pages\/12239"}],"wp:attachment":[{"href":"https:\/\/wp2.ihk-nuernberg.de\/antworten\/wp-json\/wp\/v2\/media?parent=12322"}],"curies":[{"name":"wp","href":"https:\/\/api.w.org\/{rel}","templated":true}]}}